{"version":"1.0","provider_name":"Sport24","provider_url":"https:\/\/sport24.24.hu","author_name":"Bruckner G\u00e1bor","author_url":"https:\/\/sport24.24.hu\/author\/brucknerg\/","title":"K\u00e9kben angyal, v\u00f6r\u00f6sben \u00f6rd\u00f6g: Paul Pogba k\u00e9t arca","html":"L\u00e1tv\u00e1nyos cselek, szemk\u00e1pr\u00e1ztat\u00f3an pontos keresztlabd\u00e1k, agressz\u00edv p\u00e1rharcok \u00e9s szinte a k\u00e9perny\u0151r\u0151l leolvad\u00f3 jelenl\u00e9t: <strong>Pogba<\/strong> olyan felszabadultan j\u00e1tszott N\u00e9metorsz\u00e1g ellen az Eb csoportk\u00f6r\u00e9nek els\u0151 fordul\u00f3j\u00e1ban, hogy ezen azok is meglep\u0151dtek, akik heti szinten l\u00e1tj\u00e1k \u0151t futballozni. Sokak szerint Pogba jobban fest k\u00e9k mezben, mint v\u00f6r\u00f6s \u00f6rd\u00f6g\u00f6s c\u00edmerrel a dressz\u00e9n, ami miatt a Manchester United szurkol\u00f3i k\u00f6r\u00e9ben \u00fajra fel\u00fct\u00f6tte fej\u00e9t a szezon\u00e1lisan visszat\u00e9r\u0151, k\u00f6lt\u0151i k\u00e9rd\u00e9s: mi\u00e9rt nem j\u00e1tszik \u00edgy n\u00e1luk is? Mit csin\u00e1l m\u00e1sk\u00e9ppen a v\u00e1logatottban, mint a klubj\u00e1ban?\r\n<div class=\"payable-content-section\"><\/div>\r\nA f\u0151 k\u00fcl\u00f6nbs\u00e9g ebben a bizonyos \u00e1tkattan\u00e1sban keresend\u0151, ami nem egy semmib\u0151l, j\u00f6v\u0151 m\u00e1gikus pillanat, hanem sokkal ink\u00e1bb taktikai, ment\u00e1lis \u00e9s kapcsolati t\u00e9nyez\u0151k egy\u00fctt\u00e1ll\u00e1s\u00e1nak eredm\u00e9nye. Ezeket a t\u00e9nyez\u0151ket vessz\u00fck most v\u00e9gig.\r\n<h2>1. Neki sem ment mindig j\u00f3l a francia v\u00e1logatottban<\/h2>\r\nAz els\u0151 t\u00e9vhit, amit el kell oszlatni, hogy Pogba mindig is \u00edgy j\u00e1tszott a francia v\u00e1logatottban. Az igazs\u00e1g az, hogy a most 28 \u00e9ves j\u00e1t\u00e9kos sok\u00e1ig nehezen viselte az elv\u00e1r\u00e1sok s\u00faly\u00e1t. Igaz, nem indult rossz alapokkal: 2013-ig ifj\u00fas\u00e1gi v\u00e1logatott volt, ugyanabban az \u00e9vben U20-as vil\u00e1gbajnok lett, mik\u00f6zben 17 esztend\u0151s kor\u00e1t\u00f3l valamennyi koroszt\u00e1lyos nemzeti csapatban felt\u0171nt.\r\n\r\nM\u00e1sodik feln\u0151ttv\u00e1logatott-meccs\u00e9n r\u00f6gt\u00f6n \u00f6sszehozott egy piros lapot, m\u00edg az els\u0151 feln\u0151tt torn\u00e1j\u00e1n, a 2014-es vb-n Honduras ellen kifejezetten idegesen kezdett: v\u00e9gig fesz\u00fclt volt, k\u00e9tes kimenetel\u0171 p\u00e1rharcokat v\u00e1llalt, \u00e9s nehezen tal\u00e1lta a hely\u00e9t. \u00cdgy a k\u00f6vetkez\u0151, Sv\u00e1jc elleni tal\u00e1lkoz\u00f3n csak a kispadon kapott helyet. A neh\u00e9zkes start m\u00e9gsem akad\u00e1lyozta meg abban, hogy k\u00e9s\u0151bb ki\u00e9rdemelje a torna legjobb fiatal j\u00e1t\u00e9kosa c\u00edmet.\r\n\r\nK\u00e9t \u00e9vre r\u00e1 azonban m\u00e9g nehezebb lett a k\u00e9k mez.\r\n\r\n<span class=\"highlight-block\">Pogba megosztotta a szurkol\u00f3kat; <\/span>\r\n\r\negyesek az \u00faj <strong>Patrick Vieir\u00e1t,<\/strong> m\u00e1sok az \u00faj <strong>Zinedine Zidane-t<\/strong> l\u00e1tt\u00e1k benne, mindezt egy olyan korban, amelyben g\u00f6rcs\u00f6sen pr\u00f3b\u00e1lt\u00e1k elfelejteni a 2010-ben a j\u00e1t\u00e9kosok zend\u00fcl\u00e9s\u00e9ben kics\u00facsosod\u00f3, <strong>Raymond Domenech<\/strong> ir\u00e1ny\u00edt\u00e1sa alatt teljesen f\u00e9lresiklott korszakot.\r\n\r\nAz idegess\u00e9g olyannyira kitapinthat\u00f3 lett, hogy a 2016-os, a franci\u00e1k sz\u00e1m\u00e1ra hazai rendez\u00e9s\u0171 Eur\u00f3pa-bajnoks\u00e1g Rom\u00e1nia elleni nyit\u00f3meccs\u00e9n a<strong> Dimitri Payet<\/strong> gy\u0151ztes g\u00f3lj\u00e1t k\u00f6vet\u0151 \u00fcnnepl\u00e9s k\u00f6zben Pogba <a href=\"https:\/\/www.lexpress.fr\/actualite\/sport\/football\/le-bras-d-honneur-de-paul-pogba-lors-de-l-euro_1803075.html\" target=\"_blank\" rel=\"noopener noreferrer\">l\u00e1tv\u00e1nyos karlend\u00edt\u00e9ssel<\/a> \u00fczente meg a sajt\u00f3p\u00e1holynak, hogy sz\u00edvesen l\u00e1tn\u00e1 az \u00fajs\u00e1g\u00edr\u00f3kat melegebb \u00e9gt\u00e1jakon. <strong>Didier Deschamps<\/strong> sz\u00f6vets\u00e9gi kapit\u00e1ny a meccs ut\u00e1n <a href=\"https:\/\/www.lefigaro.fr\/sports\/football\/euro-2016\/fil-info\/deschamps-aurait-recadre-pogba-809711\" target=\"_blank\" rel=\"noopener noreferrer\">komolyan elbesz\u00e9lgetett<\/a> a j\u00e1t\u00e9kossal, \u00e9s tudt\u00e1ra adta, hogy nem toler\u00e1lja \u201edilett\u00e1ns\u201d viselked\u00e9s\u00e9t. Egyben arra k\u00e9rte, hagyjon fel azzal, hogy \u201et\u00falbonyol\u00edtja az \u00e9let\u00e9t a p\u00e1ly\u00e1n\u201d. A k\u00f6vetkez\u0151, Alb\u00e1nia elleni tal\u00e1lkoz\u00f3n a kispadra ker\u00fclt.\r\n\r\nPogb\u00e1val kapcsolatban magasak voltak az elv\u00e1r\u00e1sok, amelyeknek egy ideig nem tudott megfelelni. A j\u00e1t\u00e9kos ker\u00fclte a m\u00e9di\u00e1t, nem jelent meg a sajt\u00f3t\u00e1j\u00e9koztat\u00f3kon, ezen azt\u00e1n maga Deschamps v\u00e1ltoztatott. <strong>Hugo Lloris<\/strong>, a franci\u00e1k csapatkapit\u00e1nya m\u00e9g ekkor is azt nyilatkozta, hogy \u201ePogb\u00e1nak t\u00f6bbet kell ny\u00fajtania, \u00e9s ezt \u0151 is tudja.\u201d Innen n\u00e9zve 2016 hirtelen eg\u00e9szen t\u00e1volinak t\u0171nik.\r\n<h2>2. Deschamps nemcsak keretek k\u00f6z\u00e9 szor\u00edtotta, hanem felel\u0151ss\u00e9ggel is felruh\u00e1zta \u0151t<\/h2>\r\nA francia sz\u00f6vets\u00e9gi kapit\u00e1ny kulcsfigura Pogba fejl\u0151d\u00e9s\u00e9ben. Ha le is nyesegette j\u00e1t\u00e9kosa vadhajt\u00e1sait, legink\u00e1bb arra buzd\u00edtotta, hogy v\u00e1llaljon t\u00f6bb felel\u0151ss\u00e9get.\r\n\r\n\u00c1m Pogba egy 2018-os nyilatkozat\u00e1ban m\u00e9g mindig <a href=\"https:\/\/www.sudouest.fr\/sport\/football\/coupe-du-monde\/paul-pogba-veut-etre-le-patron-de-l-equipe-de-france-mais-n-a-pas-les-cles-3031040.php\" target=\"_blank\" rel=\"noopener noreferrer\">arr\u00f3l besz\u00e9lt<\/a>, \u00fagy \u00e9rzi, nem teremtenek meg minden k\u00f6r\u00fclm\u00e9nyt ahhoz, hogy ki tudjon teljesedni.\r\n\r\n\u201eK\u00e9pes vagyok \u00e9n jobb \u00e9s bal oldalon is j\u00e1tszani, k\u00f6z\u00e9pp\u00e1ly\u00e1s sz\u0171r\u0151 is tudok lenni\u201d \u2013 mondta. \u201eB\u00e1rhol megtal\u00e1lom a helyemet, de ett\u0151l m\u00e9g nem a legjobbak a k\u00f6r\u00fclm\u00e9nyek. Olyan, mintha azt mondan\u00e1k, hogy tess\u00e9k, legy\u00e9l te a f\u0151n\u00f6k, de nem adom oda a szoba kulcs\u00e1t. Pedig \u00e9n f\u0151n\u00f6k akarok lenni, a francia csapat f\u0151n\u00f6ke. Nem azt mondom, hogy mindent miattam v\u00e1ltoztassanak meg, nem err\u0151l van sz\u00f3. Ha kell, jobbh\u00e1tv\u00e9det is j\u00e1tszom...\u201d\r\n\r\n[caption id=\"attachment_853\" align=\"aligncenter\" width=\"2000\"]<img class=\"wp-image-853 size-full\" src=\"https:\/\/sport24.24.hu\/app\/uploads\/sites\/24\/2021\/06\/000_9cb8hq.jpg\" alt=\"\" width=\"2000\" height=\"1396\" \/> Pogba \u00e9s Deschamps: f\u0151n\u00f6k\u00f6k egym\u00e1s k\u00f6z\u00f6tt[\/caption]\r\n\r\nA dilemma kett\u0151s volt: a francia v\u00e1logatott a 2018-as vil\u00e1gbajnoks\u00e1g el\u0151tt m\u00e9g kereste a v\u00e9gs\u0151 \u00f6sszet\u00e9tel\u00e9t, Pogb\u00e1nak pedig nem volt \u00e1lland\u00f3 szerepk\u00f6re a csapatban. Hol v\u00e9dekez\u0151 k\u00f6z\u00e9pp\u00e1ly\u00e1st j\u00e1tszott, hol feljebb tolt t\u00e1mad\u00f3t, ugyanakkor a bet\u00f6lt\u00f6tt poz\u00edci\u00f3 mellett legal\u00e1bb annyira fontos volt: mennyire mer sz\u00f3t k\u00e9rni az \u00f6lt\u00f6z\u0151ben?\r\n\r\nPogba \u00fagy v\u00e9li,\r\n\r\n<span class=\"highlight-block-small\">a 2018-as torn\u00e1ra \u00e9rtette meg, hogy neki kell fell\u00e9pnie, \u00e9s a felismer\u00e9st k\u00e9t ember hat\u00e1s\u00e1ra vezette vissza.<\/span>\r\n\r\nCsapatt\u00e1rsa, <strong>Blaise Matuidi<\/strong> a torna elej\u00e9n <a href=\"https:\/\/www.onzemondial.com\/euro-2021\/equipe-de-france-le-declic-qui-a-pousse-pogba-a-devenir-un-patron-des-bleus-640239\" target=\"_blank\" rel=\"noopener noreferrer\">arra k\u00e9rte<\/a>, hogy term\u00e9szete \u00e9s hajlama ellen\u00e9re v\u00e1llaljon t\u00f6bb megnyilv\u00e1nul\u00e1st a t\u00f6bbiek el\u0151tt, \u00e9s Deschamps is felk\u00e9rte \u0151t nem hivatalos jobbkez\u00e9nek. \u201eAzt mondtam Paulnak, hogy a tov\u00e1bbiakban \u00e9n besz\u00e9lek a teljes csapatnak, \u0151 pedig menjen oda mindenkihez, \u00e9s besz\u00e9lgessen el egyes\u00e9vel a j\u00e1t\u00e9kosokkal. K\u00e9rdezze meg, hogy \u00e9rzik magukat!\u201d \u2013 \u00edgy Deschamps.\r\n\r\nPogba vette a lapot. A 2018-as, francia gy\u0151zelemmel z\u00e1rult vb-n m\u00e1r b\u00e1tran, fesztelen\u00fcl \u00e1llt ki minden csapatgy\u0171l\u00e9sen, a d\u00f6nt\u0151 el\u0151tt tartott <a href=\"https:\/\/www.facebook.com\/omlettdufromage\/videos\/2191613827746993\" target=\"_blank\" rel=\"noopener noreferrer\">besz\u00e9de<\/a> pedig bej\u00e1rta a vil\u00e1gsajt\u00f3t.\r\n<h2>3. A v\u00e1logatottban olyanok veszik k\u00f6r\u00fcl, akik kieg\u00e9sz\u00edtik \u0151t, \u00e9s akikkel j\u00f3 elegyet alkot<\/h2>\r\nA United \u00e9s a francia v\u00e1logatott \u00f6sszehasonl\u00edt\u00e1s\u00e1t a k\u00fcl\u00f6nb\u00f6z\u0151 keret\u00f6sszet\u00e9telek szinte lehetetlenn\u00e9 teszik, \u00e1m felt\u0171n\u0151: a nemzeti egy\u00fcttesben Pogba t\u00f6bb olyan j\u00e1t\u00e9kos szerepel egy\u00fctt, aki kieg\u00e9sz\u00edti a k\u00e9pess\u00e9geit, \u00e9s beleillik a Deschamps \u00e1ltal elk\u00e9pzelt j\u00e1t\u00e9kkoncepci\u00f3ba.\r\n\r\nA K\u00e9kek 2018-ban a stabil v\u00e9dekez\u00e9sre \u00e9s a szuperszonikus t\u00e1mad\u00e1sbeli \u00e1tmenetekre \u00e9p\u00edtettek. Ha a fizikai k\u00e9pess\u00e9gek rendben voltak \u00e9s megmutatkozott a taktikai fegyelem, a csapat t\u00e1mad\u00e1saiban eg\u00e9szen pontosan le lehet \u00edrni mindenki szerep\u00e9t: <strong>Raphael Varane<\/strong> a labdakihozatal\u00e9rt felelt, Pogba\r\n\r\n<span class=\"highlight-block\">kil\u00f6v\u0151\u00e1llom\u00e1sk\u00e9nt m\u0171k\u00f6d\u00f6tt, <\/span>\r\n\r\n<strong>Antoine Griezmann<\/strong> \u00f6sszek\u00f6t\u0151 kapocsk\u00e9nt funkcion\u00e1lt, <strong>Kylian Mbapp\u00e9<\/strong> pedig rak\u00e9tak\u00e9nt falta a ter\u00fcleteket.\r\n\r\nPogba kimagasl\u00f3an j\u00f3 passzk\u00e9szs\u00e9g\u00e9re mindig akadt a vonalak k\u00f6z\u00f6tt mozg\u00f3 vagy ter\u00fcletbe fut\u00f3 fogad\u00f3f\u00e9l. R\u00e1ad\u00e1sul \u2013 mivel j\u00f3l b\u00edrja a nyom\u00e1st labd\u00e1val \u2013 b\u00e1rmikor k\u00e9pes egymag\u00e1ban is kedvez\u0151 szitu\u00e1ci\u00f3t teremteni, amelyben a t\u00e1rsak indul\u00e1sra k\u00e9szen \u00e1llnak. V\u00e9dekez\u00e9sben csak \u201eCs\u00e1k\u00e1nynak\u201d (La Pioche) bec\u00e9zik, mert b\u00e1rmikor k\u00e9pes kikaparni egy labd\u00e1t. Ha pedig \u00fagy d\u00f6nt, hogy feljebb l\u00e9p a t\u00e1mad\u00e1sban, mindig marad m\u00f6g\u00f6tte biztos\u00edtani egy-egy t\u00e1rs, aki felfoghatatlan mennyis\u00e9g\u0171 ter\u00fcletet k\u00e9pes lefedni a visszaz\u00e1r\u00e1skor (kor\u00e1bban Matuidire h\u00e1rult, most m\u00e1r <strong>N\u2019Golo Kant\u00e9nak<\/strong>\u00a0jut ez a szerep).\r\n\r\nNem mellesleg Pogba m\u00e1r <a href=\"https:\/\/www.foot-national.com\/coupe\/l-equipe-de-france-une-bouffee-d-air-pour-paul-pogba-613942\" target=\"_blank\" rel=\"noopener noreferrer\">j\u00f3l \u00e9rzi mag\u00e1t<\/a> a v\u00e1logatottban. \u201eAmikor bel\u00e9pek a csapat ajtaj\u00e1n, olyan, mintha egy ablak ny\u00edlna ki, igazi friss leveg\u0151 j\u00e1r \u00e1t. A t\u00f6bbiekkel a m\u00faltkor arr\u00f3l besz\u00e9lt\u00fcnk, milyen szerencs\u00e9sek vagyunk, hogy ez megadatik nek\u00fcnk. Mindannyian \u00f6r\u00fcl\u00fcnk egym\u00e1snak, a p\u00e1ly\u00e1n, mert im\u00e1dunk egy\u00fctt j\u00e1tszani. Nem mintha a klubjainkban nem lenn\u00e9k boldogok, csak itt kicsit m\u00e1s a helyzet. Olyan, mintha a csal\u00e1dommal lenn\u00e9k.\u201d\r\n<h2>4. A nagy torn\u00e1k form\u00e1tuma k\u00f6zelebb \u00e1ll hozz\u00e1, mint a hossz\u00fa h\u00f3napokig tart\u00f3 szezonok<\/h2>\r\n<strong>Draymond Green<\/strong>, a t\u00f6bbsz\u00f6r\u00f6s NBA-gy\u0151ztes Golden State Warriors kosarasa nyilatkozta egyszer azt, hogy \u201el\u00e9teznek a 82 meccses j\u00e1t\u00e9kosok, \u00e9s vannak a 16 meccses j\u00e1t\u00e9kosok.\u201d\r\n\r\nA Draymond-t\u00f6rv\u00e9nyk\u00e9nt is elh\u00edres\u00fclt kijelent\u00e9s szerint \u00e9les k\u00fcl\u00f6nbs\u00e9g van a kos\u00e1rlabdaszezonok alapszakasz\u00e1ban j\u00f3l teljes\u00edt\u0151 \u00e9s a r\u00e1j\u00e1tsz\u00e1sban a form\u00e1juk cs\u00facs\u00e1ra felp\u00f6rg\u0151 j\u00e1t\u00e9kosok k\u00f6z\u00f6tt. (Green \u2013 egyebek mellett ezen meg\u00e1llap\u00edt\u00e1s\u00e1nak k\u00f6sz\u00f6nhet\u0151en \u2013 a Warriors d\u00f6nt\u00e9shoz\u00f3ival k\u00f6z\u00f6sen vett r\u00e9szt az NBA-drafton, hogy az \u0151 szem\u00fcvegen kereszt\u00fcl is v\u00e1lassz\u00e1k ki a csapat \u00faj fiataljait).\r\n\r\nA kos\u00e1rlabd\u00e1s \u00e1thall\u00e1sst lefedik Didier Deschamps \u00e9s <strong>Jos\u00e9 Mourinho<\/strong> nyilatkozatai is. A francia sz\u00f6vets\u00e9gi kapit\u00e1ny szerint Pogba \u201emindig a nagy torn\u00e1kra ker\u00fcl cs\u00facsform\u00e1ba, mert im\u00e1dja a versenyt \u00e9s a kupasorozatokat.\u201d Kor\u00e1bbi edz\u0151je, Mourinho szerint\r\n<blockquote class=\"small-quote\">a vil\u00e1gbajnoki form\u00e1tum \u00e1ll a legjobban Paulnak.<\/blockquote>\r\nHogy mi\u00e9rt? Mert egy h\u00f3napig bubor\u00e9kban lehet, csak a focira tud figyelni. Eg\u00e9sz nap a csapattal van, elz\u00e1rva a k\u00fclvil\u00e1gt\u00f3l. A bajnoks\u00e1gban el\u0151fordulhat, hogy az egyik nap derbit j\u00e1tszol, majd n\u00e9h\u00e1ny napra r\u00e1 egy kis csapattal tal\u00e1lkozol, \u00e9s ez visszaveti a koncentr\u00e1ci\u00f3dat.\u201d\r\n\r\nKor\u00e1bbi nevel\u0151edz\u0151je, <strong>Michael Lebaillif<\/strong> is \u00e1rnyalja a k\u00e9pet. \u201eOlyan emberk\u00e9nt ismertem meg Pogb\u00e1t, akinek fontosak a kapcsolatok \u00e9s az elismer\u00e9s. Kell neki, hogy szeretve \u00e9rezze mag\u00e1t, k\u00f6zel legyen a st\u00e1bhoz \u00e9s a t\u00e1rsaihoz. A francia v\u00e1logatottban a bar\u00e1taival van egy\u00fctt, \u00f6sszez\u00e1rva egy szeretetbubor\u00e9kban, \u00e9s ez er\u0151sebb\u00e9 teszi.\u201d\r\n\r\n[caption id=\"attachment_851\" align=\"aligncenter\" width=\"2000\"]<img class=\"wp-image-851 size-full\" src=\"https:\/\/sport24.24.hu\/app\/uploads\/sites\/24\/2021\/06\/000_8xp2z2.jpg\" alt=\"\" width=\"2000\" height=\"1333\" \/> Ha elindul a labd\u00e1val, az semmit j\u00f3t nem \u00edg\u00e9r az ellenf\u00e9lnek[\/caption]\r\n<h2>5. Az id\u00e9n z\u00e1rult az oll\u00f3 a United \u00e9s a francia v\u00e1logatott k\u00f6z\u00f6tt<\/h2>\r\nKiss\u00e9 t\u00falz\u00f3 kritika Pogb\u00e1val szemben, hogy a Unitedn\u00e9l kifejezetten pocs\u00e9kul j\u00e1tszik, amit musz\u00e1j helyesb\u00edteni: az idei napt\u00e1ri \u00e9vben Pogba kifejezetten er\u0151s szezont futott.\r\n\r\n<strong>Ole Gunnar Solskjaer<\/strong> ir\u00e1ny\u00edt\u00e1sa alatt a United 4-2-3-1-es fel\u00e1ll\u00e1sra \u00e1llt \u00e1t, amelyben Pogba kezdetben a k\u00f6z\u00e9pp\u00e1ly\u00e1s duplasz\u0171r\u0151ben foglalt helyet <strong>Nemanja Matic<\/strong> mellett, k\u00e9s\u0151bb pedig bal oldali t\u00e1mad\u00f3k\u00e9nt lehetett kezd\u0151. A Villarreal ellen elvesz\u00edtett Eur\u00f3pa Liga-d\u00f6nt\u0151ben m\u00e9g a sz\u00e9tl\u00f6v\u00e9s el\u0151tt lecser\u00e9lt\u00e9k, ami hozz\u00e1j\u00e1rulhatott ahhoz, hogy negat\u00edvan \u00edt\u00e9lj\u00e9k meg a szezonj\u00e1t.\r\n\r\nHa Pogba el is l\u00e1tta a feladat\u00e1t bal oldali t\u00e1mad\u00f3k\u00e9nt, a Unitedn\u00e9l elker\u00fclhetetlen a k\u00e9rd\u00e9s: mi lesz \u00edgy a t\u00f6bbi t\u00e1mad\u00f3val? <strong>Marcus Rashford, Anthony Martial, Daniel James<\/strong> \u00e9s <strong>Mason Greenwood<\/strong> szem\u00e9ly\u00e9ben n\u00e9gy kiv\u00e1l\u00f3 adotts\u00e1g\u00fa sz\u00e9ls\u0151 k\u00f6z\u00fcl v\u00e1logathat a United, mik\u00f6zben, b\u00e1r a k\u00f6z\u00e9pp\u00e1ly\u00e1n Matic, <strong>Fred<\/strong> valamint <strong>Scott McTominay<\/strong> elt\u00e9r\u0151 profiljuk miatt t\u00f6bb vari\u00e1ci\u00f3s lehet\u0151s\u00e9get ny\u00fajt, ebben a csapatr\u00e9szben m\u00e9g megf\u00e9rne egy olyan k\u00f6z\u00e9pp\u00e1ly\u00e1s, aki Pogba hasonl\u00f3 pajzsak\u00e9nt tudna m\u0171k\u00f6dni, mint Kant\u00e9 a v\u00e1logatottban.\r\n\r\n<span class=\"highlight-block-small\">A United kerete teh\u00e1t m\u00e1s \u00f6sszet\u00e9tel\u0171, mint a francia v\u00e1logatott\u00e9, amelyben Pogba m\u00e9g mindig ink\u00e1bb szabadon mozgathat\u00f3 elem, mintsem \u00e1lland\u00f3 pill\u00e9re a csapatnak.<\/span>\r\n\r\nPogba teljes\u00edtm\u00e9ny\u00e9t egyszerre hat\u00e1rozz\u00e1k meg a k\u00f6r\u00fclm\u00e9nyek, a t\u00e1rsakkal \u00e9s az edz\u0151j\u00e9vel kialakult bizalmi k\u00f6tel\u00e9k, na meg a saj\u00e1t hozz\u00e1\u00e1ll\u00e1sa. Ha a United nem is tudja reproduk\u00e1lni a francia v\u00e1logatottban uralkod\u00f3 viszonyokat, nem \u00e1ll messze att\u00f3l, hogy egyik legjobb j\u00e1t\u00e9kos\u00e1b\u00f3l kihozza az \u00e1tkattan\u00e1st.\r\n\r\n[prefabricated_shortcode in_app=\"0\" code=\"%3Cdiv%20class%3D%22article_box_border%22%20style%3D%22background%3A%20url%28%27https%3A%2F%2F24.p3k.hu%2Fapp%2Fuploads%2Fsites%2F24%2F2021%2F05%2Fsport24-pattern.png%27%29%20no-repeat%20left%20-16px%20%23f3f3f4%3B%20border%3A%20none%3B%22%3E%0D%0A%3Cdiv%20class%3D%22article_solidheader%22%3E%0D%0A%3Ch2%20style%3D%22color%3A%20%23111115%21important%3B%20font-size%3A%2036px%3B%20font-weight%3A%20bold%3B%20margin-bottom%3A%2030px%3B%20margin-top%3A%2020px%3B%20text-align%3A%20center%3B%20line-height%3A%2036px%3B%22%3E%3Cimg%20class%3D%22aligncenter%20size-full%20wp-image-141%22%20src%3D%22https%3A%2F%2F24.p3k.hu%2Fapp%2Fuploads%2Fsites%2F24%2F2021%2F05%2Fs24-logo-dt.png%22%20alt%3D%22%22%20width%3D%22408%22%20height%3D%2290%22%20%2F%3E%3C%2Fh2%3E%0D%0A%3Ch2%20style%3D%22color%3A%20%23111115%21important%3B%20font-size%3A%2036px%3B%20font-weight%3A%20bold%3B%20margin-bottom%3A%2030px%3B%20margin-top%3A%2020px%3B%20text-align%3A%20center%3B%20line-height%3A%2040px%3B%22%3ECsatlakozz%20a%20Sport24%20k%C3%B6z%C3%B6ss%C3%A9ghez%2C%20mondd%20el%20v%C3%A9lem%C3%A9nyedet%20z%C3%A1rt%20Facebook-csoportunkban%2C%20%C3%A9s%20vegy%C3%A9l%20r%C3%A9szt%20csak%20el%C5%91fizet%C5%91knek%20el%C3%A9rhet%C5%91%20exkluz%C3%ADv%20esem%C3%A9nyeinken.%3C%2Fh2%3E%0D%0A%3C%2Fdiv%3E%0D%0A%3Cp%20style%3D%22background%3A%20%2357A600%3B%20margin-top%3A%2020px%3B%20padding%3A%2020px%3B%20text-align%3A%20center%3B%22%3E%3Ca%20style%3D%22color%3A%20%23ffffff%3B%20font-size%3A%2026px%3B%20font-weight%3A%20600%3B%22%20href%3D%22https%3A%2F%2Fwww.facebook.com%2Fgroups%2F212344460412327%22%3ECSATLAKOZOM%3C%2Fa%3E%3C%2Fp%3E%0D%0A%0D%0A%3C%2Fdiv%3E\"]","type":"rich","thumbnail_url":"https:\/\/s.24.hu\/app\/uploads\/sites\/24\/2021\/06\/gettyimages-1323010865_2-150x150.jpg","thumbnail_width":150,"thumbnail_height":150}