{"version":"1.0","provider_name":"Sport24","provider_url":"https:\/\/sport24.24.hu","author_name":"Bruckner G\u00e1bor","author_url":"https:\/\/sport24.24.hu\/author\/brucknerg\/","title":"Magyarorsz\u00e1g\u2013Portug\u00e1lia: ...\u00e9s akkor j\u00f6tt Renato Sanches","html":"\u201eA 84. percig nem kaptunk g\u00f3lt, azt\u00e1n viszont h\u00e1rmat is. Lehet g\u00f3lt kapni, de ut\u00e1na is meg kell \u0151rizni a tart\u00e1sunkat. Lehet, hogy van h\u00e1romg\u00f3lnyi k\u00fcl\u00f6nbs\u00e9g a k\u00e9t csapat k\u00f6z\u00f6tt, de ebben a form\u00e1ban f\u00e1j, hogy a 84. percben m\u00e9g 0-0 volt.\u201d \u00a0\u2013 fogalmazott <strong>Marco Rossi<\/strong> a Portug\u00e1lia ellen 3-0-ra elvesz\u00edtett m\u00e9rk\u0151z\u00e9s ut\u00e1n, \u00e9s ha \u00f6sszess\u00e9g\u00e9ben n\u00e9zz\u00fck a 90 percet, akkor ez a viszonylag nagy ar\u00e1ny\u00fa portug\u00e1l gy\u0151zelem is re\u00e1lisnak mondhat\u00f3, de azt b\u00e1tran ki lehet jelenteni, hogy <span class=\"highlight-block-small\">nem vallott sz\u00e9gyent a magyar v\u00e1logatott az Eur\u00f3pa-bajnoks\u00e1g hal\u00e1lcsoportj\u00e1nak els\u0151 meccs\u00e9n.<\/span>\r\n\r\nEl\u0151zetesen sokan azt v\u00e1rt\u00e1k, hogy a magyar csapatnak ezen a meccsen lesz a legnagyobb es\u00e9lye a pontszerz\u00e9sre annak ellen\u00e9re, hogy az elm\u00falt \u00e9vekben alaposan meger\u0151s\u00f6d\u00f6tt a portug\u00e1l v\u00e1logatott kerete. A 2016-os Eb-els\u0151s\u00e9g \u00f3ta t\u00f6bbek k\u00f6z\u00f6tt <strong>Bernardo Silva, Bruno Fernandes<\/strong>, vagy \u00e9pp <strong>Diogo Jota<\/strong> ker\u00fclt be a keretbe, nem is besz\u00e9lve a Premier League-ben az \u00e9v j\u00e1t\u00e9kos\u00e1nak megv\u00e1lasztott <strong>R\u00faben Diasr\u00f3l<\/strong>, na meg az ezt a meccset a kispadr\u00f3l v\u00e9gign\u00e9z\u0151 <strong>Joao F\u00e9lixr\u0151l<\/strong>.\r\n\r\nA kispadon azonban m\u00e9g mindig az a <strong>Fernando Santos<\/strong> \u00fcl, aki els\u0151sorban a biztons\u00e1gra helyezi a hangs\u00falyt. \u00c9s b\u00e1r a t\u00e1mad\u00f3sorban jelenl\u00e9v\u0151 min\u0151s\u00e9g miatt a portug\u00e1l csapat olykor k\u00e9pes \u00e1tg\u00e1zolni gyeng\u00e9bb ellenfelein, a Marco Rossi kezei alatt az elm\u00falt h\u00e1rom \u00e9vben rendk\u00edv\u00fcl szervezett\u00e9 v\u00e1l\u00f3 magyar v\u00e1logatott rem\u00e9nykedhetett abban, hogy k\u00e9pes lesz kimozd\u00edtani a komfortz\u00f3n\u00e1j\u00e1b\u00f3l j\u00f3val magasabb j\u00e1t\u00e9ker\u0151t k\u00e9pvisel\u0151 ellenfel\u00e9t.\r\n\r\nEnnek \u00e9rdek\u00e9ben Rossi nem is h\u00fazott v\u00e1ratlant, ami a kezd\u0151csapat \u00f6ssze\u00e1ll\u00edt\u00e1s\u00e1t illeti, \u00e9s a mostanra alaposan bej\u00e1ratott 3-5-2-es fel\u00e1ll\u00e1s mellett tette le a voks\u00e1t. Az \u00cdrorsz\u00e1g elleni, utols\u00f3 felk\u00e9sz\u00fcl\u00e9si meccshez k\u00e9pest is mind\u00f6ssze h\u00e1rom helyen v\u00e1ltozott a kezd\u0151, \u00edgy a kapuban term\u00e9szetesen <strong>Gul\u00e1csi P\u00e9ter<\/strong> \u00e1llt, a v\u00e9delem tengely\u00e9ben <strong>Willi Orban<\/strong> \u00e9s <strong>Szalai Attila<\/strong> mellett ez\u00fattal <strong>Botka Endre<\/strong> kapott lehet\u0151s\u00e9get, m\u00edg a sz\u00e1rnyv\u00e9d\u0151 poz\u00edci\u00f3ban <strong>Lovrencsics Gerg\u0151<\/strong> \u00e9s <strong>Fiola Attila<\/strong> szerepelt. <strong>Szoboszlai Dominik<\/strong> \u00e9s <strong>Kalm\u00e1r Zsolt<\/strong> s\u00e9r\u00fcl\u00e9se miatt a k\u00f6z\u00e9pp\u00e1lya okozta a legnagyobb fejt\u00f6r\u00e9st Rossinak, \u00e9s itt v\u00e9g\u00fcl a Ciprus \u00e9s \u00cdrorsz\u00e1g ellen meggy\u0151z\u0151 teljes\u00edtm\u00e9nyt ny\u00fajt\u00f3 <strong>Sch\u00e4fer Andr\u00e1s<\/strong> kezdett <strong>Nagy \u00c1d\u00e1m<\/strong> \u00e9s <strong>Kleinheisler L\u00e1szl\u00f3<\/strong> mellett. A csat\u00e1rkett\u0151s pedig szinte adta mag\u00e1t, a s\u00e9r\u00fcl\u00e9s\u00e9b\u0151l szerencs\u00e9re fel\u00e9p\u00fcl\u0151 <strong>Sallai Roland<\/strong> lett a csapatkapit\u00e1ny, <strong>Szalai \u00c1d\u00e1m<\/strong> p\u00e1rja.\r\n\r\nA m\u00e1sik oldalon szint\u00e9n nem tal\u00e1lkozhattunk t\u00fal nagy meglepet\u00e9ssel, Santos 4-3-3-as fel\u00e1ll\u00e1sban egy kiv\u00e9tellel az \u00e1ltala legink\u00e1bb prefer\u00e1lt tizenegyet k\u00fcldhette p\u00e1ly\u00e1ra. A kaput az AS Rom\u00e1val h\u00edrbe hozott <strong>Rui Patr\u00edcio<\/strong> \u0151rizte, el\u0151tte k\u00f6zvetlen\u00fcl \u2013 a csapat vez\u00e9regy\u00e9nis\u00e9gek\u00e9nt \u2013 a rutinos <strong>Pepe<\/strong> \u00e9s a Manchester Cityvel kiv\u00e1l\u00f3 id\u00e9nyt fut\u00f3 R\u00faben Dias j\u00e1tszott. A balh\u00e1tv\u00e9d a t\u00e1mad\u00e1sokat kiv\u00e1l\u00f3an seg\u00edt\u0151 <strong>Raphael Guerreiro<\/strong> lett, m\u00edg a m\u00e1sik oldalra a koronav\u00edrusos megbeteged\u00e9s miatt a keretb\u0151l is kiker\u00fcl\u0151 <strong>Joao Cancelo<\/strong> hely\u00e9re <strong>Nelson Semedo<\/strong> ker\u00fclt be.\r\n<div class=\"payable-content-section\"><\/div>\r\nSantos \u00f3vatos st\u00edlus\u00e1t pedig mi sem mutatja jobban, mint a t\u00e1mad\u00e1sokat seg\u00edteni kev\u00e9sb\u00e9 k\u00e9pes, de fizik\u00e1lisan kiv\u00e1l\u00f3 adotts\u00e1gokkal rendelkez\u0151 <strong>Danilo Pereira<\/strong> \u00e9s<strong> William Carvalho<\/strong> egyszerre t\u00f6rt\u00e9n\u0151 szerepeltet\u00e9se Bruno Fernandes mellett a k\u00f6z\u00e9pp\u00e1ly\u00e1n, amire k\u00e9s\u0151bb kis h\u00edj\u00e1n r\u00e1 is f\u00e1zott a portug\u00e1lok sz\u00f6vets\u00e9gi kapit\u00e1nya. A t\u00e1mad\u00f3sorban <strong>Cristiano Ronaldo<\/strong> k\u00e9t oldal\u00e1n Bernardo Silva \u00e9s Diogo Jota szerepelt.\r\n\r\nA magyar v\u00e1logatott j\u00e1t\u00e9ka kapcs\u00e1n t\u00f6bb dolgot is lehet dics\u00e9rni, de f\u0151leg a labda n\u00e9lk\u00fcli j\u00e1t\u00e9kot, ugyanis ha Rossi csapat\u00e1n\u00e1l volt a labda, akkor elv\u00e9tve siker\u00fclt csak eljutni (f\u0151leg az els\u0151 f\u00e9lid\u0151ben) az ellenf\u00e9l kapuj\u00e1ig, amit a torna addigi m\u00e9rk\u0151z\u00e9sein fell\u00e9p\u0151 csapatok legalacsonyabb, <a href=\"https:\/\/twitter.com\/Caley_graphics\/status\/1404863625244839942\" target=\"_blank\" rel=\"noopener noreferrer\">0.2-es v\u00e1rhat\u00f3 g\u00f3lmennyis\u00e9ge is j\u00f3l megmutat.<\/a>\r\n\r\n<img class=\"alignnone size-full wp-image-785\" src=\"https:\/\/sport24.24.hu\/app\/uploads\/sites\/24\/2021\/06\/2-kep.jpg\" alt=\"\" width=\"3905\" height=\"2197\" \/>\r\n\r\nEz nyilv\u00e1n felr\u00f3hat\u00f3 a m\u00e1r eml\u00edtett <strong>Kalm\u00e1r<\/strong> \u00e9s f\u0151leg <strong>Szoboszlai<\/strong> hi\u00e1ny\u00e1nak is, de ezen a m\u00e9rk\u0151z\u00e9sen els\u0151sorban a fenti k\u00e9pen illusztr\u00e1lt, nagyon magasra feltolt portug\u00e1l let\u00e1mad\u00e1snak volt k\u00f6sz\u00f6nhet\u0151. Fernando Santos csapata labda n\u00e9lk\u00fcl egy az egyben let\u00fckr\u00f6zte a magyar csapat form\u00e1ci\u00f3j\u00e1t, az ellenf\u00e9l 4-2-1-3-as alakzatban presszingelt m\u00e1r a t\u00e1mad\u00e1s\u00e9p\u00edt\u00e9sek els\u0151 f\u00e1zis\u00e1ban is. Ez gyakorlatban azt jelentette, hogy Cristiano Ronaldo \u00e1ltal\u00e1ban a magyar h\u00e1tv\u00e9dsor k\u00f6zep\u00e9n j\u00e1tsz\u00f3 Orban mellett helyezkedett, az oldals\u00f3 k\u00f6z\u00e9ph\u00e1tv\u00e9d Botk\u00e1ra \u00e9s Szalai Attil\u00e1ra beh\u00faz\u00f3dott Jota \u00e9s Bernardo Silva, a k\u00f6z\u00e9pp\u00e1ly\u00e1n Bruno Fernandes Nagy \u00c1d\u00e1mot, m\u00edg Danilo \u00e9s William Carvalho Sch\u00e4fert \u00e9s Kleinheislert \u0151rizte.\r\n\r\n<img class=\"alignnone size-full wp-image-784\" src=\"https:\/\/sport24.24.hu\/app\/uploads\/sites\/24\/2021\/06\/3-kep.jpg\" alt=\"\" width=\"3905\" height=\"2197\" \/>\r\n\r\nGul\u00e1csi ugyan kapusk\u00e9nt els\u0151 k\u00f6rben szabadon birtokolhatta a labd\u00e1t, de egy hazaad\u00e1s ut\u00e1n az egyik sz\u00e9ls\u0151 (ebben az esetben Bernardo Silva) azonnal nyom\u00e1s al\u00e1 helyezte, mik\u00f6zben elz\u00e1rta a legk\u00f6zelebbi v\u00e9d\u0151h\u00f6z vezet\u0151 passzs\u00e1vot, \u00edgy a magyar kapusnak nem maradt m\u00e1s v\u00e1laszt\u00e1sa, mint fel\u00edvelni a labd\u00e1t.\r\n\r\n<img class=\"alignnone size-full wp-image-774\" src=\"https:\/\/sport24.24.hu\/app\/uploads\/sites\/24\/2021\/06\/4-kep-2.png\" alt=\"\" width=\"3905\" height=\"2197\" \/>\r\n\r\nA magyar v\u00e1logatott kapusa viszont a legt\u00f6bb esetben nem vakt\u00e1ban r\u00fagta el\u0151re a labd\u00e1t, hanem szinte mindig Szalai \u00c1d\u00e1m fej\u00e9t kereste. Mivel let\u00e1mad\u00e1skor a portug\u00e1l j\u00e1t\u00e9kosok az eg\u00e9sz p\u00e1ly\u00e1n egy az egyben v\u00e9dekeztek a magyarokkal szemben, \u00edgy a k\u00e9t csat\u00e1r, Szalai \u00e9s Sallai is p\u00e1rharcokat v\u00edvhatott a portug\u00e1l bels\u0151 v\u00e9d\u0151kkel.\r\n\r\nSzalai \u00c1d\u00e1m rendszeresen visszal\u00e9pett, ezzel kimozgatva Pep\u00e9t a v\u00e9delem tengely\u00e9b\u0151l, ezzel egy id\u0151ben pedig Sallai Roland igyekezett bemozogni az \u00edgy megny\u00edl\u00f3 ter\u00fcletbe, hogy meginduljon a megcs\u00fasztatott labd\u00e1val. Pepe viszont ezeket a p\u00e1rharcokat nagyon j\u00f3 ar\u00e1nyban nyerte meg az eg\u00e9sz m\u00e9rk\u0151z\u00e9sen ism\u00e9t elk\u00e9peszt\u0151 munk\u00e1t v\u00e9gz\u0151 Szalai ellen, r\u00e1ad\u00e1sul R\u00faben Dias is sz\u00e9pen lek\u00f6vette Sallai mozg\u00e1s\u00e1t. A magyar csapat dolg\u00e1t szint\u00e9n megnehez\u00edtette ezekben az esetekben, hogy a h\u00e1rom bels\u0151 k\u00f6z\u00e9pp\u00e1ly\u00e1s rendszeresen t\u00fal m\u00e9lyen helyezkedett, \u00edgy a \u201elecsorg\u00f3k\u201d begy\u0171jt\u00e9s\u00e9re sem volt szinte semmi es\u00e9ly.\r\n\r\nInnent\u0151l pedig \u00e9rdemes r\u00e1t\u00e9rni arra, ami a m\u00e9rk\u0151z\u00e9sen legjelent\u0151sebb r\u00e9sz\u00e9t meghat\u00e1rozta: a portug\u00e1l t\u00e1mad\u00f3j\u00e1t\u00e9kra \u00e9s a magyar csapat v\u00e9dekez\u00e9s\u00e9re.\r\n\r\nhttps:\/\/twitter.com\/BehililMoussa\/status\/1404844135526322180\r\n\r\nA portug\u00e1l v\u00e1logatott 4-3-3-as alapfel\u00e1ll\u00e1sa labd\u00e1val t\u00f6bbnyire 3-1-6-ra m\u00f3dosult, miut\u00e1n Danilo vagy William Carvalho visszal\u00e9pett a v\u00e9d\u0151sorba, seg\u00edtve a biztosabb labdaj\u00e1rat\u00e1st. A k\u00e9t sz\u00e9ls\u0151 h\u00e1tv\u00e9d magasan helyezkedett, mik\u00f6zben a h\u00e1rom t\u00e1mad\u00f3 a k\u00e9t v\u00e9delmi vonal k\u00f6z\u00f6tt, \u00e9s legt\u00f6bbsz\u00f6r a p\u00e1lya k\u00f6z\u00e9ps\u0151 z\u00f3n\u00e1j\u00e1t meg a sz\u00e9leket \u00f6sszek\u00f6t\u0151 f\u00e9lter\u00fcletben helyezkedett.\r\n\r\nA portug\u00e1lok c\u00e9lja egy\u00e9rtelm\u0171en az volt, hogy a magyar csapatot ezekben a ter\u00fcletekben megbontva ker\u00fclj\u00f6n a v\u00e9delmi vonal m\u00f6g\u00e9, azonban Rossi egy\u00fcttes\u00e9nek kompakt v\u00e9dekez\u00e9se ezt legt\u00f6bbsz\u00f6r nem tette lehet\u0151v\u00e9.\r\n\r\n<img class=\"alignnone wp-image-783 size-full\" src=\"https:\/\/sport24.24.hu\/app\/uploads\/sites\/24\/2021\/06\/5-kep.jpg\" alt=\"\" width=\"3905\" height=\"2197\" \/>\r\n\r\nA magyar v\u00e1logatott az itt is l\u00e1that\u00f3 m\u00f3don sikeresen ker\u00fclt rendszeresen l\u00e9tsz\u00e1mf\u00f6l\u00e9nybe a portug\u00e1l j\u00e1t\u00e9kosokkal szemben a labda k\u00f6r\u00fcl. A sz\u00e1rnyv\u00e9d\u0151k (Lovrencsics, illetve Fiola) feladata volt t\u00f6bbnyire, hogy az ellenf\u00e9l sz\u00e9ls\u0151 v\u00e9d\u0151ire figyeljenek, az oldals\u00f3 k\u00f6z\u00e9ph\u00e1tv\u00e9dek a befel\u00e9 mozg\u00f3 t\u00e1mad\u00f3kat \u0151rizt\u00e9k, a k\u00f6z\u00e9pp\u00e1ly\u00e1sok pedig fel tudt\u00e1k venni a visszamozg\u00f3, vagy \u00e9ppen a megny\u00edl\u00f3 ter\u00fcletbe beindul\u00f3 ellenfeleket.\r\n\r\n<img class=\"alignnone wp-image-782 size-full\" src=\"https:\/\/sport24.24.hu\/app\/uploads\/sites\/24\/2021\/06\/6-kep.jpg\" alt=\"\" width=\"3905\" height=\"2197\" \/>\r\n\r\nA m\u00e1sik oldalon is remek\u00fcl l\u00e1tszik, ahogyan Fiola kil\u00e9p Semed\u00f3ra, Sch\u00e4fer k\u00f6z\u00e9pp\u00e1ly\u00e1sk\u00e9nt visszaz\u00e1r a m\u00f6g\u00f6tte megny\u00edl\u00f3 ter\u00fcleten, Szalai Attila k\u00f6veti a labd\u00e1\u00e9rt visszamozg\u00f3 Ronald\u00f3t, m\u00edg Nagy \u00c1d\u00e1m plusz emberk\u00e9nt biztos\u00edt a labda k\u00f6zel\u00e9ben. R\u00e1ad\u00e1sul nem szabad megfeledkezni a k\u00e9t magyar csat\u00e1rr\u00f3l; \u0151k szint\u00e9n m\u00e9lyen visszaz\u00e1rva seg\u00edtett\u00e9k a v\u00e9dekez\u00e9st.\r\n\r\nA portug\u00e1loknak ennek ellen\u00e9re is akadtak komoly lehet\u0151s\u00e9geik az els\u0151 f\u00e9lid\u0151ben, de ezek \u00e1ltal\u00e1ban egy\u00e9ni meging\u00e1sokb\u00f3l (Orban nyom\u00e1s alatt eladott labd\u00e1ja Ronaldo ziccere el\u0151tt), illetve a sebess\u00e9gb\u00e9li f\u00f6l\u00e9nyb\u0151l ad\u00f3dtak.\r\n\r\n<img class=\"alignnone size-full wp-image-775\" src=\"https:\/\/sport24.24.hu\/app\/uploads\/sites\/24\/2021\/06\/7-kep-2.png\" alt=\"\" width=\"3905\" height=\"2197\" \/>\r\n\r\nDiogo Jota els\u0151 f\u00e9lidei nagy helyzet\u00e9n\u00e9l l\u00e1tszik, hogy szerkezetileg rendben van a magyar csapat. Bernardo Silva \u00e9s Nelson Semedo ez\u00fattal helyet cser\u00e9lt, \u00edgy Fiol\u00e1nak el\u0151bbire kellett kil\u00e9pnie, m\u00edg Semedo mozg\u00e1s\u00e1t Sch\u00e4fer vette fel, de a fut\u00f3versenyt a portug\u00e1l nyerte, ami miatt Szalai Attil\u00e1nak is r\u00e1 kellett mozdulnia \u2013 \u00edgy Jot\u00e1nak maradt ideje kapura fordulni a centerez\u00e9st k\u00f6vet\u0151en.\r\n\r\n\u00c1m a sz\u00fcnet ut\u00e1n m\u00e1r ilyen portug\u00e1l lehet\u0151s\u00e9gek sem ad\u00f3dtak, a medd\u0151 mez\u0151nyf\u00f6l\u00e9ny mellett pedig mind gyakrabban tudott a magyar v\u00e1logatott is t\u00e1mad\u00e1sokat vezetni. Ezek a f\u00e9nypontja a cserek\u00e9nt be\u00e1ll\u00f3 <strong>Sch\u00f6n Szabolcs<\/strong> (sajnos jogosan) elvett g\u00f3lja volt.\r\n\r\nAhogy viszont telt az id\u0151, \u00fagy f\u00e1radt el ink\u00e1bb a magyar k\u00f6z\u00e9pp\u00e1lya, \u00e9s cser\u00e9ivel Marco Rossi k\u00e9nytelen volt t\u00f6bbsz\u00f6r is beleny\u00falni a m\u00e9rk\u0151z\u00e9sbe. <strong>Loic Nego<\/strong> be\u00e1ll\u00e1sa olykor m\u00e9g \u00faj lend\u00fcletet is csemp\u00e9szett a t\u00e1mad\u00f3j\u00e1t\u00e9kba, de <strong>Sig\u00e9r<\/strong> p\u00e1ly\u00e1ra l\u00e9p\u00e9s\u00e9t k\u00f6vet\u0151en \u2013 a meccs kezdeti szakasz\u00e1hoz k\u00e9pest \u2013 m\u00e1r teljesen felforgatott\u00e1 v\u00e1lt a magyar k\u00f6z\u00e9pp\u00e1lya. Nagy \u00c1d\u00e1m ugyan tov\u00e1bbra is bent volt, de neki kellett elfoglalnia a bal oldali k\u00f6z\u00e9pp\u00e1ly\u00e1s poz\u00edci\u00f3j\u00e1t, m\u00edg Sig\u00e9r k\u00f6zvetlen\u00fcl a v\u00e9delem el\u0151tt helyezkedett.\r\n\r\nR\u00e1ad\u00e1sul n\u00e9h\u00e1ny perccel Sig\u00e9r be\u00e1ll\u00e1s\u00e1t k\u00f6vet\u0151en Fernando Santos is megh\u00fazta a meccs legfontosabb v\u00e1ltoztat\u00e1s\u00e1t:\r\n\r\n<span class=\"highlight-block\">Renato Sanches j\u00f6tt Willam Carvalho hely\u00e9re. <\/span>\r\n\r\nA probl\u00e9ma a portug\u00e1l v\u00e1logatott j\u00e1t\u00e9k\u00e1val eg\u00e9szen eddig a pontig az volt, hogy a t\u00e1mad\u00e1sok fel\u00e9p\u00edt\u00e9s\u00e9ben k\u00e9t j\u00e1t\u00e9kos, Danilo \u00e9s William Carvalho csak rendk\u00edv\u00fcl passz\u00edvan, szinte kiz\u00e1r\u00f3lag a k\u00f6z\u00e9ps\u0151 z\u00f3n\u00e1s labdaj\u00e1rat\u00e1sokban vett r\u00e9szt, \u00e9s nem k\u00e9sztette d\u00f6nt\u00e9shozatalra a magyar j\u00e1t\u00e9kosokat.\r\n\r\nRenato Sanches be\u00e1ll\u00e1s\u00e1val a helyzet teljesen megv\u00e1ltozott.\u00a0 \u00a0 \u00a0 \u00a0 \u00a0 \u00a0 \u00a0 \u00a0 \u00a0 <img class=\"alignnone size-full wp-image-786\" src=\"https:\/\/sport24.24.hu\/app\/uploads\/sites\/24\/2021\/06\/8-kep-1.jpg\" alt=\"\" width=\"3905\" height=\"2197\" \/>\r\n\r\nItt k\u00f6zvetlen\u00fcl az els\u0151 portug\u00e1l g\u00f3l el\u0151tt szitu\u00e1ci\u00f3 l\u00e1that\u00f3. Renato Sanches eg\u00e9szen a p\u00e1lya bal oldal\u00e1r\u00f3l, a Nego \u00e1ltal fel\u00fcgyelt ter\u00fcletr\u0151l mozgott be a Bruno Fernandesre kil\u00e9p\u0151 Nagy \u00c1d\u00e1m m\u00f6g\u00e9, \u00e9s ezt megel\u0151z\u0151en \u00e9ppen ez a dinamika hi\u00e1nyzott a portug\u00e1lok j\u00e1t\u00e9k\u00e1b\u00f3l. Sanches mozg\u00e1sa \u00f6ssze is zavarta a magyar k\u00f6z\u00e9pp\u00e1ly\u00e1sokat. El\u0151sz\u00f6r Sig\u00e9r mutatta Neg\u00f3nak, hogy vegye fel Sanchest, majd miut\u00e1n visszamozgott Nagy m\u00f6g\u00e9, m\u00e1r Nego volt az, aki figyelmeztette Sig\u00e9rt, \u00fcgyeljen a sz\u00e9lre kil\u00e9p\u0151 Fiola m\u00f6g\u00f6tti ter\u00fcletre. Sanches viszont teljesen mag\u00e1ra vonta a Ferencv\u00e1ros k\u00f6z\u00e9pp\u00e1ly\u00e1s\u00e1nak figyelm\u00e9t, \u00edgy Bernardo Silva k\u00f6nnyed\u00e9n ugrathatta ki az \u00fcres ter\u00fcletbe bemozg\u00f3 <strong>Rafa Silv\u00e1t<\/strong>, akinek a centerez\u00e9se ut\u00e1n Guerreiro kis szerencs\u00e9vel, de megszerezte a portug\u00e1lok vezet\u0151 g\u00f3lj\u00e1t.\r\n\r\nR\u00e1ad\u00e1sul szinte r\u00f6gt\u00f6n a k\u00f6z\u00e9pkezd\u00e9s ut\u00e1n Renato Sanches volt az, aki az eg\u00e9sz magyar k\u00f6z\u00e9pp\u00e1ly\u00e1n \u00e1tmas\u00edrozott (a 23 \u00e9ves j\u00e1t\u00e9kos a progressz\u00edv labdavezet\u00e9seket tekintve a fels\u0151 6 sz\u00e1zal\u00e9kba tartozik a top \u00f6t eur\u00f3pai bajnoks\u00e1g k\u00f6z\u00e9pp\u00e1ly\u00e1sai k\u00f6z\u00f6tt), miel\u0151tt kiugratta a mindent eld\u00f6nt\u0151 tizenegyest kiharcol\u00f3 Rafa Silv\u00e1t.\r\n\r\nRossi a m\u00e9rk\u0151z\u00e9s ut\u00e1n arr\u00f3l besz\u00e9lt, hogy tal\u00e1n t\u00fal sokat kock\u00e1ztattak, r\u00e1ad\u00e1sul a cser\u00e9i sem hozt\u00e1k azt, amit v\u00e1rt t\u0151l\u00fck, mik\u00f6zben a m\u00e1sik oldalon Fernando Santos m\u00e9g \u00e9ppen id\u0151ben kock\u00e1ztatott, \u00e9s Sanches becser\u00e9l\u00e9s\u00e9vel feladta a t\u00falbiztos\u00edtott k\u00f6z\u00e9pp\u00e1ly\u00e1t. Ez a d\u00f6nt\u00e9s v\u00e9g\u00fcl egy <a href=\"https:\/\/twitter.com\/HenryBushnell\/status\/1404870021352931328\" target=\"_blank\" rel=\"noopener noreferrer\">33 passzb\u00f3l \u00e1ll\u00f3 akci\u00f3 v\u00e9g\u00e9n, \u00f6sszess\u00e9g\u00e9ben magabiztos gy\u0151zelemmel fizet\u0151d\u00f6tt ki.<\/a>\r\n\r\nA meccset \u00edgy v\u00e9g\u00fcl meg\u00e9rdemelten nyerte meg Portug\u00e1lia, de a magyar csapat eg\u00e9szen a meccs hajr\u00e1j\u00e1ig teljesen j\u00f3l helyt\u00e1llt, \u00e9s a sokkal magasabb min\u0151s\u00e9get k\u00e9pvisel\u0151 ellenf\u00e9llel szemben, a legfontosabb kreat\u00edv j\u00e1t\u00e9kosai n\u00e9lk\u00fcl is k\u00f6zel ker\u00fclt ahhoz, hogy pontot szerezzen a hal\u00e1lcsoportban.\r\n\r\n<span class=\"highlight-block\">A j\u00e1t\u00e9k k\u00e9p\u00e9t tekintve a folytat\u00e1sban, Franciaorsz\u00e1g \u00e9s N\u00e9metorsz\u00e1g ellen is hasonl\u00f3kra sz\u00e1m\u00edthatunk. <\/span>\r\n\r\nA kedden l\u00e1tottak alapj\u00e1n azonban okkal lehet rem\u00e9nykedni abban, hogy legal\u00e1bb az egyik \u00f6sszecsap\u00e1son nem csak a 84. percig, hanem az utols\u00f3 s\u00edpsz\u00f3ig \u00e1lljuk majd a rohamokat.\r\n\r\n[prefabricated_shortcode in_app=\"0\" code=\"%3Cdiv%20class%3D%22article_box_border%22%20style%3D%22background%3A%20url%28%27https%3A%2F%2F24.p3k.hu%2Fapp%2Fuploads%2Fsites%2F24%2F2021%2F05%2Fsport24-pattern.png%27%29%20no-repeat%20left%20-16px%20%23f3f3f4%3B%20border%3A%20none%3B%22%3E%0D%0A%3Cdiv%20class%3D%22article_solidheader%22%3E%0D%0A%3Ch2%20style%3D%22color%3A%20%23111115%21important%3B%20font-size%3A%2036px%3B%20font-weight%3A%20bold%3B%20margin-bottom%3A%2030px%3B%20margin-top%3A%2020px%3B%20text-align%3A%20center%3B%20line-height%3A%2036px%3B%22%3E%3Cimg%20class%3D%22aligncenter%20size-full%20wp-image-141%22%20src%3D%22https%3A%2F%2F24.p3k.hu%2Fapp%2Fuploads%2Fsites%2F24%2F2021%2F05%2Fs24-logo-dt.png%22%20alt%3D%22%22%20width%3D%22408%22%20height%3D%2290%22%20%2F%3E%3C%2Fh2%3E%0D%0A%3Ch2%20style%3D%22color%3A%20%23111115%21important%3B%20font-size%3A%2036px%3B%20font-weight%3A%20bold%3B%20margin-bottom%3A%2030px%3B%20margin-top%3A%2020px%3B%20text-align%3A%20center%3B%20line-height%3A%2040px%3B%22%3ECsatlakozz%20a%20Sport24%20k%C3%B6z%C3%B6ss%C3%A9ghez%2C%20mondd%20el%20v%C3%A9lem%C3%A9nyedet%20z%C3%A1rt%20Facebook-csoportunkban%2C%20%C3%A9s%20vegy%C3%A9l%20r%C3%A9szt%20csak%20el%C5%91fizet%C5%91knek%20el%C3%A9rhet%C5%91%20exkluz%C3%ADv%20esem%C3%A9nyeinken.%3C%2Fh2%3E%0D%0A%3C%2Fdiv%3E%0D%0A%3Cp%20style%3D%22background%3A%20%2357A600%3B%20margin-top%3A%2020px%3B%20padding%3A%2020px%3B%20text-align%3A%20center%3B%22%3E%3Ca%20style%3D%22color%3A%20%23ffffff%3B%20font-size%3A%2026px%3B%20font-weight%3A%20600%3B%22%20href%3D%22https%3A%2F%2Fwww.facebook.com%2Fgroups%2F212344460412327%22%3ECSATLAKOZOM%3C%2Fa%3E%3C%2Fp%3E%0D%0A%0D%0A%3C%2Fdiv%3E\"]","type":"rich","thumbnail_url":"https:\/\/s.24.hu\/app\/uploads\/sites\/24\/2021\/06\/74033614-masolat-150x150.jpg","thumbnail_width":150,"thumbnail_height":150}