{"version":"1.0","provider_name":"Sport24","provider_url":"https:\/\/sport24.24.hu","author_name":"Bruckner G\u00e1bor","author_url":"https:\/\/sport24.24.hu\/author\/brucknerg\/","title":"Ez az elm\u00falt 35 \u00e9v legjobb magyar v\u00e1logatottja, csak az ellenfeleknek is sz\u00f3ljanak","html":"Kezdj\u00fck az es\u00e9lylatolgat\u00e1ssal! A t\u00fczes pokolba pottyant h\u00f3goly\u00f3nak nagyj\u00e1b\u00f3l annyi es\u00e9lye van, mint a magyar v\u00e1logatottnak a tov\u00e1bbjut\u00e1sra az Eur\u00f3pa-bajnoks\u00e1gon. Legal\u00e1bbis ezt gondolhatjuk els\u0151re, azt\u00e1n esz\u00fcnkbe jut, hogy egyr\u00e9szt van jeges pokol is egyes mitol\u00f3gi\u00e1kban, illetve Costa Rica is tov\u00e1bbjutott a 2014-es vil\u00e1gbajnoks\u00e1gon Uruguay, Anglia \u00e9s Olaszorsz\u00e1g mell\u0151l, pedig ott az els\u0151 kett\u0151ben kellett lenni. Mindenesetre Magyarorsz\u00e1g a tov\u00e1bbjut\u00e1sra es\u00e9lytelenek nyugalm\u00e1val v\u00e1rhatja a kontinenstorn\u00e1t, melyen az Eur\u00f3pa-bajnoki c\u00edmv\u00e9d\u0151 Portug\u00e1li\u00e1val, a vil\u00e1gbajnoki c\u00edmv\u00e9d\u0151 Franciaorsz\u00e1ggal \u00e9s a 2014-es vil\u00e1gbajnok N\u00e9metorsz\u00e1ggal ker\u00fclt \u00f6ssze, k\u00f6sz\u00f6nhet\u0151en a kiemel\u00e9si rendszer szesz\u00e9ly\u00e9nek, mely a harmadik kalapba dobta a portug\u00e1lokat.\r\n\r\nEzek ut\u00e1n a nyolcadd\u00f6nt\u0151vel sz\u00e1molni \u00f6nbecsap\u00e1s lenne.\r\n\r\n<span class=\"highlight-block\">Pedig ez a magyar csapat az \u00f6sszes t\u00f6bbi n\u00e9gyesben harcba sz\u00e1llhatna a tov\u00e1bbjut\u00e1s\u00e9rt, <\/span>\r\n\r\n\u00e9s ehhez m\u00e9g nem is kell nagyon elrugaszkodnunk a val\u00f3s\u00e1gt\u00f3l, hiszen n\u00e9gy csoportharmadik is tov\u00e1bbjut.\r\n<div class=\"payable-content-section\"><\/div>\r\n<strong>Marco Rossi<\/strong> v\u00e1logatottja a legcsiszoltabb j\u00e1t\u00e9k\u00fa nemzeti csapat \u00e9vtizedek \u00f3ta. K\u00f6nnyen lehet, hogy a legjobb is, nem a neveket, hanem a j\u00e1t\u00e9k min\u0151s\u00e9g\u00e9t tekintve. Csak ez nem fogja \u00e9rdekelni egyik ellenfelet sem, amely a \u201ehal\u00e1lcsoportban\u201d val\u00f3sz\u00edn\u0171leg egy dologgal tervez, a magyarok elleni h\u00e1rom ponttal.\r\n\r\nM\u00e9g mondja valaki, hogy a futball n\u00e9ha nem igazs\u00e1gtalan.\r\n\r\nA csoport neh\u00e9zs\u00e9g\u00e9n pedig k\u00e1r keseregni, ink\u00e1bb mondjuk azt: Marco Rossi csapata a vil\u00e1g legjobbjai k\u00f6z\u00fcl h\u00e1rom ellen m\u00e9rheti le, hogy mennyit fejl\u0151d\u00f6tt.\r\n<h2>Nem tucatsorozat<\/h2>\r\nA v\u00e1logatott tizenegy m\u00e9rk\u0151z\u00e9s \u00f3ta veretlen (7 gy\u0151zelem, 4 d\u00f6ntetlen), enn\u00e9l csak egy Eur\u00f3pa-bajnoki szerepl\u0151, az olasz egy\u00fcttes veretlens\u00e9gi sorozata hosszabb \u2013 <strong>Roberto Mancini<\/strong> csapata huszonh\u00e9tn\u00e9l j\u00e1r. Nem \u00e9pp tucatsorozat a magyarok\u00e9: 2000\u20132001 \u00f3ta ez az els\u0151, t\u00edz m\u00e9rk\u0151z\u00e9sn\u00e9l hosszabb j\u00f3 sz\u00e9ria. Meg az is elismer\u00e9sre m\u00e9lt\u00f3, hogy az akkorin\u00e1l (12 veretlen meccs, 4 gy\u0151zelem, 8 d\u00f6ntetlen) most mind a m\u00e9rleg jobb, mind az ellenfelek n\u00e9vsora veretesebb.\r\n\r\nEz a kit\u0171n\u0151 sorozat hitet \u00e9s \u00f6nbizalmat adhat, mik\u00e9ppen az is, hogy a v\u00e1logatott 2020\u20132021-ben olyan csiszolt j\u00e1t\u00e9kkal rukkolt ki, amit r\u00e9gen l\u00e1ttunk. Ez els\u0151sorban a csapatv\u00e9dekez\u00e9sen \u00e9s a szervezetts\u00e9gen l\u00e1tszik,\r\n\r\n<span class=\"highlight-block-small\">el\u0151refel\u00e9 kellene valami plusz \u201eszikra\u201d, amit a k\u00e9t legkreat\u00edvabb k\u00f6z\u00e9pp\u00e1ly\u00e1s, Szoboszlai Dominik \u00e9s Kalm\u00e1r Zsolt hi\u00e1ny\u00e1ban nem lesz k\u00f6nny\u0171 megadni. <\/span>\r\n\r\nDe err\u0151l k\u00e9s\u0151bb.\r\n\r\nMarco Rossi sz\u00f6vets\u00e9gi kapit\u00e1ny m\u00e1r 2018\u20132019-ben is pr\u00f3b\u00e1lkozott h\u00e1rom bels\u0151 v\u00e9d\u0151s form\u00e1ci\u00f3val. Az olasz szakember elk\u00f6telezett h\u00edve a Magyarorsz\u00e1gon nem t\u00fal gyakori fel\u00e1ll\u00e1snak \u2013 az NB I csapatai k\u00f6z\u00fcl a legut\u00f3bbi \u00e9vadban egy sem volt, amely a meccsei fel\u00e9n\u00e9l t\u00f6bbsz\u00f6r j\u00e1tszott volna h\u00e1rom bels\u0151 v\u00e9d\u0151s form\u00e1ci\u00f3ban \u2013, ezt alkalmazva nyert bajnoks\u00e1got a Budapest Honv\u00e9ddal. Rossi <strong>Antonio Conte<\/strong> Inter\u00e9t nevezte meg ide\u00e1lj\u00e1nak, annak magasra tolt let\u00e1mad\u00e1s\u00e1t \u00e9s labdaszerz\u00e9si gyakorlat\u00e1t dics\u00e9rve, nyugodtan felt\u00e9telezhetj\u00fck teh\u00e1t, hogy a magyar v\u00e1logatottn\u00e1l is valami hasonl\u00f3t szeretne l\u00e1tni.\r\n\r\nConte a h\u00e1rom bels\u0151 v\u00e9d\u0151s rendszerek egyik \u201eapostola\u201d, j\u00f3kora szerepe van az ilyesfajta form\u00e1ci\u00f3k \u00fajb\u00f3li divatba hoz\u00e1s\u00e1ban, hisz n\u00e9gy olasz \u00e9s egy angol bajnoki c\u00edmet nyert a 3\u20135\u20132-vel (Juventus, Inter) \u00e9s a 3\u20134\u20133-mal (Chelsea). Hogy melyek a csapatai jellemz\u0151i? Nagyon alaposan megszervezett v\u00e9dekez\u00e9s, magasan feltolt presszing, iszonyatos mennyis\u00e9g\u0171 munk\u00e1t elv\u00e9gz\u0151 bels\u0151 k\u00f6z\u00e9pp\u00e1ly\u00e1sok \u00e9s sz\u00e1rnyv\u00e9d\u0151k (wingback), viszonylagos merevs\u00e9g (f\u0151leg t\u00e1mad\u00f3j\u00e1t\u00e9kban). Conte t\u00edz \u00e9ve kiz\u00e1r\u00f3lag olyan csapatokn\u00e1l dolgozik, amelyek keret\u00fcket tekintve min\u0151s\u00e9gi f\u00f6l\u00e9nyben vannak a legt\u00f6bb hazai ellenf\u00e9llel szemben, \u00edgy az egyik legnagyobb k\u00e9rd\u00e9s a 3\u20135\u20132-j\u00e9vel kapcsolatban, hogy az mennyire j\u00f3 nemzetk\u00f6zi sz\u00ednt\u00e9ren, ahol az olasz tr\u00e9nernek l\u00e1tv\u00e1nyosan visszaesik az eredm\u00e9nyess\u00e9ge.\r\n\r\nMarco Rossi Cont\u00e9val ellent\u00e9tben nem \u00e9p\u00edthet arra, hogy v\u00e1logatottja \u201emin\u0151s\u00e9gb\u0151l lenyomja\u201d ellenfeleinek t\u00f6bbs\u00e9g\u00e9t. Viszont\r\n\r\n<span class=\"highlight-block-small\">\u00e1tveheti Conte csapat\u00e1t\u00f3l a kit\u0171n\u0151en szervezett v\u00e9dekez\u00e9st, az agresszivit\u00e1st, a j\u00f3l \u00f6sszecsiszolt csapatj\u00e1t\u00e9kot. <\/span>\r\n\r\nA magyar sz\u00f6vets\u00e9gi kapit\u00e1ny a koronav\u00edrus-vil\u00e1gj\u00e1rv\u00e1ny okozta k\u00e9nyszersz\u00fcnet ut\u00e1n t\u00e9rt \u00e1t v\u00e9gleg a 3\u20135\u20132-re, tavaly \u00e9s az id\u00e9n kiz\u00e1r\u00f3lag ezt vagy vari\u00e1ci\u00f3it (3\u20134\u20131\u20132, 3\u20134\u20132\u20131) alkalmazta. Az eredm\u00e9nyek Rossit igazolt\u00e1k: a legut\u00f3bbi tizenk\u00e9t m\u00e9rk\u0151z\u00e9s\u00e9b\u0151l csak egyet vesz\u00edtett el a v\u00e1logatott, a kapit\u00e1ny m\u00e9rlege h\u00e1romv\u00e9d\u0151s form\u00e1ci\u00f3kkal 9 gy\u0151zelem, 4 d\u00f6ntetlen, 2 veres\u00e9g, m\u00edg n\u00e9gyv\u00e9d\u0151sekkel 6 gy\u0151zelem, 1 d\u00f6ntetlen, 7 veres\u00e9g. Javult a csapat helyzetmin\u0151s\u00e9g-mutat\u00f3ja (xG), \u00e9s m\u00e9g nagyobb az el\u0151rel\u00e9p\u00e9s az ellenfelek el\u0151tt ad\u00f3d\u00f3 helyzetek min\u0151s\u00e9g\u00e9t (xGA) tekintve: Rossi v\u00e1logatottja valamicsk\u00e9t fejl\u0151d\u00f6tt t\u00e1mad\u00f3j\u00e1t\u00e9kban \u00e9s jelent\u0151sen csapatv\u00e9dekez\u00e9sben.\r\n\r\nA v\u00e1lt\u00e1sban Rossi kez\u00e9re j\u00e1tszhatott az is, hogy a csapatkapit\u00e1ny <strong>Dzsudzs\u00e1k Bal\u00e1zs<\/strong> elkezdett hanyatlani. A v\u00e1logatotts\u00e1gi t\u00e1rsrekorder sz\u00e9ls\u0151 sok\u00e1ig a t\u00e1mad\u00f3j\u00e1t\u00e9k f\u00f3kuszpontj\u00e1ban \u00e1llt, \u00e1m a 2016-os Eb ut\u00e1n eredm\u00e9nyess\u00e9ge visszaesett, az Egyes\u00fclt Arab Em\u00edrs\u00e9gekbe igazolt, s 2020 nyar\u00e1n csapat n\u00e9lk\u00fcl maradt. Rossi nem v\u00e1logatta be ezt k\u00f6vet\u0151en, s az \u0151sszel hi\u00e1ba szerz\u0151d\u00f6tt Dzsudzs\u00e1k a Debreceni VSC-hez, a sz\u00f6vets\u00e9gi kapit\u00e1ny azt is jelezte, az NB II-b\u0151l nem h\u00edv meg j\u00e1t\u00e9kost, hiszen a magyar m\u00e1sodik vonal nemzetk\u00f6zi szinten nem versenyk\u00e9pes.\r\n\r\nDzsudzs\u00e1k eg\u00e9sz karrierje sor\u00e1n sz\u00e9ls\u0151t (vagy t\u00fck\u00f6rsz\u00e9ls\u0151t) j\u00e1tszott, a Rossi \u00e1ltal favoriz\u00e1lt 3\u20135\u20132-be szinte beilleszthetetlen, b\u00e1r a kapit\u00e1ny tett erre k\u00eds\u00e9rletet. Azzal, hogy kiker\u00fclt a keretb\u0151l, a szakvezet\u0151 k\u00f6nnyebben alak\u00edthatta \u201ekedvenc\u201d hadrendj\u00e9re a v\u00e1logatottat. Ide\u00e1lis esetben egy j\u00f3 3\u20135\u20132\/5\u20133\u20132-h\u00f6z biztosan passzol\u00f3 \u00e9s \u00e9p\u00edtkez\u0151 bels\u0151 v\u00e9d\u0151k, el\u0151re-h\u00e1tra \u201eing\u00e1z\u00f3\u201d, j\u00f3l passzol\u00f3 bels\u0151 k\u00f6z\u00e9pp\u00e1ly\u00e1sok, intelligens v\u00e9dekez\u0151 k\u00f6z\u00e9pp\u00e1ly\u00e1s \u00e9s j\u00f3l t\u00e1mad\u00f3, rendk\u00edv\u00fcl sokat dolgoz\u00f3 sz\u00e1rnyv\u00e9d\u0151k kellenek. Ehhez megvolt el\u00e9g sok ember: <strong>Willi Orb\u00e1n<\/strong> k\u00e9nyelmesen mozog h\u00e1rom bels\u0151 v\u00e9d\u0151s hadrendben, <strong>Lang \u00c1d\u00e1m<\/strong> is j\u00e1tszott ilyen rendszerben, az \u00f3ri\u00e1sit fejl\u0151d\u0151 <strong>Szalai Attila<\/strong> pedig val\u00f3s\u00e1ggal lubickol a bal oldali bels\u0151 v\u00e9d\u0151 szerepk\u00f6r\u00e9ben. Hatosb\u00f3l (v\u00e9dekez\u0151 k\u00f6z\u00e9pp\u00e1ly\u00e1s) \u00e9s nyolcasb\u00f3l (bels\u0151 k\u00f6z\u00e9pp\u00e1ly\u00e1s) szinte t\u00falk\u00edn\u00e1lat van, k\u00f6z\u00fcl\u00fck <strong>Nagy \u00c1d\u00e1m<\/strong> r\u00e1ad\u00e1sul kiv\u00e1l\u00f3an \u201eolvassa\u201d a j\u00e1t\u00e9kot. <strong>Szalai \u00c1d\u00e1m<\/strong> (target man, \u201ec\u00e9lember\u201d centerben) \u00e9s a tr\u00fckk\u00f6s, kreat\u00edv <strong>Sallai Roland<\/strong> j\u00f3l kieg\u00e9sz\u00edti egym\u00e1st csat\u00e1rposzton, igaz\u00e1b\u00f3l a sz\u00e1rnyv\u00e9d\u0151kn\u00e9l kell k\u00e9nyszermegold\u00e1sokat alkalmazni.\r\n\r\nA probl\u00e9ma egyr\u00e9szt itt van, a m\u00e1sik gond a k\u00f6z\u00e9pp\u00e1lya \u00e9s a csat\u00e1rok \u00f6sszek\u00f6t\u00e9se. Ez\u00e9rt pedig els\u0151sorban a s\u00e9r\u00fcl\u00e9seket okolhatjuk.\r\n\r\n[caption id=\"attachment_720\" align=\"alignnone\" width=\"1080\"]<img class=\"wp-image-720 size-full\" src=\"https:\/\/sport24.24.hu\/app\/uploads\/sites\/24\/2021\/06\/felallas_sofascore.jpg\" alt=\"\" width=\"1080\" height=\"1920\" \/> A magyar v\u00e1logatott j\u00e1t\u00e9kosok \u00e1tlagos poz\u00edci\u00f3i a legut\u00f3bbi 5 t\u00e9tm\u00e9rk\u0151z\u00e9sen.[\/caption]\r\n<h2>Volt t\u00edzes, nincs t\u00edzes: ki p\u00f3tolja Szoboszlait?<\/h2>\r\nSzoboszlai Dominik tehets\u00e9g\u00e9r\u0151l \u00e9s tud\u00e1s\u00e1r\u00f3l sokat el\u00e1rul, hogy az Eb legnagyobb hi\u00e1nyz\u00f3inak csapat\u00e1ba is bev\u00e1lasztott\u00e1k, persze ez a lehet\u0151 legrosszabb h\u00edr a magyar v\u00e1logatottnak. Az egyik. A m\u00e1sik az, hogy helyettese, Kalm\u00e1r Zsolt is kid\u0151lt.\r\n\r\nA 2020-as \u00e9s a 2021-es form\u00e1ci\u00f3k k\u00f6z\u00f6tt az a k\u00fcl\u00f6nbs\u00e9g, hogy am\u00edg Szoboszlai \u00e9s Kalm\u00e1r Marco Rossi rendelkez\u00e9s\u00e9re \u00e1llt, a sz\u00f6vets\u00e9gi kapit\u00e1ny t\u00edzessel tudta j\u00e1tszatni csapat\u00e1t \u2013 feltolt egy t\u00e1mad\u00f3 k\u00f6z\u00e9pp\u00e1ly\u00e1st a k\u00e9t csat\u00e1rhoz. Eleinte \u201eklasszikus\u201d 3\u20135\u20132-vel \u00e1llt fel Rossi, de hamarosan k\u00f6zelebb tolta Szoboszlait (vagy Kalm\u00e1rt, aki \u00e9ppen j\u00e1tszott) az ellenf\u00e9l kapuj\u00e1hoz, ezzel megoldva a t\u00e1mad\u00e1s\u00e9p\u00edt\u00e9s egyik probl\u00e9m\u00e1j\u00e1t. A magyar v\u00e1logatottban ugyanis van j\u00f3 p\u00e1r hatos \u00e9s nyolcas, \u00e1m t\u0151l\u00fck viszonylag nehezen jut el a labda a csat\u00e1rdu\u00f3ig. Ha a sz\u00e1rnyv\u00e9d\u0151k nem dolgoznak el\u00e9g hat\u00e9konyan \u2013 \u00e9s ezen a poszton Rossinak gyakran kell k\u00e9nyszermegold\u00e1st alkalmaznia \u2013, a k\u00e9t t\u00e1mad\u00f3 elszigetel\u0151dhet. Egy t\u00edzes alkalmaz\u00e1sa megoldhatja ezt a gondot, r\u00e1ad\u00e1sul mind Szoboszlai, mind Kalm\u00e1r kit\u0171n\u0151en l\u0151 t\u00e1volr\u00f3l, egy \u00fajabb t\u00e1mad\u00f3fegyverrel b\u0151v\u00edtve a reperto\u00e1rt.\r\n\r\nNa, ennek a \u201eb\u0151s\u00e9gnek\u201d vetett v\u00e9get Szoboszlai lassan gy\u00f3gyul\u00f3, makacs s\u00e9r\u00fcl\u00e9se, amely leg\u00e9rt\u00e9kesebb j\u00e1t\u00e9kos\u00e1t\u00f3l \u00e9s legjobb pontr\u00fag\u00f3j\u00e1t\u00f3l fosztotta meg a v\u00e1logatottat. A szlov\u00e1k bajnoks\u00e1gban remek id\u00e9nyt fut\u00f3 Kalm\u00e1r s\u00falyosan megs\u00e9r\u00fclt, \u00edgy\r\n\r\n<span class=\"highlight-block\">az Eb el\u0151tt Rossinak nem sok v\u00e1laszt\u00e1sa marad, telerakja a csapatot k\u00f6z\u00e9ps\u0151 k\u00f6z\u00e9pp\u00e1ly\u00e1sokkal. <\/span>\r\n\r\nVal\u00f3sz\u00edn\u0171, hogy a torn\u00e1n is Nagy \u00c1d\u00e1m (hatos), <strong>Sch\u00e4fer Andr\u00e1s<\/strong> (hatos-nyolcas) \u00e9s <strong>Kleinheisler L\u00e1szl\u00f3<\/strong> (hatos-nyolcas, t\u00f6bb t\u00e1mad\u00f3feladattal) kezd a k\u00f6z\u00e9pp\u00e1lya tengely\u00e9ben. Kleinheisler j\u00f3 \u00e9s rossz \u00e9rtelemben egyar\u00e1nt k\u00e9pes extr\u00e1kra: hatalmas bomb\u00e1i, v\u00e1ratlan megold\u00e1sai megadhatj\u00e1k a kell\u0151 \u201eszikr\u00e1t\u201d a t\u00e1mad\u00f3j\u00e1t\u00e9knak, ugyanakkor d\u00f6nt\u00e9shozatala nem egyszer cserbenhagyja.\r\n\r\n[caption id=\"attachment_721\" align=\"alignnone\" width=\"1080\"]<img class=\"wp-image-721 size-full\" src=\"https:\/\/sport24.24.hu\/app\/uploads\/sites\/24\/2021\/06\/top10_sofacscore.jpg\" alt=\"\" width=\"1080\" height=\"1080\" \/> A 10 legjobb \u00e1tlagoszt\u00e1lyzat\u00fa magyar j\u00e1t\u00e9kos a legut\u00f3bbi 5 t\u00e9tm\u00e9rk\u0151z\u00e9sen.[\/caption]\r\n\r\nHa megn\u00e9zz\u00fck a keretben sz\u00e1m\u00edt\u00e1sba vett bels\u0151 k\u00f6z\u00e9pp\u00e1ly\u00e1sokat \u2013 <strong>Loic Neg\u00f3t<\/strong> most nem soroltuk ide, de \u0151t is bevetheti k\u00f6z\u00e9pen Rossi \u2013, akkor l\u00e1tjuk, hogy Szoboszlai vagy Kalm\u00e1r profilj\u00e1hoz <strong>Cseri Tam\u00e1s\u00e9<\/strong> a legink\u00e1bb hasonl\u00f3, de az\u00e9rt az sem mindegy, hogy a Salzburgban (a Leipzigben nem l\u00e1thattuk m\u00e9g Szoboszlait), a DAC-ban vagy a Mez\u0151k\u00f6vesdben hoz ilyen sz\u00e1mokat egy j\u00e1t\u00e9kos. Ha a Nagy, Kleinheisler, Sch\u00e4fer tri\u00f3 j\u00e1tszik, akkor az elt\u00e9r\u0151 j\u00e1t\u00e9kosprofilok miatt kev\u00e9sb\u00e9 vesz\u00e9lyes h\u00e1rmast kapunk, ez megmutatkozik a t\u00e1mad\u00f3harmadba eljuttatott labd\u00e1k, a l\u00f6v\u00e9sek, a cselek, a csapatot jelent\u0151sen el\u0151remozd\u00edt\u00f3 labdafelhozatalok \u00e9s a g\u00f3lvesz\u00e9lyess\u00e9g ter\u00e9n is. K\u00f6z\u00fcl\u00fck Kleinheislernek vannak a legjobb \u201et\u00edzes\u201d k\u00e9pess\u00e9gei, \u00e1m \u0151 hajlamos t\u00falv\u00e1llalni mag\u00e1t.\r\n\r\n<iframe class=\"flourish-embed-iframe\" style=\"width: 100%;height: 600px\" title=\"Interactive or visual content\" src=\"https:\/\/flo.uri.sh\/visualisation\/6390154\/embed\" frameborder=\"0\" scrolling=\"no\"><\/iframe>\r\n<div style=\"width: 100%!;margin-top: 4px!important;text-align: right!important\"><a class=\"flourish-credit\" style=\"text-decoration: none!important\" href=\"https:\/\/public.flourish.studio\/visualisation\/6390154\/?utm_source=embed&amp;utm_campaign=visualisation\/6390154\" target=\"_top\" rel=\"noopener noreferrer\"><img style=\"width: 105px!important;height: 16px!important;border: none!important;margin: 0!important\" src=\"https:\/\/public.flourish.studio\/resources\/made_with_flourish.svg\" alt=\"Made with Flourish\" \/> <\/a><\/div>\r\n<h2>Kev\u00e9s helyzet, j\u00f3 helyzetkihaszn\u00e1l\u00e1s<\/h2>\r\nSz\u00f3val hi\u00e1nyzik egy l\u00e1ncszem a k\u00e9t t\u00e1mad\u00f3 meg a k\u00f6z\u00e9pp\u00e1lya k\u00f6z\u00f6tt, \u00e9s a t\u00e1mad\u00e1s\u00e9p\u00edt\u00e9sen nem seg\u00edt az sem, hogy a sz\u00e1rnyv\u00e9d\u0151k k\u00f6z\u00fcl a t\u00f6bbs\u00e9g musz\u00e1j-sz\u00e1rnyv\u00e9d\u0151. A bal oldalon <strong>Hangya Szilveszter<\/strong> kid\u0151lt, ez \u00e9rz\u00e9keny vesztes\u00e9g. <strong>Fiola Attila<\/strong> sokposztos v\u00e9d\u0151, Szalai Attila tudna itt j\u00e1tszani, de bal oldali bels\u0151 v\u00e9d\u0151k\u00e9nt \u00e9rt\u00e9kesebb. <strong>Holender Filip<\/strong> hibrid t\u00e1mad\u00f3, aki n\u00e9ha szokott bal \u201et\u00fck\u00f6rsz\u00e1rnyv\u00e9d\u0151t\u201d j\u00e1tszani, <strong>Varga Kevin<\/strong> csak a v\u00e1logatottban szerepelt ezen a poszton, Holender\u00e9hez hasonl\u00f3 szerepk\u00f6rben.\r\n\r\nA jobb oldalon <strong>Lovrencsics Gerg\u0151<\/strong> \u00e1tk\u00e9pzett sz\u00e9ls\u0151, <strong>Botka Endre<\/strong> Fiol\u00e1hoz hasonl\u00f3an sokposztos v\u00e9d\u0151, <strong>Bolla Bendeg\u00faz<\/strong> otthon \u00e9rzi mag\u00e1t a poszton, s Loic Nego is j\u00e1tszhat sz\u00e1rnyv\u00e9d\u0151t. Az a mer\u00edt\u00e9si lehet\u0151s\u00e9g sek\u00e9lys\u00e9g\u00e9t \u00e9s a posztra k\u00e9pz\u00e9s hi\u00e1nyoss\u00e1gait mutathatja, hogy m\u00e9g mindig ennyire rosszul \u00e1ll specialista sz\u00e9ls\u0151 v\u00e9d\u0151ket \u00e9s sz\u00e1rnyv\u00e9d\u0151ket tekintve a v\u00e1logatott, mert ez a k\u00e9t poszt hossz\u00fa-hossz\u00fa \u00e9vek \u00f3ta probl\u00e9m\u00e1s.\r\n\r\n\u00cdgy pedig neh\u00e9z t\u00e1madni, mint ahogyan az adatok is azt mutatj\u00e1k, hogy a helyzetkidolgoz\u00e1s a Rossi-g\u00e1rda leggyeng\u00e9bb pontja. Ha \u00f6sszevetj\u00fck a magyar v\u00e1logatott j\u00e1t\u00e9k\u00e1t a csoportellenfelek\u00e9vel, a k\u00eds\u00e9rletek sz\u00e1m\u00e1ban m\u00e9g nem tal\u00e1lunk nagy elt\u00e9r\u00e9st (a magyar csapat 11-12 l\u00f6v\u00e9ssel \u00e9s fejessel pr\u00f3b\u00e1lkozik meccsenk\u00e9nt, a n\u00e9met \u00e9s a francia 14\u201315-tel, a portug\u00e1l 16\u201317-tel), azok min\u0151s\u00e9g\u00e9ben viszont igen. Ha az expected goals (xG) helyzetmin\u0151s\u00e9g-m\u00e9r\u0151sz\u00e1mot vessz\u00fck (min\u00e9l nagyobb a helyzet, ann\u00e1l k\u00f6zelebb \u00e1ll a sz\u00e1m az 1-hez), a k\u00f6zepes vagy nagy helyzetek kidolgoz\u00e1s\u00e1ban sokkal jobban \u00e1llnak a riv\u00e1lisok. Persze nekik vil\u00e1gklasszisaik vannak\u2026\r\n\r\nA 2020\u20132021-es \u00e9vadban a magyar csapat m\u00e9rk\u0151z\u00e9senk\u00e9nt 1,76 olyan helyzetet dolgozott ki, amelyn\u00e9l az xG el\u00e9ri vagy meghaladja a 0.2-t (ez k\u00f6zepes min\u0151s\u00e9g\u0171 vagy jobb lehet\u0151s\u00e9get jelent, egy tizenegyes xG-je 0.76). A franci\u00e1kn\u00e1l ugyanez az adat 3,31, a n\u00e9metekn\u00e9l 3,46, a portug\u00e1lokn\u00e1l 4,33. Ezt leford\u00edthatjuk \u00fagy: a magyar csapat meccsenk\u00e9nt 1-2 k\u00f6zepes vagy nagy lehet\u0151s\u00e9ggel sz\u00e1molhat, a francia \u00e9s a n\u00e9met 3-4 ilyennel, a portug\u00e1l 4-5-tel. Nem mindegy. A befejez\u0151 emberek szem\u00e9lye sem. Szalai \u00c1d\u00e1m \u00e9s Sallai Roland \u201eBundesliga-du\u00f3ja\u201d j\u00f3l kieg\u00e9sz\u00edti egym\u00e1st: Szalai \u00f3ri\u00e1si munkab\u00edr\u00e1sa, fizik\u00e1lis \u201ejelenl\u00e9te\u201d szinte p\u00f3tolhatatlan, Sallai pedig sebess\u00e9get \u00e9s tr\u00fckk\u00f6ss\u00e9get visz a t\u00e1mad\u00f3j\u00e1t\u00e9kba. Szalai szerepk\u00f6r\u00e9re viszont nincs egy az egyben megfelel\u0151 csere (<strong>Nikolics Nemanja<\/strong> \u00e9s <strong>Hahn J\u00e1nos<\/strong> sem er\u0151csat\u00e1r), Sallai k\u00f6nnyebben v\u00e1lthat\u00f3, \u00e1m nem Bundesliga-szint\u0171 t\u00e1mad\u00f3val \u2013 ez a Ciprus \u00e9s az \u00cdrorsz\u00e1g elleni felk\u00e9sz\u00fcl\u00e9si m\u00e9rk\u0151z\u00e9sen is l\u00e1tszott. Hi\u00e1ba cser\u00e9lgette a csat\u00e1rait Marco Rossi, Szalain k\u00edv\u00fcl \u00e9rdemi vesz\u00e9lyt m\u00e1s nem jelentett az ellenfelek kapuj\u00e1ra.\r\n\r\n<span class=\"highlight-block-small\">Ha levessz\u00fck az Andorra \u00e9s a San Marino elleni tal\u00e1lkoz\u00f3kat, azt l\u00e1thatjuk, hogy a magyar csapat meccsenk\u00e9nt egy k\u00f6zepes vagy jobb min\u0151s\u00e9g\u0171 helyzetet dolgoz ki.<\/span>\r\n\r\nCser\u00e9be kev\u00e9s lehet\u0151s\u00e9get is enged: a mini\u00e1llamok n\u00e9lk\u00fcl k\u00e9sz\u00fclt \u00f6sszevet\u00e9sben az ellenfeleknek is meccsenk\u00e9nt egy helyzet\u00fck volt \u2013 ez az\u00e9rt biztat\u00f3 \u00e9s a csapatv\u00e9dekez\u00e9s j\u00f3 m\u0171k\u00f6d\u00e9s\u00e9re utal. V\u00e1logatottunk a tavalyi \u00e9s az idei m\u00e9rk\u0151z\u00e9sein egy\u00e9bk\u00e9nt t\u00f6bb g\u00f3lt \u00e9r el ann\u00e1l, mint amit az xG-\u00e9rt\u00e9kek sugallnak, 18.89-es \u00f6sszes\u00edtett \u00e9rt\u00e9khez k\u00e9pest 23 g\u00f3l a \u201eterm\u00e9s\u201d, mondhatni, j\u00f3 volt a helyzetkihaszn\u00e1l\u00e1s \u00e9s beakadt n\u00e9h\u00e1ny olyan l\u00f6v\u00e9s, amelyre nem lehetett sz\u00e1m\u00edtani. El\u00e9g, ha Szoboszlai t\u00f6r\u00f6k\u00f6k, vagy Kalm\u00e1r bolg\u00e1rok elleni t\u00e1voli szabadr\u00fag\u00e1s\u00e1ra, net\u00e1n Szoboszlai Izland elleni, kvalifik\u00e1ci\u00f3t \u00e9r\u0151 fantasztikus sz\u00f3l\u00f3g\u00f3lj\u00e1ra gondolunk.\r\n<h2>Milyen a Rossi-csapat a nagyok ellen?<\/h2>\r\nEz az a k\u00e9rd\u00e9s, amelyre egyszer\u0171en nem tudunk v\u00e1laszt adni. Eddig k\u00e9t olyan csapattal m\u00e9rk\u0151z\u00f6tt meg Marco Rossi g\u00e1rd\u00e1ja, amely a legjobb t\u00edz k\u00f6z\u00f6tt volt a vil\u00e1granglist\u00e1n: a vb-ez\u00fcst\u00e9rmes Horv\u00e1torsz\u00e1ggal (brav\u00faros, 2\u20131-es gy\u0151zelem itthon, sima, 3\u20130-s veres\u00e9g idegenben), illetve Uruguayjal (2\u20131-es veres\u00e9g hazai p\u00e1ly\u00e1n). A franci\u00e1k \u00e9s a portug\u00e1lok most a legjobb \u00f6tben vannak a FIFA rangsor\u00e1ban (a 2., illetve az 5. helyen), a n\u00e9metek \u201ecsak\u201d 12.-ek, viszont mindh\u00e1rom csapat kerete er\u0151sebb, mint ak\u00e1r a horv\u00e1tok\u00e9, ak\u00e1r az uruguayiak\u00e9. Ilyen szt\u00e1rpar\u00e1d\u00e9val Rossi\u00e9k m\u00e9g nem n\u00e9ztek szembe. Az Eur\u00f3pa-bajnoks\u00e1gon olyan agresszivit\u00e1s\u00fa let\u00e1mad\u00e1ssal, olyan kvalit\u00e1s\u00fa j\u00e1t\u00e9kosokkal kell megk\u00fczdeni\u00fck, amellyel eddig nem.\r\n\r\nA hivatalos vil\u00e1granglist\u00e1t 1992-ben hozta l\u00e9tre a FIFA, az\u00f3ta a magyar v\u00e1logatott k\u00e9t legnagyobb brav\u00farja t\u00e9tm\u00e9rk\u0151z\u00e9sen a lajstromban akkor 4. horv\u00e1tok legy\u0151z\u00e9se (2019) \u00e9s a ranglista-5. sv\u00e9dek elleni siker (1995). A k\u00e9t id\u0151pont k\u00f6z\u00f6tt volt ugyan n\u00e9met- \u00e9s olaszver\u00e9s is, \u00e1m felk\u00e9sz\u00fcl\u00e9si m\u00e9rk\u0151z\u00e9sen. Olyan h\u00e1rom, egym\u00e1st k\u00f6vet\u0151 t\u00e9tm\u00e9rk\u0151z\u00e9sre, amely most k\u00f6vetkezik, embereml\u00e9kezet \u00f3ta nem volt p\u00e9lda. A magyar v\u00e1logatott a Nemzetek Lig\u00e1j\u00e1ban Oroszorsz\u00e1g, Szerbia \u00e9s T\u00f6r\u00f6korsz\u00e1g ellen bizony\u00edtotta, hogy az eur\u00f3pai fels\u0151 k\u00f6z\u00e9pmez\u0151nnyel egyenrang\u00fak\u00e9nt tudja felvenni a versenyt, \u00e1m az Eb-n \u00fajabb szintet kellene l\u00e9pni, e tri\u00f3n\u00e1l sokkal er\u0151sebb keret\u0171 ellenfelekkel szemben. Az NL-brav\u00farok eredm\u00e9nye az, hogy Magyarorsz\u00e1g 2022\u20132023-ban m\u00e1r a legjobbak k\u00f6z\u00f6tt, az A-lig\u00e1ban szerepelhet; mondhatni, az Eb-n k\u00e9sz\u00fclhet arra, hogy milyen, amikor csak az elitb\u0151l \u00e9rkeznek az ellenfelek. A k\u00f6zvetlen \u00e9lvonal \u00e9s a t\u00f6bbiek k\u00f6zti szakad\u00e9kot azonban j\u00f3l mutatja, hogy a legut\u00f3bbi Nemzetek Lig\u00e1ja-ki\u00edr\u00e1sban az A-lig\u00e1ban szerepl\u0151 bosny\u00e1kok 2 pontot szereztek, az izlandiak pedig pont n\u00e9lk\u00fcl, 3\u201317-es g\u00f3lk\u00fcl\u00f6nbs\u00e9ggel z\u00e1rtak. Ez m\u00e1r az a szint, amelyen szinte lehetetlen elt\u00fcntetni a k\u00fcl\u00f6nbs\u00e9geket.\r\n\r\nA \u201eszinte\u201d sz\u00f3ban lehet b\u00edzni. Ahogy lehet b\u00edzni az els\u0151 k\u00e9t m\u00e9rk\u0151z\u00e9sen a magyar k\u00f6z\u00f6ns\u00e9gben, no meg a csod\u00e1ban is \u2013 a v\u00e1logatott nyilv\u00e1n nem megy, nem mehet ki \u00fagy a Pusk\u00e1s Ar\u00e9na gyep\u00e9re, hogy es\u00e9lytelennek tartja mag\u00e1t. A futball legszebb von\u00e1sa, hogy a t\u00f6bbi labdaj\u00e1t\u00e9khoz k\u00e9pest nagyobb a meglepet\u00e9s \u2013 a \u201ecsoda\u201d \u2013 es\u00e9lye. Ett\u0151l m\u00e9g\r\n\r\n<span class=\"highlight-block-small\">nem pesszimist\u00e1k, hanem realist\u00e1k vagyunk, ha \u00fagy gondoljuk, a pontszerz\u00e9s is brav\u00far, \u00e9s a magyar v\u00e1logatott sz\u00e1m\u00e1ra a pap\u00edrforma a csoport negyedik helye.<\/span>\r\n\r\nMarco Rossi csapata tal\u00e1n az elm\u00falt 35 \u00e9v leger\u0151sebb magyar v\u00e1logatottja. Ha nem csoportnegyedikk\u00e9nt v\u00e9gez az Eb-n, akkor az el\u0151z\u0151 mondatb\u00f3l a tal\u00e1n sz\u00f3t is kih\u00fazhatjuk. Mert nem lesz k\u00e9ts\u00e9g efel\u0151l.\r\n\r\n<iframe class=\"flourish-embed-iframe\" style=\"width: 100%;height: 600px\" title=\"Interactive or visual content\" src=\"https:\/\/flo.uri.sh\/visualisation\/6390435\/embed\" frameborder=\"0\" scrolling=\"no\"><\/iframe>\r\n<div style=\"width: 100%!;margin-top: 4px!important;text-align: right!important\"><a class=\"flourish-credit\" style=\"text-decoration: none!important\" href=\"https:\/\/public.flourish.studio\/visualisation\/6390435\/?utm_source=embed&amp;utm_campaign=visualisation\/6390435\" target=\"_top\" rel=\"noopener noreferrer\"><img style=\"width: 105px!important;height: 16px!important;border: none!important;margin: 0!important\" src=\"https:\/\/public.flourish.studio\/resources\/made_with_flourish.svg\" alt=\"Made with Flourish\" \/> <\/a><\/div>\r\n[prefabricated_shortcode in_app=\"0\" code=\"%3Cdiv%20class%3D%22article_box_border%22%20style%3D%22background%3A%20url%28%27https%3A%2F%2F24.p3k.hu%2Fapp%2Fuploads%2Fsites%2F24%2F2021%2F05%2Fsport24-pattern.png%27%29%20no-repeat%20left%20-16px%20%23f3f3f4%3B%20border%3A%20none%3B%22%3E%0D%0A%3Cdiv%20class%3D%22article_solidheader%22%3E%0D%0A%3Ch2%20style%3D%22color%3A%20%23111115%21important%3B%20font-size%3A%2036px%3B%20font-weight%3A%20bold%3B%20margin-bottom%3A%2030px%3B%20margin-top%3A%2020px%3B%20text-align%3A%20center%3B%20line-height%3A%2036px%3B%22%3E%3Cimg%20class%3D%22aligncenter%20size-full%20wp-image-141%22%20src%3D%22https%3A%2F%2F24.p3k.hu%2Fapp%2Fuploads%2Fsites%2F24%2F2021%2F05%2Fs24-logo-dt.png%22%20alt%3D%22%22%20width%3D%22408%22%20height%3D%2290%22%20%2F%3E%3C%2Fh2%3E%0D%0A%3Ch2%20style%3D%22color%3A%20%23111115%21important%3B%20font-size%3A%2036px%3B%20font-weight%3A%20bold%3B%20margin-bottom%3A%2030px%3B%20margin-top%3A%2020px%3B%20text-align%3A%20center%3B%20line-height%3A%2040px%3B%22%3ECsatlakozz%20a%20Sport24%20k%C3%B6z%C3%B6ss%C3%A9ghez%2C%20mondd%20el%20v%C3%A9lem%C3%A9nyedet%20z%C3%A1rt%20Facebook-csoportunkban%2C%20%C3%A9s%20vegy%C3%A9l%20r%C3%A9szt%20csak%20el%C5%91fizet%C5%91knek%20el%C3%A9rhet%C5%91%20exkluz%C3%ADv%20esem%C3%A9nyeinken.%3C%2Fh2%3E%0D%0A%3C%2Fdiv%3E%0D%0A%3Cp%20style%3D%22background%3A%20%2357A600%3B%20margin-top%3A%2020px%3B%20padding%3A%2020px%3B%20text-align%3A%20center%3B%22%3E%3Ca%20style%3D%22color%3A%20%23ffffff%3B%20font-size%3A%2026px%3B%20font-weight%3A%20600%3B%22%20href%3D%22https%3A%2F%2Fwww.facebook.com%2Fgroups%2F212344460412327%22%3ECSATLAKOZOM%3C%2Fa%3E%3C%2Fp%3E%0D%0A%0D%0A%3C%2Fdiv%3E\"]","type":"rich","thumbnail_url":"https:\/\/s.24.hu\/app\/uploads\/sites\/24\/2021\/06\/valogatott-150x150.jpg","thumbnail_width":150,"thumbnail_height":150}