{"version":"1.0","provider_name":"Sport24","provider_url":"https:\/\/sport24.24.hu","author_name":"Bruckner G\u00e1bor","author_url":"https:\/\/sport24.24.hu\/author\/brucknerg\/","title":"Lewandowski\u00e9k \u00e9lnek, de a kilences halott?","html":"<strong>Robert Lewandowski<\/strong> az aranyf\u00e9ny\u0171, de Aranylabd\u00e1t pokoli igazs\u00e1gtalan m\u00f3don nem hoz\u00f3 2019\/20-as id\u00e9ny ut\u00e1n a 2020\/21-esben is remekelt, 29 bajnokin 41 g\u00f3lt szerzett, megd\u00f6ntve <strong>Gerd M\u00fcller<\/strong> 40 g\u00f3los Bundesliga-szezoncs\u00facs\u00e1t. Harminck\u00e9t \u00e9vesen p\u00e1lyafut\u00e1sa zenitj\u00e9n van. A 34 \u00e9ves <strong>Luis Su\u00e1rez<\/strong> f\u0151szerepet j\u00e1tszott az Atl\u00e9tico Madrid bajnoki c\u00edm\u00e9ben, az \u0151 tal\u00e1lata d\u00f6nt\u00f6tt a La Liga els\u0151 hely\u00e9r\u0151l. A 33 \u00e9ves <strong>Sergio Ag\u00fcero<\/strong> az elvesztett BL-d\u00f6nt\u0151 f\u00e1jdalm\u00e1val, de angol bajnokk\u00e9nt t\u00e1vozott a Manchester Cityt\u0151l, megd\u00f6nt\u00f6tte <strong>Wayne Rooney<\/strong> Premier League-rekordj\u00e1t (egy klubban szerzett legt\u00f6bb PL-g\u00f3l), \u00e9s tov\u00e1bb\u00e1llt a Barcelon\u00e1hoz. <strong>Karim Benzema<\/strong> sorozatban a harmadik bajnoki \u00e9vad\u00e1ban \u00e9rt el h\u00faszn\u00e1l t\u00f6bb g\u00f3lt \u2013 ez kor\u00e1bban sosem siker\u00fclt neki \u2013, \u00e9s 33 \u00e9vesen visszah\u00edvt\u00e1k a francia v\u00e1logatottba, amelyben tov\u00e1bbra is sz\u00e1molnak a 34 \u00e9ves <strong>Olivier Giroud-val<\/strong>. <strong>Edinson Cavani<\/strong> 34 esztend\u0151sen fontos fogasker\u00e9k a Manchester United g\u00e9pezet\u00e9ben. <strong>Zlatan Ibrahimovic<\/strong> k\u00f6zel a negyvenhez s\u00e9r\u00fcl\u00e9s\u00e9ig a h\u00e1t\u00e1n cipelte az AC Milant.\r\n\r\nMind k\u00f6z\u00e9pcsat\u00e1rok \u2013 m\u00e9g ha elt\u00e9r\u0151 st\u00edlus\u00faak is \u2013 \u00e9s mind kulcsszerepl\u0151k a harmincon t\u00fal. Ahogyan a magyar v\u00e1logatottb\u00f3l is \u201ekirobbanthatatlan\u201d 33 \u00e9vesen a center-csapatkapit\u00e1ny, <strong>Szalai \u00c1d\u00e1m<\/strong>. El\u00f6regedett a \u201ekilences\u201d posztja? Centerhi\u00e1ny \u00e1ll el\u0151, az egekbe h\u00fazva az <strong>Erling Haalandhoz<\/strong> hasonl\u00f3 csat\u00e1rok \u00e1r\u00e1t? Megv\u00e1ltozik egy poszt, amelynek a futballt\u00f6rt\u00e9nelem nagy r\u00e9sz\u00e9ben kiemelt szerepe volt? Lehet, hogy a kilences t\u00e9nyleg nem l\u00e9tfontoss\u00e1g\u00fa?\r\n<h2>Specialist\u00e1k helyett hibridek<\/h2>\r\n\u201eModern t\u00e1mad\u00f3 vagyok, aki mindenhol bevethet\u0151. R\u00e9gebben valaki kilences volt, vagy tizenegyes, vagy hetes \u2013 specialist\u00e1k j\u00e1tszott\u00e1k a futballt. \u00c9n ezzel szemben j\u00e1tszottam m\u00e1r egyed\u00fcli csat\u00e1rt, szerepeltem a bal \u00e9s jobb sz\u00e9len is\u201d \u2013 \u00edgy sz\u00f3l <strong>Kylian Mbapp\u00e9<\/strong> \u00f6nmeghat\u00e1roz\u00e1sa, amit <a href=\"https:\/\/www.esquire.com\/uk\/culture\/a36530130\/kylian-mbappe-is-born-to-run\/\" target=\"_blank\" rel=\"noopener noreferrer\">az Esquire magazinban megjelent interj\u00faban<\/a> <strong>Simon Kupernek<\/strong> adott.\r\n\r\nHa megn\u00e9zz\u00fck Mbapp\u00e9 h\u0151t\u00e9rk\u00e9p\u00e9t, ugyanez rajzol\u00f3dik ki: a vil\u00e1gklasszis francia csat\u00e1r legink\u00e1bb \u201ef\u00e9l tizenegyes\u201d, a legt\u00f6bbsz\u00f6r a p\u00e1lya bal oldal\u00e1ra h\u00faz\u00f3dva dolgozik, \u00e1m a taktikai rajzokon gyakran k\u00f6z\u00e9pcsat\u00e1rk\u00e9nt bukkan fel, aki \u201emellesleg\u201d ugyan\u00fagy tud bal \u00e9s jobb oldali t\u00e1mad\u00f3t is j\u00e1tszani. Sz\u00e9lv\u00e9szgyors, okos, t\u00f6bb fel\u00e1ll\u00e1sban is bevethet\u0151, atletikus \u00e9s k\u00f6nnyed \u2013 a huszonegyedik sz\u00e1zadi t\u00e1mad\u00f3 protot\u00edpusa lehetne. S nem specialista \u2013 nem \u00fagy, mint egy center.\r\n\r\nAmikor k\u00fclf\u00f6ldi j\u00e1t\u00e9kos-megfigyel\u0151ket k\u00e9rdezt\u00fcnk arr\u00f3l, hogy n\u00e1luk mennyire \u00e9rz\u0151dik a \u201ekilenceshi\u00e1ny\u201d, nem sokat gondolkodtak a v\u00e1laszon.\r\n\r\n\u201eA klasszikus kilences halott. A hibrid csat\u00e1rok egyre ink\u00e1bb \u00e1tveszik a hely\u00e9t nemcsak Eur\u00f3p\u00e1ban, hanem Afrik\u00e1ban is\u201d \u2013 v\u00e9lekedett egy osztr\u00e1k scout, aki saj\u00e1t orsz\u00e1ga mellett els\u0151sorban Nig\u00e9ri\u00e1t figyeli meg.\r\n<div class=\"payable-content-section\"><\/div>\r\n\u201eEgy gener\u00e1ci\u00f3nyi kilences kiesett. Szerintem ez a csat\u00e1rokkal kapcsolatos, k\u00e9s\u0151 2000-es, kora 2010-es \u00e9vekbeli spanyol \u00e9s n\u00e9met felfog\u00e1sb\u00f3l sziv\u00e1roghatott be, hiszen ezekben a rendk\u00edv\u00fcl sikeres futballkult\u00far\u00e1kban gyakoriv\u00e1 v\u00e1lt a hamis kilences vagy a nem tipikus kilences szerepeltet\u00e9se. M\u00e1s orsz\u00e1gokban innen vett\u00e9k \u00e1t a koncepci\u00f3t. A mai csat\u00e1roknak sokkal t\u00f6bbet kell tudniuk, mint csup\u00e1n a kapu el\u0151tt lenni \u00e9s g\u00f3lokat szerezni, egy agressz\u00edv presszingen alapul\u00f3 rendszerben r\u00e1ad\u00e1sul a gyors, agilis t\u00e1mad\u00f3k el\u0151nyt \u00e9lvezhetnek\u201d \u2013 magyar\u00e1zta egy sv\u00e1jci koll\u00e9g\u00e1ja, hozz\u00e1t\u00e9ve, ennek ellen\u00e9re a klasszikus kilences m\u00e9g mindig nagyon hasznos lehet a csapatoknak.\r\n\r\n<span class=\"highlight-block-small\">N\u00e9zz\u00fck meg az Eur\u00f3pa-bajnoks\u00e1gra nevezett keretek kilenceseit! Az \u00e1tlag\u00e9letkor 28,25 \u00e9v. Ha a v\u00e1rhat\u00f3 kezd\u0151csapatok k\u00f6z\u00e9pcsat\u00e1rait n\u00e9zz\u00fck meg, az \u00e1tlag\u00e9letkor tov\u00e1bb n\u0151, majdnem 29,5 \u00e9vre. <\/span>\r\n\r\nHa ezek ut\u00e1n megvizsg\u00e1ljuk az 1988\u20132020 (2021) k\u00f6zti Eur\u00f3pa-bajnoks\u00e1gokon a kezd\u0151csapatokban figyelembe vett centerek \u00e1tlag\u00e9letkor\u00e1t, nagy ugr\u00e1sra lesz\u00fcnk figyelmesek: az \u00e1tlag\u00e9letkor mindig is viszonylag magas volt (26 \u00e9s 27,15 \u00e9v k\u00f6z\u00f6tt), \u00e1m most a 29,5-\u00f6t k\u00f6zel\u00edti. Ha Zlatan Ibrahimovic nem s\u00e9r\u00fclt volna meg, alighanem m\u00e9g feljebb lenne\u2026\r\n<iframe class=\"flourish-embed-iframe\" style=\"width: 100%;height: 600px\" title=\"Interactive or visual content\" src=\"https:\/\/flo.uri.sh\/visualisation\/6340436\/embed\" frameborder=\"0\" scrolling=\"no\"><\/iframe>\r\n<div style=\"width: 100%!;margin-top: 4px!important;text-align: right!important\"><a class=\"flourish-credit\" style=\"text-decoration: none!important\" href=\"https:\/\/public.flourish.studio\/visualisation\/6340436\/?utm_source=embed&amp;utm_campaign=visualisation\/6340436\" target=\"_top\" rel=\"noopener noreferrer\"><img style=\"width: 105px!important;height: 16px!important;border: none!important;margin: 0!important\" src=\"https:\/\/public.flourish.studio\/resources\/made_with_flourish.svg\" alt=\"Made with Flourish\" \/> <\/a><\/div>\r\n<iframe class=\"flourish-embed-iframe\" style=\"width: 100%;height: 600px\" title=\"Interactive or visual content\" src=\"https:\/\/flo.uri.sh\/visualisation\/6341910\/embed\" frameborder=\"0\" scrolling=\"no\"><\/iframe>\r\n<div style=\"width: 100%!;margin-top: 4px!important;text-align: right!important\"><a class=\"flourish-credit\" style=\"text-decoration: none!important\" href=\"https:\/\/public.flourish.studio\/visualisation\/6341910\/?utm_source=embed&amp;utm_campaign=visualisation\/6341910\" target=\"_top\" rel=\"noopener noreferrer\"><img style=\"width: 105px!important;height: 16px!important;border: none!important;margin: 0!important\" src=\"https:\/\/public.flourish.studio\/resources\/made_with_flourish.svg\" alt=\"Made with Flourish\" \/> <\/a><\/div>\r\n<h2>J\u00f3 az \u00f6reg a h\u00e1zn\u00e1l (ha center)<\/h2>\r\nAz, hogy a legmagasabb szint\u0171 torn\u00e1kon \u201e\u00f6regszik\u201d a mez\u0151ny, \u00f6nmag\u00e1ban nem meglepet\u00e9s. <strong>Anton Kal\u00e9n<\/strong> \u00e9s t\u00e1rsai <a href=\"https:\/\/www.researchgate.net\/publication\/330675039_Are_Soccer_Players_Older_Now_Than_Before_Aging_Trends_and_Market_Value_in_the_Last_Three_Decades_of_the_UEFA_Champions_League\" target=\"_blank\" rel=\"noopener noreferrer\">egy tanulm\u00e1nyukban<\/a>, melyben a Bajnokok Lig\u00e1ja kortrendjeit vizsg\u00e1lt\u00e1k, a sporttudom\u00e1nyos h\u00e1tt\u00e9r javul\u00e1s\u00e1t (er\u0151nl\u00e9ti edz\u0151k, dietetikusok, elemz\u0151r\u00e9szlegek alkalmaz\u00e1sa, hat\u00e9konyabb rehabilit\u00e1ci\u00f3s lehet\u0151s\u00e9gek) \u00e9s a jobb infrastrukt\u00far\u00e1t eml\u00edtik ennek val\u00f3sz\u00edn\u0171 okak\u00e9nt. T\u00e1mad\u00f3k eset\u00e9ben hozz\u00e1j\u00e1rulhat az is a p\u00e1lyafut\u00e1s meghosszabbod\u00e1s\u00e1hoz, hogy a j\u00e1t\u00e9kvezet\u0151i felfog\u00e1s a kor\u00e1bban megszokottn\u00e1l jobban v\u00e9di \u0151ket.\r\n\r\nAmikor az adatelemz\u0151 <strong>Michael Caley<\/strong><a href=\"https:\/\/www.espn.com\/soccer\/blog\/tactics-and-analysis\/67\/post\/3056495\/soccer-age-curves-show-goalkeepers-and-central-defenders-peak-latest\" target=\"_blank\" rel=\"noopener noreferrer\"> hossz\u00fa cikket \u00edrt az ESPN-re<\/a> a j\u00e1t\u00e9kosok \u201ekorf\u00e1j\u00e1r\u00f3l\u201d, a k\u00f6vetkez\u0151 sorrendet \u00e1ll\u00edtotta fel a leghamarabb hanyatl\u00f3kt\u00f3l a legk\u00e9s\u0151bb hanyatl\u00f3kig:\r\n\r\n\u00b7\u00a0\u00a0\u00a0\u00a0\u00a0\u00a0\u00a0\u00a0 sz\u00e9ls\u0151 t\u00e1mad\u00f3k\r\n\r\n\u00b7\u00a0\u00a0\u00a0\u00a0\u00a0\u00a0\u00a0\u00a0 k\u00f6z\u00e9ps\u0151 t\u00e1mad\u00f3 k\u00f6z\u00e9pp\u00e1ly\u00e1sok\r\n\r\n\u00b7\u00a0\u00a0\u00a0\u00a0\u00a0\u00a0\u00a0\u00a0 sz\u00e9ls\u0151h\u00e1tv\u00e9dek\r\n\r\n\u00b7\u00a0\u00a0\u00a0\u00a0\u00a0\u00a0\u00a0\u00a0 k\u00f6z\u00e9ps\u0151 k\u00f6z\u00e9pp\u00e1ly\u00e1sok\r\n\r\n\u00b7\u00a0\u00a0\u00a0\u00a0\u00a0\u00a0\u00a0\u00a0 (k\u00f6z\u00e9p)csat\u00e1rok\r\n\r\n\u00b7\u00a0\u00a0\u00a0\u00a0\u00a0\u00a0\u00a0\u00a0 k\u00f6z\u00e9ph\u00e1tv\u00e9dek\r\n\r\n\u00b7\u00a0\u00a0\u00a0\u00a0\u00a0\u00a0\u00a0\u00a0 kapusok\r\n\r\nMeglepet\u00e9s itt sincs, a sz\u00e9ls\u0151k kulcsfontoss\u00e1g\u00fa tulajdons\u00e1ga a gyorsul\u00e1s, a v\u00e9gsebess\u00e9g \u00e9s az agilit\u00e1s. Mindh\u00e1rom visszaesik az \u201e\u00f6reged\u00e9ssel\u201d, \u00edgy gyakran a sz\u00e9len kezd\u0151 j\u00e1t\u00e9kosok k\u00f6z\u00e9pen fejezik be karrierj\u00fcket (l\u00e1sd Cristiano Ronald\u00f3t, aki klasszikus sz\u00e9ls\u0151k\u00e9nt t\u0171nt fel a sz\u00ednen, t\u00fck\u00f6rsz\u00e9ls\u0151k\u00e9nt \u00e9rte el legnagyobb sikereit, most pedig legink\u00e1bb centert j\u00e1tszik). A korral viszont, <a href=\"https:\/\/barcainnovationhub.com\/the-influence-of-age-on-footballers-performance\/\" target=\"_blank\" rel=\"noopener noreferrer\">\u00fagy t\u0171nik, javul a technikai-taktikai teljes\u00edtm\u00e9ny<\/a>: <strong>Hugo Folgado<\/strong> \u00e9s t\u00e1rsai \u00fagy tal\u00e1lt\u00e1k, a 30 f\u00f6l\u00f6tti j\u00e1t\u00e9kosok d\u00f6nt\u00e9shozatala, koordin\u00e1ci\u00f3ja \u00e9s a j\u00e1t\u00e9kintelligenci\u00e1ja is fel\u00fclm\u00falja a fiatalabbak\u00e9t.\r\n\r\n<span class=\"highlight-block\">A k\u00f6z\u00e9pcsat\u00e1rok viszonylag k\u00e9s\u0151n kezdenek hanyatlani, <\/span>\r\n\r\nrutinjuk seg\u00edt az el\u0151tt\u00fck ad\u00f3d\u00f3 szitu\u00e1ci\u00f3k megold\u00e1s\u00e1ban, aligha v\u00e9letlen a legut\u00f3bbi t\u00edz Eb-n a magas \u00e1tlag\u00e9letkor (26-27 \u00e9v; a m\u00e1r eml\u00edtett Kal\u00e9n-tanulm\u00e1ny szerint a t\u00e1mad\u00f3k 25 k\u00f6r\u00fcl teljesednek ki). A mostani \u00e1tlag\u00e9letkor-emelked\u00e9s viszont arra utalhat, hogy elapadt az ut\u00e1np\u00f3tl\u00e1s a legmagasabb szinten bevethet\u0151 centerekb\u0151l, az igaz\u00e1n j\u00f3 k\u00f6z\u00e9pcsat\u00e1rok \u00edgy harmincon f\u00f6l\u00fcl is meg\u0151rzik a hely\u00fcket.\r\n\r\nAz Eur\u00f3pa-bajnoks\u00e1gon a legfiatalabb, kezd\u0151csapatban figyelembe vett k\u00f6z\u00e9pcsat\u00e1r val\u00f3sz\u00edn\u0171leg az osztr\u00e1kok 23 esztend\u0151s \u201etornya\u201d, a k\u00e9tm\u00e9teres <strong>Sasa Kalajdzic<\/strong> lesz. E poszton szupertehets\u00e9g alig van a l\u00e1that\u00e1ron, az egy\u00e9rtelm\u0171en legjobb fiatal kilences, Erling Haaland nem jutott ki Norv\u00e9gi\u00e1val a torn\u00e1ra, a sv\u00e9d <strong>Alexander Isakot<\/strong> \u00e9rdemes lesz figyelni. Bezzeg harminc f\u00f6l\u00f6tti center! Menj\u00fcnk \u00e9rt\u00e9ksorrendben (a Transfermarkt becsl\u00e9se alapj\u00e1n)! Robert Lewandowski (Lengyelorsz\u00e1g), Cristiano Ronaldo (Portug\u00e1lia), Ciro Immobile (Olaszorsz\u00e1g), Karim Benzema (Franciaorsz\u00e1g), Artyjom Dzjuba (Oroszorsz\u00e1g),<strong> Teemu Pukki<\/strong> (Finnorsz\u00e1g), Burak Yilmaz (T\u00f6r\u00f6korsz\u00e1g), <strong>Mario Gavranovic<\/strong> (Sv\u00e1jc), <strong>Marcus Berg (<\/strong>Sv\u00e9dorsz\u00e1g), Szalai \u00c1d\u00e1m (Magyarorsz\u00e1g), \u00e9s m\u00e1r fel is soroltuk a 24 egy\u00fcttesb\u0151l 10 kezd\u0151csapat\u00e1nak v\u00e1rhat\u00f3 k\u00f6z\u00e9pcsat\u00e1r\u00e1t. Az angol FourFourTwo az id\u00e9n t\u00edzes list\u00e1t k\u00e9sz\u00edtett a vil\u00e1g legjobb k\u00f6z\u00e9pcsat\u00e1rair\u00f3l, a t\u00edzb\u0151l heten elm\u00faltak 27 \u00e9vesek \u00e9s \u00f6ten m\u00e1r a harmincas \u00e9veikben j\u00e1rnak.\r\n\r\n[caption id=\"attachment_660\" align=\"alignnone\" width=\"1024\"]<img class=\"size-large wp-image-660\" src=\"https:\/\/sport24.24.hu\/app\/uploads\/sites\/24\/2021\/06\/gettyimages-1315656676-1024x629.jpg\" alt=\"\" width=\"1024\" height=\"629\" \/> Teemu Pukki ( k\u00f6z\u00e9pen ) a Reading v\u00e9d\u0151inek gy\u0171r\u0171j\u00e9ben.[\/caption]\r\n\r\nA magyar v\u00e1logatott p\u00e9ld\u00e1ja j\u00f3l mutatja, mekkora \u0171r lehet a rutinos center(ek) m\u00f6g\u00f6tt. Szalai \u00c1d\u00e1m 2009. febru\u00e1r 11-\u00e9n mutatkozott be a nemzeti csapatban, ekkor <strong>Erwin Koeman<\/strong> volt a sz\u00f6vets\u00e9gi kapit\u00e1ny. J\u00e1tszatta az \u00e1lland\u00f3 megb\u00edz\u00e1ssal kinevezett szakvezet\u0151k k\u00f6z\u00fcl Koemanon k\u00edv\u00fcl <strong>Egerv\u00e1ri S\u00e1ndor, D\u00e1rdai P\u00e1l, Bernd Storck, Georges Leekens<\/strong> \u00e9s <strong>Marco Rossi<\/strong> \u2013 azaz <strong>Pint\u00e9r Attil\u00e1n<\/strong> k\u00edv\u00fcl (aki 2013 v\u00e9g\u00e9n, a hollandok elleni 8\u20131-es veres\u00e9g ut\u00e1n kik\u00e9rte mag\u00e1nak Szalai magyar futballal szemben megfogalmazott kritik\u00e1j\u00e1t) mindenki.\r\n\r\n<span class=\"highlight-block-small\">B\u00e1rmennyi b\u00edr\u00e1latot is kap Szalai a lel\u00e1t\u00f3r\u00f3l, egyr\u00e9szt nem rossz az eredm\u00e9nyess\u00e9ge, m\u00e1sr\u00e9szt \u00e9gen-f\u00f6ld\u00f6n nincs senki, aki ugyanazt, ugyanolyan sz\u00ednvonalon hozn\u00e1, mint \u0151. <\/span>\r\n\r\nSokatmond\u00f3, hogy Rossi h\u00e1rom centert nevezett az Eb-re: Szalait (33 \u00e9ves, target man, azaz \u201ec\u00e9lember\u201d, magas, er\u0151s k\u00f6z\u00e9pcsat\u00e1r), akinek a cser\u00e9je <strong>Nikolics Nemanja<\/strong> (33 \u00e9ves, poacher, lesipusk\u00e1s) \u00e9s <strong>Hahn J\u00e1nos<\/strong> (26 \u00e9ves, szint\u00e9n poacher). Bevethet\u0151 kilencesk\u00e9nt <strong>Holender Filip<\/strong>, aki univerz\u00e1lis t\u00e1mad\u00f3j\u00e1t\u00e9kos, j\u00e1tszhat mindk\u00e9t sz\u00e9len, k\u00f6z\u00e9pen, s\u0151t, bal oldali sz\u00e1rnyv\u00e9d\u0151k\u00e9nt is. Szalai szerepk\u00f6r\u00e9re tulajdonk\u00e9ppen m\u00e9g csere sincs; b\u00e1rki, aki felv\u00e1ltja, m\u00e1s t\u00edpus\u00fa t\u00e1mad\u00f3 lesz.\r\n\r\nBaj ez? \u2013 k\u00e9rdezhetj\u00fck.\r\n\r\nNem felt\u00e9tlen\u00fcl.\r\n<h2>A Mbapp\u00e9k kora j\u00f6het, nem a Haalandok\u00e9<\/h2>\r\nB\u00e1r a k\u00f6z\u00e9pcsat\u00e1r, mint poszt, a futballt\u00f6rt\u00e9nelem sor\u00e1n szinte v\u00e9gig reflektorf\u00e9nyben volt, akadt j\u00f3 n\u00e9h\u00e1ny rendk\u00edv\u00fcl sikeres rendszer, amelyben bels\u0151 t\u00e1mad\u00f3k j\u00e1tszottak ugyan, center viszont nem. A bels\u0151 t\u00e1mad\u00f3 k\u00f6z\u00e9pp\u00e1ly\u00e1sok \u00e9s a mai \u201ehamis kilencesek\u201d el\u0151dj\u00e9nek tekinthetj\u00fck a visszavont k\u00f6z\u00e9pcsat\u00e1ros fel\u00e1ll\u00e1sokat, amelyek kidolgoz\u00e1s\u00e1ban kulcsszerep\u00fck volt a magyar edz\u0151knek. <strong>Holits \u00d6d\u00f6n<\/strong> 1935 \u00e1prilis\u00e1ban az MLSZ sportbizotts\u00e1g\u00e1ban tartott szakmai el\u0151ad\u00e1s\u00e1n center n\u00e9lk\u00fcli, visszavont k\u00f6z\u00e9pcsat\u00e1ros (\u201eEbben az alakzatban centercsat\u00e1r nincs. A csat\u00e1rsor a k\u00e9t sz\u00e1rnyb\u00f3l \u00e1ll.\u201d) j\u00e1t\u00e9kot javasolt a WM helyett a lesszab\u00e1ly v\u00e1ltoz\u00e1s\u00e1ra reag\u00e1lva, hozz\u00e1t\u00e9ve, a form\u00e1ci\u00f3 mindig csak keretrendszer, melyet meg kell t\u00f6lteni st\u00edlussal. A magyar bajnoks\u00e1gban a gyakorlatba is \u00e1t\u00fcltett\u00e9k az \u00f6tletet, a korabeli besz\u00e1mol\u00f3k szerint a Nemzeti pr\u00f3b\u00e1lkozott k\u00f6z\u00e9pcsat\u00e1r n\u00e9lk\u00fcli j\u00e1t\u00e9kkal. Ezzel egy id\u0151ben Franciaorsz\u00e1gban (a m\u00e1sodoszt\u00e1ly\u00fa Charleville csapat\u00e1ban, melynek kapit\u00e1nya a k\u00e9s\u0151bbi legend\u00e1s edz\u0151, <strong>Helenio Herrera<\/strong> volt) is megjelent a center n\u00e9lk\u00fcli fel\u00e1ll\u00e1s.\r\n\r\nA magyar v\u00e1logatott m\u00e1r a m\u00e1sodik vil\u00e1gh\u00e1bor\u00fa alatt t\u00f6bbsz\u00f6r j\u00e1tszott visszavont k\u00f6z\u00e9pcsat\u00e1rral, hogy a fel\u00e1ll\u00e1s azt\u00e1n <strong>Bukovi M\u00e1rton<\/strong>, majd <strong>Sebes Guszt\u00e1v<\/strong> edz\u0151i munk\u00e1j\u00e1n kereszt\u00fcl visszak\u00f6sz\u00f6nj\u00f6n az Aranycsapat taktik\u00e1j\u00e1ban is. Braz\u00edli\u00e1ban a magyar tapasztalatokat (is) be\u00e9p\u00edtve alak\u00edtott\u00e1k ki a 4\u20132\u20134-es fel\u00e1ll\u00e1st. A 4\u20132\u20134 ugyan ritk\u00e1n n\u00e9zett ki val\u00f3j\u00e1ban \u00edgy a p\u00e1ly\u00e1n, de \u201eelm\u00e9letben\u201d ez volt minden id\u0151k egyik legjobb v\u00e1logatottj\u00e1nak, az 1970-es vil\u00e1gbajnok brazil csapatnak a form\u00e1ci\u00f3ja. A brazil taktikai rajzok alapj\u00e1n kis t\u00falz\u00e1ssal mindenki mozgott mindenfel\u00e9, \u00e1m a l\u00e9nyeg: k\u00f6z\u00e9pcsat\u00e1r ebben a csapatban legfeljebb n\u00e9vleg volt, hiszen sem <strong>Pel\u00e9<\/strong>, sem <strong>Tostao<\/strong> nem sz\u00e1m\u00edtott a bels\u0151csat\u00e1rok k\u00f6z\u00fcl val\u00f3di kilencesnek, egy \u201ehamis kilences\u201d (Tostao) j\u00e1tszott egy t\u00edzes (Pel\u00e9) mellett. Ugyancsak neh\u00e9z lenne klasszikus k\u00f6z\u00e9pcsat\u00e1rnak nevezni a tot\u00e1lis futball holland apostol\u00e1t, <strong>Johan Cruyffot<\/strong>, akinek az \u00f6r\u00f6ks\u00e9ge napjaink csat\u00e1r n\u00e9lk\u00fcli fel\u00e1ll\u00e1saiban l\u00e1tszik. A k\u00f6z\u00f6s az eml\u00edtett legend\u00e1s v\u00e1logatottakban a rendk\u00edv\u00fcli rugalmass\u00e1guk \u00e9s a fluid, l\u00e1tv\u00e1nyos j\u00e1t\u00e9kuk.\r\n\r\nK\u00f6zben a kilencesnek egyre t\u00f6bb \u00e9s t\u00f6bb dolgot kellett megtanulnia: megmaradtak ugyan a centerek, de <strong>Jonathan Wilson<\/strong> m\u00e1r Futballforradalmak c\u00edm\u0171 k\u00f6nyv\u00e9nek (els\u0151 kiad\u00e1s: 2008) z\u00e1r\u00f3 fejezet\u00e9ben a r\u00e9gim\u00f3di csat\u00e1rok \u201elass\u00fa hal\u00e1l\u00e1t\u201d j\u00f3solta, akiknek a hely\u00e9t \u00e1tveszik az univerz\u00e1lis t\u00e1mad\u00f3k.\r\n\r\n<span class=\"highlight-block-small\">Ahogyan a kos\u00e1rlabda is elmozdult a szigor\u00faan vett posztok n\u00e9lk\u00fcli ir\u00e1nyba, ugyanez t\u00f6rt\u00e9nik a futballban is. <\/span>\r\n\r\n\u201eA kos\u00e1rlabda egyre ink\u00e1bb poszt n\u00e9lk\u00fcli lesz \u00e9s mindink\u00e1bb a csapatj\u00e1t\u00e9kr\u00f3l sz\u00f3l\u201d \u2013 mutatott r\u00e1 h\u00e1rom \u00e9ve<strong> Drew Hanlen<\/strong> edz\u0151, amikor a v\u00e1ltoz\u00e1sokr\u00f3l k\u00e9rdezt\u00e9k. A kos\u00e1rlabda hely\u00e9re ak\u00e1r a labdar\u00fag\u00e1st is behelyettes\u00edthetn\u00e9nk, s a mondat ugyan\u00fagy igaz lenne.\r\n\r\nRobert Lewandowski, <strong>Harry Kane<\/strong> vagy Karim Benzema m\u00e9g \u201eigazi\u201d kilences. \u00c1m \u0151k meg is haladt\u00e1k a posztot, j\u00f3val t\u00f6bbet tudnak ann\u00e1l, mint amit nemr\u00e9gen k\u00f6veteltek egy k\u00f6z\u00e9pcsat\u00e1rt\u00f3l (els\u0151sorban t\u00e1mad\u00e1s\u00e9p\u00edt\u00e9sben). Ahogy Benzema fogalmazott, \u0151 egy kilences, de egy t\u00edzes lelk\u00e9vel. Ha a most harmincon fel\u00fcl j\u00e1r\u00f3 centerek lel\u00e9pnek a sz\u00ednpadr\u00f3l, keletkezik egy v\u00e1kuum, amelyet val\u00f3sz\u00edn\u0171leg ink\u00e1bb Mbapp\u00e9k, mint Haalandok fognak bet\u00f6lteni \u2013 sokposztos t\u00e1mad\u00f3k, nem pedig v\u00e9rbeli kilencesek. Mbapp\u00e9nak az univerzalit\u00e1sa (minden csat\u00e1rposzton kiemelked\u0151t tud ny\u00fajtani), Haalandnak a ritkas\u00e1ga (alig akad hasonl\u00f3 fizik\u00e1lis param\u00e9terekkel b\u00fcszk\u00e9lked\u0151, egyben technikailag is nagyon k\u00e9pzett kilences) lesz az \u00e9rt\u00e9ke, ami\u00e9rt v\u00e1rhat\u00f3an rekord\u00f6sszegeket fognak fizetni. Az el\u0151bbinek azonban sokkal t\u00f6bb fiatal \u201ekl\u00f3nja\u201d van, mint az ut\u00f3bbinak; Haaland ink\u00e1bb kiv\u00e9telnek t\u0171nik.\r\n\r\nA futballt\u00f6rt\u00e9nelem azt sejteti, hogy a centerposzt egy id\u0151re tetszhalott \u00e1llapotba ker\u00fclhet, magas szinten egy ideig centerhi\u00e1ny \u00e1llhat el\u0151 \u00e9s univerz\u00e1lis t\u00e1mad\u00f3k vehetik \u00e1t a kilences posztj\u00e1t. Mivel a futball az \u00faj\u00edt\u00e1sokr\u00f3l, illetve az azokra adott reakci\u00f3kr\u00f3l sz\u00f3l, lehet, n\u00e9h\u00e1ny \u00e9v m\u00falva valaki kital\u00e1lja: a hagyom\u00e1nyos, \u201ek\u0151korszaki\u201d kilences pont olyasmi, ami megold\u00e1st ny\u00fajt egy aktu\u00e1lis futballprobl\u00e9m\u00e1ra. Sok szerepk\u00f6r (s\u00f6pr\u00f6get\u0151, ir\u00e1ny\u00edt\u00f3 k\u00f6z\u00e9pp\u00e1ly\u00e1s, vonalsz\u00e9ls\u0151, most a tradicion\u00e1lis center) \u201ehal\u00e1l\u00e1t\u201d j\u00f3solt\u00e1k m\u00e1r, de a hal\u00e1lb\u00f3l ink\u00e1bb \u00e1talakul\u00e1s lett.\r\n\r\nK\u00f6nnyen elk\u00e9pzelhet\u0151, hogy a 2021-re \u00e1tcs\u00faszott Eb \u00e9s a 2022-es vb lesz a hatty\u00fadala egy sor kiv\u00e1l\u00f3 k\u00f6z\u00e9pcsat\u00e1rnak. A k\u00f6vetkez\u0151 fejezetet m\u00e1r m\u00e1sok \u2013 t\u00f6bbs\u00e9g\u00fckben m\u00e1s t\u00edpus\u00fa t\u00e1mad\u00f3k \u2013 \u00edrhatj\u00e1k meg.\r\n\r\nAddig viszont: lehet, hogy a tradicion\u00e1lis kilences halott, de\r\n\r\n<span class=\"highlight-block\">Lewandowski\u00e9k ezeket a torn\u00e1kat m\u00e9g ki\u00e9lvezhetik.<\/span>\r\n\r\n[prefabricated_shortcode in_app=\"0\" code=\"%3Cdiv%20class%3D%22article_box_border%22%20style%3D%22background%3A%20url%28%27https%3A%2F%2F24.p3k.hu%2Fapp%2Fuploads%2Fsites%2F24%2F2021%2F05%2Fsport24-pattern.png%27%29%20no-repeat%20left%20-16px%20%23f3f3f4%3B%20border%3A%20none%3B%22%3E%0D%0A%3Cdiv%20class%3D%22article_solidheader%22%3E%0D%0A%3Ch2%20style%3D%22color%3A%20%23111115%21important%3B%20font-size%3A%2036px%3B%20font-weight%3A%20bold%3B%20margin-bottom%3A%2030px%3B%20margin-top%3A%2020px%3B%20text-align%3A%20center%3B%20line-height%3A%2036px%3B%22%3E%3Cimg%20class%3D%22aligncenter%20size-full%20wp-image-141%22%20src%3D%22https%3A%2F%2F24.p3k.hu%2Fapp%2Fuploads%2Fsites%2F24%2F2021%2F05%2Fs24-logo-dt.png%22%20alt%3D%22%22%20width%3D%22408%22%20height%3D%2290%22%20%2F%3E%3C%2Fh2%3E%0D%0A%3Ch2%20style%3D%22color%3A%20%23111115%21important%3B%20font-size%3A%2036px%3B%20font-weight%3A%20bold%3B%20margin-bottom%3A%2030px%3B%20margin-top%3A%2020px%3B%20text-align%3A%20center%3B%20line-height%3A%2040px%3B%22%3ECsatlakozz%20a%20Sport24%20k%C3%B6z%C3%B6ss%C3%A9ghez%2C%20mondd%20el%20v%C3%A9lem%C3%A9nyedet%20z%C3%A1rt%20Facebook-csoportunkban%2C%20%C3%A9s%20vegy%C3%A9l%20r%C3%A9szt%20csak%20el%C5%91fizet%C5%91knek%20el%C3%A9rhet%C5%91%20exkluz%C3%ADv%20esem%C3%A9nyeinken.%3C%2Fh2%3E%0D%0A%3C%2Fdiv%3E%0D%0A%3Cp%20style%3D%22background%3A%20%2357A600%3B%20margin-top%3A%2020px%3B%20padding%3A%2020px%3B%20text-align%3A%20center%3B%22%3E%3Ca%20style%3D%22color%3A%20%23ffffff%3B%20font-size%3A%2026px%3B%20font-weight%3A%20600%3B%22%20href%3D%22https%3A%2F%2Fwww.facebook.com%2Fgroups%2F212344460412327%22%3ECSATLAKOZOM%3C%2Fa%3E%3C%2Fp%3E%0D%0A%0D%0A%3C%2Fdiv%3E\"]","type":"rich","thumbnail_url":"https:\/\/s.24.hu\/app\/uploads\/sites\/24\/2021\/06\/gettyimages-1251043465-150x150.jpg","thumbnail_width":150,"thumbnail_height":150}