{"version":"1.0","provider_name":"Sport24","provider_url":"https:\/\/sport24.24.hu","author_name":"K\u00e1lnoki Kis Attila","author_url":"https:\/\/sport24.24.hu\/author\/kalnokia\/","title":"Ver\u00e9b Gy\u00f6rgy: H\u00edre ment, milyen b\u00e1tran repkedek","html":"Szokt\u00e1k mondani: \u00f6reg korodra, ha a szemetessel \u00e9s a hentessel j\u00f3ban vagy, nem lehet probl\u00e9m\u00e1d, mindben rendben van k\u00f6r\u00fcl\u00f6tted. No, nekem nincs sok t\u00edz milli\u00f3 forint a banksz\u00e1ml\u00e1mon, ellenben b\u00e1rhova megyek a v\u00e1rosban, mindenki megismer. Mik\u00f6zben \u00e1llok a pirosn\u00e1l, a villamosr\u00f3l id\u0151sek, fiatalok mosolyognak r\u00e1m. M\u00e1sok integetnek, el\u0151re k\u00f6sz\u00f6nnek. K\u00e9retlen\u00fcl kapok kedvezm\u00e9nyt a boltban. Legendak\u00e9nt kezelnek, pedig nem sz\u00fclettem annak.\r\n<h2>\u201eAzt a munk\u00e1t v\u00e9geztem, amit a koromnak megfelel\u0151en r\u00e1m b\u00edztak\u201d<\/h2>\r\nNem vagyok egy norv\u00e9g jegenye. A sportorvosn\u00e1l 176 centin\u00e9l meg\u00e1llt a m\u00e9r\u0151szalag. Isten nem \u00e1ldott meg tipikus kapus termettel, m\u00e9gis az v\u00e1lt bel\u0151lem. T\u00e1n nem is rossz. Egy borsodi faluban, M\u00e9r\u00e1n sz\u00fclettem, \u00e9s egy klasszikus, t\u00f6bbgener\u00e1ci\u00f3s, hossz\u00fa, torn\u00e1cos v\u00e1lyogh\u00e1zban n\u0151ttem fel. Nagymam\u00e1m lakott az utcafronton, a h\u00e1z k\u00f6z\u00e9ps\u0151 r\u00e9sz\u00e9t a szob\u00e1nk, konyh\u00e1nk foglalta el, majd az ist\u00e1ll\u00f3 \u00e9s a baromfiudvar k\u00f6vetkezett. A kert v\u00e9g\u00e9ben \u00e1llt a budi.\r\n<div class=\"payable-content-section\"><\/div>\r\n\u00c9desany\u00e1m h\u00e1ztart\u00e1sbelik\u00e9nt viselte gondunkat, \u00e9desap\u00e1m mez\u0151gazdas\u00e1gb\u00f3l tartotta el a csal\u00e1dot. Az \u00f6t hold f\u00f6ld\u00fcnk, az egy-egy tehen\u00fcnk \u00e9s lovunk, meg a baromfi adott munk\u00e1t b\u0151ven, cser\u00e9be kitermelte a csal\u00e1d eg\u00e9sz \u00e9ves \u00e9lelm\u00e9t, \u00e9s az \u00e1llatok takarm\u00e1ny\u00e1t is.\r\n\r\nAz \u00f6tvenes \u00e9vek elej\u00e9n a h\u00e1z k\u00f6r\u00fcl, \u00e9s a f\u00f6ldeken v\u00e9gzett munk\u00e1ra sz\u00fcks\u00e9gszer\u0171 k\u00f6teless\u00e9gk\u00e9nt tekintettek a feln\u0151ttek. Nekem is dolgoznom kellett, m\u00e9gsem \u00e9reztem a munk\u00e1t ny\u0171gnek. B\u00e1rmerre n\u00e9ztem azt l\u00e1ttam, minden puly\u00e1nak \u2013 a h\u00fagomnak is, aki dob\u00f3atl\u00e9tak\u00e9nt ifi v\u00e1logatotts\u00e1gig vitte, majd testnevel\u0151 lett bel\u0151le \u2013 seg\u00edteni kellett otthon. Ezt a mag\u00e1t\u00f3l \u00e9rtet\u0151d\u0151 mint\u00e1t k\u00f6vett\u00fck mi is, m\u00e1r eg\u00e9szen kicsik\u00e9nt. Mindig azt v\u00e9geztem, amit a koromnak megfelel\u0151en r\u00e1m b\u00edztak.\r\n<blockquote>Eleinte gazoltam, mert az a kukorica, a krumpli k\u00f6zt \u00e9s mindenhol fel\u00fct\u00f6tte a fej\u00e9t, ez\u00e9rt irtani kellett.<\/blockquote>\r\nAzt\u00e1n ahogy n\u0151ttem, er\u0151s\u00f6dtem, egyre komolyabb feladatokat kaptam. Iskol\u00e1s koromban ugyan a tanul\u00e1s \u00e1llt a sz\u00e1monk\u00e9r\u00e9s els\u0151 hely\u00e9n, \u00e1m ha kellett, mentem v\u00edz\u00e9rt a k\u00fatra, kap\u00e1ltam, etettem a j\u00f3sz\u00e1got, beseg\u00edtettem arat\u00e1sn\u00e1l, cs\u00e9pl\u00e9sn\u00e9l. Traktorr\u00f3l, g\u00e9pes\u00edt\u00e9sr\u0151l csup\u00e1n \u00e1lmodott az \u00e9desap\u00e1m, a talajmunk\u00e1kat, a b\u00faza, a kukorica, a krumpli, a cukorr\u00e9pa \u00fcltet\u00e9s\u00e9t, betakar\u00edt\u00e1s\u00e1t k\u00e9zi szersz\u00e1mokkal v\u00e9gezt\u00fck. Ap\u00e1m hentesmunk\u00e1t is v\u00e1llalt, ami annyit jelentett, hogy a t\u00e9li id\u0151szakban \u0151 v\u00e1gta a f\u00e9l falu disznaj\u00e1t. \u00cdgy ker\u00fclt h\u00fas, kolb\u00e1sz az asztalra. Az igazi kincsnek sz\u00e1m\u00edt\u00f3 cukor meg \u00fagy, hogy a megtermelt cukorr\u00e9p\u00e1t beadtuk a Szerencsi Cukorgy\u00e1rba \u2013 akkor m\u00e9g jav\u00e1ban m\u0171k\u00f6d\u00f6tt \u2013, ami\u00e9rt nem p\u00e9nzt, hanem nagy szem\u0171 kockacukrot kaptunk cser\u00e9be.\r\n\r\n<img class=\"aligncenter wp-image-186 size-full\" src=\"https:\/\/sport24.24.hu\/app\/uploads\/sites\/24\/2021\/05\/74025296.jpg\" alt=\"\" width=\"2000\" height=\"1331\" \/>\r\n<h2>\u201eAlighanem a g\u00f3lvonalra sz\u00fclettem\u201d<\/h2>\r\nA munka mellett b\u0151ven maradt lehet\u0151s\u00e9g\u00fcnk j\u00e1tszani is. \u00d6t\u00e9ves koromban kaptam az els\u0151 labd\u00e1mat. A miskolci nagyn\u00e9n\u00e9m f\u00e9rje lepett meg egy gumilasztival. Annyira hozz\u00e1m n\u0151tt, hogy hatvanhat \u00e9ve szoros bar\u00e1ts\u00e1g f\u0171z hozz\u00e1. Szabadid\u0151nkben h\u00f3nom al\u00e1 v\u00e1gtam a p\u00f6tty\u00f6st, \u00e9s mivel k\u00e9tsz\u00e1z m\u00e9teren bel\u00fcl n\u00e9gyen laktunk oszt\u00e1lyt\u00e1rsak, nem jelentett gondot \u00f6sszeverbuv\u00e1lni a csapatot. A falu k\u00f6zep\u00e9n \u00e1llt egy nagyobb \u00fcres telek. Gyakran futottunk ki oda, majd miut\u00e1n felparcell\u00e1zt\u00e1k, a falu v\u00e9g\u00e9n kialak\u00edtott \u00faj p\u00e1ly\u00e1ra j\u00e1rtunk focizni. Ha nem j\u00f6tt \u00f6ssze k\u00e9t csapatnyi gyerek, az utc\u00e1n, vagy a kert\u00fcnkben nyomtuk.\r\n\r\nA mi\u00e9nk, \u00e9s a szemben l\u00e9v\u0151 h\u00e1z nagy- \u00e9s kiskapuja szinte szemben \u00e1llt egym\u00e1ssal. Mivel csatorna, v\u00edzelvezet\u0151 \u00e1rok m\u00e9g nem l\u00e9tezett, a relat\u00edve sima f\u00f6ld\u00faton ker\u00edt\u00e9st\u0151l ker\u00edt\u00e9sig lehetett keresztben j\u00e1tszani. A szekereknek sz\u00e1nt nagykaput fejel\u00e9sre haszn\u00e1ltuk \u2013 kett\u0151 a kett\u0151, vagy egy az egy ellen, de a l\u00e9nyeg, hogy a stukk kett\u0151t \u00e9rt \u2013, a gyalogos ajt\u00f3t meg mintha a torin\u00f3z\u00e1sra tal\u00e1lt\u00e1k volna ki. Nyilv\u00e1n fogalmad sincs, mi a torin\u00f3z\u00e1s. Borsodban a kisp\u00e1ly\u00e1s, kiskapus fociz\u00e1st h\u00edvj\u00e1k \u00edgy. Oldalvonalat nem h\u00faztunk, mert minek, csak szimpl\u00e1n meghat\u00e1roztuk, a cirka m\u00e9ternyi sz\u00e9les kapuban cs\u00edp\u0151-, vagy der\u00e9kmagass\u00e1gig \u00e9r a g\u00f3l, azt\u00e1n ment a cselez\u00e9s, ajt\u00f3ra l\u00f6v\u00e9s napestig. A f\u00f6ldes \u00faton \u00f3r\u00e1kig tudtunk an\u00e9lk\u00fcl j\u00e1tszani, hogy egyetlen szek\u00e9r is arra j\u00f6tt volna.\r\n<blockquote class=\"small-quote\">Ha sz\u00e1lfa termetet nem is, remek rug\u00f3kat \u00f6r\u00f6k\u00f6ltem a sz\u00fcleimt\u0151l.<\/blockquote>\r\nAz iskolaudvaron \u00e1llt egy t\u00e1volugr\u00f3 g\u00f6d\u00f6r. Abban ugrottunk magasat is, persze szivacs, meg minden n\u00e9lk\u00fcl, csak \u00fagy a homokba. Nyolcadikos koromban 165 centit vittem \u00e1t. Nem hasm\u00e1nt, vagy \u00fagy, mint a mai magasugr\u00f3k, hanyatt, Fosburyvel, hanem oll\u00f3zva, vagyis \u00e1tl\u00e9p\u0151s technik\u00e1val. Kev\u00e9s h\u00edj\u00e1n \u00e1tugrottam a saj\u00e1t magass\u00e1gomat. Alighanem a g\u00f3lvonalra sz\u00fclettem, mert m\u00e1r az els\u0151 pillanatt\u00f3l im\u00e1dtam a kapuba \u00e1llni, a leveg\u0151ben rep\u00fclve, \u00faszva elkapni a magasan \u00e9rkez\u0151 labd\u00e1t.\r\n\r\nHogy legyen rendes focikapunk, egy fejsz\u00e9vel kiballagtunk a k\u00f6zeli f\u00fczesbe, kiv\u00e1gtunk p\u00e1r m\u00e9retes, egyenes \u00e1gat, hazacipelt\u00fck, majd az udvarunkon egy majdnem teljes m\u00e9ret\u0171 kaput \u00e1csoltunk bel\u0151l\u00fck. Az \u00e1ltal\u00e1nos iskola \u00e9vei alatt gyakran torn\u00e1ztattak ott az oszt\u00e1lyt\u00e1rsaim. Nem tudtak h\u00faszr\u00f3l, nekifut\u00e1sb\u00f3l bik\u00e1zni, mert ahhoz keskenynek bizonyult a porta, ez\u00e9rt nyolc-t\u00edz m\u00e9terr\u0151l \u00e1llva, vagy egy-k\u00e9t l\u00e9p\u00e9s ut\u00e1n durrantott\u00e1k r\u00e1 helyezve, vagy izomb\u00f3l.\r\n\r\nSz\u00fcnetekben a sulink oszt\u00e1lyai k\u00f6z\u00f6tt is zajlott a m\u00e9ta, ahogy a k\u00f6zeli falvak iskol\u00e1i is rendszeresen megm\u00e9rk\u0151ztek egym\u00e1s ellen. Ut\u00f3bbiakra csak a fels\u0151s\u00f6k j\u00e1rhattak. Ilyenkor bring\u00e1ra \u00fclt a csapat, \u00e9s a tesitan\u00e1r vezet\u00e9s\u00e9vel \u00e1tkerekezt\u00fcnk a szomsz\u00e9dba. Ezeken a rangad\u00f3kon is \u00e9n v\u00e9dtem.\r\n\r\nH\u00edre ment, milyen b\u00e1tran repkedek, ez\u00e9rt\r\n<blockquote>tizenh\u00e1rom-tizenn\u00e9gy \u00e9vesen m\u00e1r a falu megye egyes feln\u0151ttcsapat\u00e1nak az edz\u00e9sein is megengedt\u00e9k, hogy be\u00e1lljak.<\/blockquote>\r\nA heti h\u00e1rom gyakorl\u00e1son hamar hozz\u00e1szoktam az er\u0151sebb l\u00f6ketekhez, m\u00edg a neh\u00e9z, vizes, f\u0171z\u0151s b\u0151rlabda, amely akkor\u00e1t \u00fct\u00f6tt, mint Tyson, hamar megedzette a tenyeremet. Mivel gyakran el\u0151fordult, hogy a kapus, a t\u00e9esz traktorosa nem tudott elj\u00f6nni, mert a f\u00f6ld nem v\u00e1rt, h\u00e9tv\u00e9g\u00e9n is mennie kellett mel\u00f3zni, tizenn\u00e9gy \u00e9vesen m\u00e1r egy-egy bajnokira is be\u00e1llhattam a kapuba.\r\n\r\nH\u00e9tv\u00e9gente minimum sz\u00e1z\u00f6tven-k\u00e9tsz\u00e1z n\u00e9z\u0151 \u00e1llt az oldalvonal mellett, a nagyobb derbikre gyakran m\u00e9g Encsr\u0151l is \u00e1tj\u00f6ttek. A szurkol\u00f3k nem tr\u00e1g\u00e1rkodtak, mint manaps\u00e1g, legfeljebb olyan str\u00f3f\u00e1kat \u00fcv\u00f6lt\u00f6ttek k\u00f3rusban, mint: \u00c9g Szalaszend (M\u00e9ra melletti szomsz\u00e9d falu \u2013 <em>A szerk.<\/em>), mint a rongy, f\u00fcst\u00f6l, mint a tr\u00e1gyadomb! Nem szidott, any\u00e1zott, er\u0151szakoskodott, verekedett senki, a h\u00e9tv\u00e9gi meccs nem a fesz\u00fclts\u00e9g levezet\u00e9s\u00e9t, hanem a tiszta sz\u00f3rakoz\u00e1st szolg\u00e1lta.\r\n\r\n<img class=\"aligncenter wp-image-187 size-full\" src=\"https:\/\/sport24.24.hu\/app\/uploads\/sites\/24\/2021\/05\/74025270.jpg\" alt=\"\" width=\"2000\" height=\"1331\" \/>\r\n<h2>\u201eBandi b\u00e1csi, a fia ki van v\u00e1lasztva\u201d<\/h2>\r\nHatvanh\u00e1romban az iskol\u00e1m kapott egy \u00e9rtes\u00edt\u00e9st. <em>\u201eSzerencsen tartjuk a Borsod-megyei ifj\u00fas\u00e1gi v\u00e1logat\u00f3t, k\u00e9rj\u00fck, sz\u00edveskedjenek Ver\u00e9b Gy\u00f6rgy tanul\u00f3 megjelen\u00e9s\u00e9t enged\u00e9lyezni!\u201d<\/em> \u2013 ez \u00e1llt a pap\u00edron. A mai napig nem tudom megfejteni, hogy ki aj\u00e1nlhatott n\u00e9v szerint. Ami biztos, akkoriban a rendszer \u00fagy \u00e9p\u00fclt fel, hogy m\u00e9g a megye egyes bajnokikon is \u00fcltek olyan id\u0151sebb b\u00e1csik a lel\u00e1t\u00f3kon, akik a nagyobb borsodi kluboknak aj\u00e1nlottak tehets\u00e9geket. Biztosan akadt k\u00f6zt\u00fck olyan, akinek megtetszett a l\u00e1tv\u00e1ny, amint egy apr\u00f3cska, tizenn\u00e9gy \u00e9ves gyerek r\u00f6pk\u00f6d a feln\u0151ttek k\u00f6z\u00f6tt az Als\u00f3 M\u00e9ra\u2013Fels\u0151 M\u00e9ra derbin.\r\n\r\nA sz\u00fcleim \u00f3ri\u00e1si megtiszteltet\u00e9snek tartott\u00e1k, hogy a fi\u00fakat kiv\u00e1lasztott\u00e1k, ez\u00e9rt fel sem mer\u00fclt benn\u00fck, hogy ne engedjenek el egyed\u00fcl az ifi v\u00e1logat\u00f3ra. Holott Szerencs harminc kilom\u00e9terre van M\u00e9r\u00e1t\u00f3l, \u00e9n pedig addig a napig \u00e9letemben nem j\u00e1rtam a falunkt\u00f3l t\u00edz kilom\u00e9tern\u00e9l messzebb. M\u00e9g ap\u00e1mmal sem, mert a cukorr\u00e9p\u00e1nkat is csak h\u00e1rom kilom\u00e9terre, az encsi begy\u0171jt\u0151pontig sz\u00e1ll\u00edtottuk a szeker\u00fcnk\u00f6n, ahol bevagon\u00edrozt\u00e1k, majd vonattal vitt\u00e9k a gy\u00e1rba a term\u00e9st.\r\n\r\nA kiv\u00e1laszt\u00f3 napj\u00e1n ap\u00e1m\u00e9k vettek egy buszjegyet, majd meleg\u00edt\u0151ben, \u00e9s az akkor l\u00e9tez\u0151 k\u00e9tfajta feh\u00e9r k\u00ednai tornacip\u0151 k\u00f6z\u00fcl a vastagabb talp\u00faban \u2013 az volt az \u00e1lmom, mert a v\u00e9konyabban m\u00e9g a legkisebb kavicsot is \u00e9rezte az ember talpa, ez\u00e9rt addig gy\u0171jt\u00f6ttem, am\u00edg nyolcvan forint\u00e9rt tudtam venni egyet \u2013 feltettek az Encs-Aba\u00fajsz\u00e1nt\u00f3-Szerencs vonalon k\u00f6zleked\u0151 t\u00e1vols\u00e1gi j\u00e1ratra.\r\n\r\nAlig haladtunk valamennyit, amikor a busz valahol f\u00e9l\u00faton, Aba\u00fajsz\u00e1nt\u00f3n\u00e1l lerobbant. Nem tudom hogyan, de ap\u00e1m meg\u00e9rezhetett valamit, mert miel\u0151tt elindult volna biciklivel, hogy megn\u00e9zze a fi\u00e1t ezen a jeles esem\u00e9nyen, megk\u00e9rte a szomsz\u00e9d tan\u00edt\u00f3t, akinek volt motorja; \u201eBiztos, ami biztos, ugyan menj m\u00e1r el\u0151re, \u00e9s ellen\u0151rizd, meg\u00e9rkezett-e Gyuri \u00e9ps\u00e9gben!\u201d. Mik\u00f6zben \u00e1trobogott Aba\u00fajsz\u00e1nt\u00f3n, megl\u00e1tott, amint l\u00f3g\u00f3 orral ott \u00fcl\u00f6k a buszmeg\u00e1ll\u00f3ban.\r\n<blockquote class=\"small-quote\">Fel\u00fcltetett a h\u00e1ta m\u00f6g\u00e9, \u00e9s meg sem \u00e1lltunk a szerencsi futballp\u00e1ly\u00e1ig.<\/blockquote>\r\nM\u00e1r meleg\u00edtettek, mire oda\u00e9rt\u00fcnk. Bemutatkoztam, mondt\u00e1k, \u00e1lljak be. Mire lement a meccs, ap\u00e1m is oda\u00e9rt. Az akkori sz\u00f6vets\u00e9gi edz\u0151, T\u00f3th tan\u00e1r \u00far, aki a Miskolci VSC mellett a borsodi v\u00e1logatottat is dirig\u00e1lta annyit mondott neki: \u201eBandi b\u00e1csi, a fia ki van v\u00e1lasztva, be van h\u00edva a borsodi ifi v\u00e1logatottba!\u201d\r\n<h2>\u201eEz m\u00e9g a r\u00f6plabd\u00e1soknak is becs\u00fclet\u00fckre v\u00e1lna\u201d<\/h2>\r\nEtt\u0151l kezdve id\u0151r\u0151l id\u0151re be kellett mennem Miskolcra egy-egy megyei v\u00e1logatottak k\u00f6zti m\u00e9rk\u0151z\u00e9sre. Merthogy ilyen is volt \u00e1m akkoriban. Minden meccsen tucatnyi edz\u0151 \u00e1llt a p\u00e1lya sz\u00e9l\u00e9n, \u00e9s a tornarendszer a v\u00e9g\u00e9n orsz\u00e1gos d\u00f6nt\u0151vel z\u00e1rult.\r\n\r\nK\u00f6zben elv\u00e9geztem az \u00e1ltal\u00e1nos iskol\u00e1t. Annyira j\u00f3l tanultam, hogy felvettek Miskolcra a Villamosipari Technikumba. Sz\u00fcleim b\u00fcszk\u00e9n engedtek el a megyesz\u00e9khelyre, mert tudt\u00e1k, hogy az \u00e9retts\u00e9gi mellett szakm\u00e1t, technikusi oklevelet is ad az iskola. M\u00e1rpedig falur\u00f3l indulva oklevelet szerezni \u00f3ri\u00e1si dolognak sz\u00e1m\u00edtott. T\u00f3th tan\u00e1r \u00far kapva kapott az alkalmon \u00e9s hatvann\u00e9gy \u0151sz\u00e9n r\u00f6gvest le is igazolt az Miskolci VSC-be. Innent\u0151l sz\u00e1molom magam labdar\u00fag\u00f3nak, mert ett\u0151l kezdve j\u00e1rtam rendszeresen, naponta edz\u00e9sre. Az els\u0151 f\u00e9l\u00e9vben a nagyn\u00e9n\u00e9m\u00e9k fogadtak be, mert nem kaptam helyet a fi\u00fakoll\u00e9giumban, \u00e1m amikor felszabadult egy \u00e1gy, nyomban bek\u00f6lt\u00f6ztem. A szob\u00e1nk n\u00e9gy emeletes vas\u00e1gya nyolc di\u00e1knak biztos\u00edtotta az \u00e1lm\u00e1t. A tanul\u00e1s \u00e9s az edz\u00e9sek mellett szinte csak aludni j\u00e1rtam oda, b\u00e1r amikor \u00e9ppen se tanul\u00e1s, se edz\u00e9s nem sz\u00f3l\u00edtott el, akkor az udvaron itt is ment torin\u00f3z\u00e1s.\r\n\r\n<img class=\"aligncenter size-full wp-image-192\" src=\"https:\/\/sport24.24.hu\/app\/uploads\/sites\/24\/2021\/05\/74025284.jpg\" alt=\"\" width=\"2000\" height=\"1331\" \/>\r\n\r\nHatvanhatban bev\u00e1logattak a magyar ifj\u00fas\u00e1gi v\u00e1logatottba is. A falunkon t\u00fal is h\u00edre ment a dolognak, d\u00fclledt a melle \u00e9desap\u00e1m\u00e9knak.\r\n<blockquote class=\"small-quote\">Utazhattam Budapestre, a Vasas-p\u00e1ly\u00e1ra.<\/blockquote>\r\nA sz\u00f6vets\u00e9g a r\u00e9gi sportcsarnokban tartotta a kiv\u00e1lasztott sr\u00e1cok felm\u00e9r\u00e9s\u00e9t. T\u00f6bbf\u00e9le vizsg\u00e1laton est\u00fcnk \u00e1t, p\u00e9ld\u00e1ul oda kellett \u00e1llni egy f\u00fcgg\u0151leges r\u00fadhoz, amire t\u00f6bb m\u00e9teren \u00e1t centi sz\u00e9les, arasznyi hossz\u00fa, k\u00f6rbeford\u00edthat\u00f3, sz\u00e1mozott fadarabokat szereltek fel egym\u00e1s f\u00f6l\u00e9. El\u0151bb megn\u00e9zt\u00e9k, felemelve a kezem az ujjbegyemmel h\u00e1ny centin\u00e9l tudom elford\u00edtani a kis fadarabot, majd helyb\u0151l felugorva amilyen magasan csak tudtam, r\u00e1 kellett csapnom. A kett\u0151 k\u00f6zti k\u00fcl\u00f6nbs\u00e9g adta a s\u00falypontemelked\u00e9semet. \u201eKilencvennyolc centi. Ez m\u00e9g a r\u00f6plabd\u00e1soknak is becs\u00fclet\u00fckre v\u00e1lna\u201d \u2013 mondt\u00e1k. Akadt egy m\u00e1sik feladat, a t\u00edzes ugr\u00e1s. Olyan, mint atl\u00e9tik\u00e1ban a h\u00e1rmas, csak itt \u00e9ppen helyb\u0151l indulva t\u00edzet kellett ugrani v\u00e1ltott l\u00e1bbal, azzal a c\u00e9llal, hogy min\u00e9l messzebb juss. Kilencet sz\u00f6kkentem csak, mert r\u00f6vidnek bizonyult a F\u00e1y utcai csarnok. Nem akart\u00e1k elhinni.\r\n\r\nA Miskolci VSC-ben tizenh\u00e9t \u00e9vesen m\u00e1r a feln\u0151ttek k\u00f6z\u00f6tt, az NB I B-ben v\u00e9dtem. Abban az esztend\u0151ben \u00f6sszesen tizenkilenc meccsen \u00e1lltam a g\u00f3lvonalon, igen komoly tud\u00e1s\u00fa labdar\u00fag\u00f3kkal szemben, m\u00e9g <strong>Tichy Lajos<\/strong> ellen is j\u00e1tszottam. Soha nem cikiztek, mondv\u00e1n, mit keres ez kis t\u00f6kmag a kapuban... Csak a teljes\u00edtm\u00e9ny sz\u00e1m\u00edtott. Az alacsonys\u00e1gomat a messze az \u00e1tlag feletti s\u00falypontemelked\u00e9semmel ellens\u00falyoztam. K\u00e9tsz\u00e1zhetvenn\u00e9gy centi magasra \u00e9rtem fel. Ennek h\u00e1la, a m\u00e9rk\u0151z\u00e9seken sim\u00e1n el\u00f6kl\u00f6ztem a labd\u00e1t a n\u00e1lam sokkal m\u00e9retesebb centerek fej\u00e9r\u0151l is.\r\n<h2>\u201eGyurival t\u00f6bbet aludtam egy szob\u00e1ban, mint a feles\u00e9geimmel egy\u00fcttv\u00e9ve\u201d<\/h2>\r\nUgyan Miskolcon m\u00e1r sokkal ink\u00e1bb szem el\u0151tt j\u00e1tszhattam, pl\u00e1ne, hogy ilyen fiatalon v\u00e9dtem az NB I B-ben, v\u00e9g\u00fcl m\u00e9gis val\u00f3sz\u00edn\u0171leg<strong> Salamon J\u00f3ska<\/strong> aj\u00e1nl\u00e1sa is k\u00f6zrej\u00e1tszott, hogy megkeressen a Di\u00f3sgy\u0151r hatvannyolcban. J\u00f3ska Miskolci. Egy \u00e9vvel id\u0151sebb n\u00e1lam. M\u00e1r ifiben is a Di\u00f3sgy\u0151rben futballozott, de onnan kezdve, hogy el\u0151sz\u00f6r tal\u00e1lkoztunk a borsodi ifi v\u00e1logatottban, mindenben sz\u00f3t \u00e9rt\u00fcnk. Mintha testv\u00e9rek lenn\u00e9nk. Idestova \u00f6tven\u00f6t \u00e9ve tart a bar\u00e1ts\u00e1gunk. T\u00f6bbsz\u00f6r hangoztatta m\u00e1r: \u201eGyurival t\u00f6bbet aludtam egy szob\u00e1ban, mint a feles\u00e9geimmel egy\u00fcttv\u00e9ve!\u201d\r\n\r\n<img class=\"aligncenter size-full wp-image-188\" src=\"https:\/\/sport24.24.hu\/app\/uploads\/sites\/24\/2021\/05\/74025293.jpg\" alt=\"\" width=\"2000\" height=\"1331\" \/>\r\n\r\nEgy sz\u00e9p napon megjelent a DVTK technikai \u00e9s a szakoszt\u00e1lyvezet\u0151je az MVSC-ben. Hogy negyven labd\u00e1t, vagy \u00f6tven stoplist \u00e9s sportsz\u00e1rat, net\u00e1n egy csapatnyi mezgarnit\u00far\u00e1t adtak \u00e9rtem, vagy mindezt egy\u00fcttv\u00e9ve \u2013 hiszen akkoriban \u00edgy ment ez \u2013 azt nem tudom, de a hatvannyolcas bajnoks\u00e1gra a felk\u00e9sz\u00fcl\u00e9st m\u00e1r a DVTK-ban kezdtem meg. Janu\u00e1rban igazoltak le (akkor m\u00e9g Magyarorsz\u00e1gon egy napt\u00e1ri \u00e9vben, tavaszi-\u0151szi rendszerben zajlott a bajnoki \u00e9vad \u2013 <em>A szerk<\/em>.), \u00e9s az els\u0151 \u00e9vben<strong> Tam\u00e1s Gyula<\/strong>, a feln\u0151ttv\u00e1logatott kapusa mellett tizenegy meccset v\u00e9dtem. M\u00e9g di\u00e1kk\u00e9nt. Jogos a k\u00e9rd\u00e9s, hogyan lehet ez? S\u00e9r\u00fclt is volt, meg az edz\u0151nk, <strong>Teleki Gyula<\/strong> b\u00e1csi nem nagyon szerette a renitensked\u0151ket.\r\n\r\nR\u00f6gt\u00f6n az NB I-ben deb\u00fct\u00e1ltam. Az els\u0151 meccsemet az \u00dajpest ellen, ami 1-1 lett, az MVSC-p\u00e1ly\u00e1n vend\u00e9gs\u00e9gben j\u00e1tszottuk, mert \u00e9ppen akkor \u00e9p\u00edtett\u00e9k a DVTK-stadionban az \u00e1ll\u00f3helyeket. Amikor nem jutottam sz\u00f3hoz Gyula mellett, akkor a fak\u00f3ban v\u00e9dtem. Mindig a nagycsapat meccse el\u0151tt j\u00e1tszottunk, \u00edgy ut\u00e1na le tudtam \u00fclni az els\u0151 csapat kispadj\u00e1ra is. A lel\u00e1t\u00f3k roskadoztak.\r\n<blockquote>Egy-egy rangad\u00f3 el\u0151tt m\u00e1r a tartal\u00e9kmeccs kezd\u0151 s\u00edpszav\u00e1n\u00e1l t\u00edz-tizenk\u00e9t ezer ember \u00e1llt, \u00fclt a trib\u00fcn\u00f6n,<\/blockquote>\r\nmire v\u00e9gezt\u00fcnk, m\u00e1r telt h\u00e1z, h\u00faszezer n\u00e9z\u0151 biztatott minket. A szurkol\u00f3 k\u00e9t meccset l\u00e1thatott egy jegy \u00e1r\u00e1\u00e9rt, r\u00e1ad\u00e1sul \u00edgy n\u00e9v, arc \u00e9s teljes\u00edtm\u00e9ny szerint is megismerte a k\u00f6zvetlen ut\u00e1np\u00f3tl\u00e1st.\r\n\r\nAkkoriban csak h\u00edrb\u0151l ismert\u00fcnk egy-k\u00e9t k\u00fclf\u00f6ldi labdar\u00fag\u00f3t, nem alkalmaztak a csapatok idegenl\u00e9gi\u00f3st. Mindenki saj\u00e1t ut\u00e1np\u00f3tl\u00e1sb\u00f3l mer\u00edtett, ez\u00e9rt a szurkol\u00f3 mag\u00e1\u00e9nak vallotta a fak\u00f3t is. Fantasztikus meccseket j\u00e1tszottunk.\r\n\r\nA rendszer egyetlen h\u00e1tul\u00fct\u0151j\u00e9nek az sz\u00e1m\u00edtott, hogy szemben ezzel a csod\u00e1latos mai p\u00e1ly\u00e1val, annak idej\u00e9n az edz\u00e9seknek \u00e9s a dupla meccsterhel\u00e9snek k\u00f6sz\u00f6nhet\u0151en a k\u00e9t kapufa k\u00f6z\u00f6tt, h\u00e1romsz\u00f6gben a tizenegyesig kikopott a f\u0171. A saras id\u0151ben dagony\u00e1ztunk. Ellenben, hogy ne cs\u00fasszon ki a k\u00e9zb\u0151l a labda, elrugaszkod\u00e1sn\u00e1l ne ess hanyatt, elk\u00e9lt a t\u00f6k\u00e9letes kapustechnika.\r\n\r\nHatvankilencben nem v\u00e9dtem egyetlen meccset sem az els\u0151 csapatban, \u00e1m miut\u00e1n Gyula az \u00e9vad v\u00e9g\u00e9n a Vasasba igazolt, a hetvenes bajnoks\u00e1gban <strong>Mathesz Imre<\/strong> b\u00e1csi m\u00e1r t\u00f6bbnyire engem jel\u00f6lt kezd\u0151be. Hetvenh\u00e1rom nyar\u00e1n estem ki el\u0151sz\u00f6r az NB I-b\u0151l, de egy \u00e9v m\u00e1sodoszt\u00e1ly ut\u00e1n azonnal visszajutottunk az \u00e9lvonalba. Akkor, hetvenn\u00e9gyben <strong>Szab\u00f3 G\u00e9za<\/strong> ir\u00e1ny\u00edt\u00e1s\u00e1val kezd\u0151d\u00f6tt az a sikersz\u00e9ria, amely alatt bronz\u00e9rmesek lett\u00fcnk hetvenkilencben, \u00e9s Magyar Kup\u00e1t nyert\u00fcnk hetvenh\u00e9tben, illetve nyolcvanban. T\u00edz \u00e9ven \u00e1t nem est\u00fcnk ki az els\u0151 oszt\u00e1lyb\u00f3l. Mindezeknek k\u00f6sz\u00f6nhet\u0151en ragadt r\u00e1nk a di\u00f3sgy\u0151ri aranycsapat jelz\u0151.\r\n<h2>\u201eMost rajtad a sor, mutasd meg te is a Vasasnak!\u201d<\/h2>\r\nHetvenh\u00e9tben, az els\u0151 kupagy\u0151zelm\u00fcnket Hatvanban, h\u00e9tezer n\u00e9z\u0151 el\u0151tt arattuk a Vasas ellen. Annyira az angyalf\u00f6ldiek siker\u00e9t v\u00e1rta mindenki, hogy az MLSZ el sem hozta a serleget, mondv\u00e1n, majd a Vasas-p\u00e1ly\u00e1n a saj\u00e1t k\u00f6z\u00f6ns\u00e9g\u00fck el\u0151tt megkapj\u00e1k egy bajnokin. <strong>Tat\u00e1r Gyuri<\/strong> g\u00f3lj\u00e1val<a href=\"https:\/\/www.magyarfutball.hu\/hu\/merkozesek\/1977-06-18\/diosgyor-vasas\"> nyert\u00fcnk 1-0-ra<\/a>. No, mi serleg n\u00e9lk\u00fcl is meg\u00fcnnepelt\u00fck az aranyat. Mentek a hatalmas \u00f6k\u00f6rs\u00e9gek, az \u00e9nekl\u00e9s, aminek k\u00f6sz\u00f6nhet\u0151en hazafel\u00e9 szinte, mint a t\u00fcd\u0151, \u00fagy t\u00e1gult, sz\u0171k\u00fclt, l\u00e9legzett a busz oldala.\r\n\r\nA m\u00e1sodik kupagy\u0151zelm\u00fcnket Veszpr\u00e9mben arattuk, 3-1 lett, szint\u00e9n <a href=\"https:\/\/www.magyarfutball.hu\/hu\/merkozesek\/1980-05-21\/diosgyor-vasas\">a Vasas ellen<\/a>. A mi \u00f6reg j\u00e1rg\u00e1nyunkhoz k\u00e9pest a Vasas egy \u00faj, korszer\u0171 Ikarusszal \u00e9rkezett. Hazafel\u00e9 a sof\u0151r\u00fcnket, aki piszok j\u00f3l vezetett, a nagy mulats\u00e1gban addig biztattuk, n\u00f3gattuk, mondv\u00e1n, \u201eMost rajtad a sor, mutasd meg te is a Vasasnak!\u201d, hogy t\u00e9nyleg bele\u00e1llt, \u00e9s elkezdett versenyezni vel\u00fck. H\u00e1romszor hagytuk le \u0151ket. Az ablakb\u00f3l minden alkalommal \u00fcv\u00f6lt\u00f6tt\u00fcnk nekik, \u00e9s k\u00f6zben r\u00f6h\u00f6gt\u00fcnk, mert l\u00e1ttuk, ahogy <strong>M\u00e9sz\u00f6ly K\u00e1lm\u00e1n<\/strong> fogja a fej\u00e9t.\r\n\r\nA mi aranycsapatunk att\u00f3l volt m\u00e1s, mint a t\u00f6bbi, hogy a keretet Borsodhoz, Di\u00f3sgy\u0151rh\u00f6z k\u00f6t\u0151d\u0151, majdnem egy iv\u00e1s\u00fa, tehets\u00e9ges sr\u00e1cok adt\u00e1k, \u00e9s fantasztikus k\u00f6z\u00f6ss\u00e9get alkottunk.\r\n<blockquote>Szab\u00f3 G\u00e9za edz\u0151vel egy\u00fctt annyira tudtunk \u00f6r\u00fclni a gy\u0151zelmeknek, mulatni egy-egy siker ut\u00e1n, hogy csak na.<\/blockquote>\r\nG\u00e9za b\u00e1\u2019 rengeteget adott hozz\u00e1 a sikerekhez. Kegyetlen m\u00f3don meghajtott minket, de j\u00f3 partnereknek bizonyultunk, mert zoksz\u00f3 n\u00e9lk\u00fcl elv\u00e9gezt\u00fck az el\u0151\u00edrtakat. Cs\u00fct\u00f6rt\u00f6k kiv\u00e9tel\u00e9vel \u2013 de d\u00e9lut\u00e1n k\u00f6telez\u0151 m\u00f3don akkor is g\u0151zf\u00fcrd\u0151be kellett menni \u2013 minden nap k\u00e9tszer tartott edz\u00e9st. D\u00e9lel\u0151tt \u00e9s d\u00e9lut\u00e1n is sz\u00e1zh\u00fasz perceset. Heti egy szabadnapot adott, mindig a bajnoki ut\u00e1n.\r\n\r\n<img class=\"aligncenter wp-image-189 size-full\" src=\"https:\/\/sport24.24.hu\/app\/uploads\/sites\/24\/2021\/05\/74025279.jpg\" alt=\"\" width=\"2000\" height=\"1331\" \/>\r\n\r\nA h\u00edrhedt Kutas-korszakban futballoztunk. Olyan k\u00f6zponti teszteket kellett v\u00e9grehajtani, ahol sz\u00e1zszor harmincat, t\u00edzszer n\u00e9gysz\u00e1zat \u00e9s Coopert (ez a 12 perces fut\u00e1s \u2013<em>A szerk.<\/em>) kellett teljes\u00edten\u00fcnk. Mai sz\u00f3haszn\u00e1lattal \u00e9lve, d\u00e9lel\u0151tt fut\u00f3- \u00e9s kondiedz\u00e9st vez\u00e9nyelt, d\u00e9lut\u00e1n technikai \u00e9s taktikai labd\u00e1s gyakorlatokat v\u00e9gezt\u00fcnk.\r\n\r\nEl\u0151bbit kicsit m\u00e1sk\u00e9pp kell elk\u00e9pzelni, mint manaps\u00e1g. Telente a teniszp\u00e1ly\u00e1ra s\u00e1trat h\u00faztak. Ott alapoztunk. Salakon. K\u00e1na\u00e1nk\u00e9nt \u00e9lt\u00fck meg, hogy nem vagyunk kiszolg\u00e1ltatva az id\u0151j\u00e1r\u00e1s szesz\u00e9lyess\u00e9g\u00e9nek, nem fagyunk hal\u00e1lra a der\u00e9kig \u00e9r\u0151 h\u00f3ban, vagy nem t\u00f6rj\u00fck ki a bok\u00e1nkat a kopog\u00f3sra fagyott f\u00f6ldesen. G\u00e9za b\u00e1\u2019 kivitette a s\u00e1torba az atl\u00e9t\u00e1k s\u00falyos vasv\u00e1zas g\u00e1tjait. T\u00edzet fel\u00e1ll\u00edtott bel\u0151le. Mi meleg\u00edt\u00e9sk\u00e9ppen odafutottunk, kicsit gimnasztik\u00e1ztunk, azt\u00e1n s\u00falymell\u00e9nyben, k\u00e9t medicinlabd\u00e1val a h\u00f3nunk alatt p\u00e1ros l\u00e1bbal ugr\u00e1lva egyhosszaztunk szakm\u00e1nyba. Kegyetlen volt. Kezdetben \u00f3lom adta a s\u00falyt a mell\u00e9nyben, de a rafin\u00e1ltabb j\u00e1t\u00e9kosok, kiv\u00e1gt\u00e1k bel\u0151le. A szert\u00e1ros \u00e9szrevette. Mivel sokallta az \u00f3lom \u00e1r\u00e1t, homokkal p\u00f3tolta, de a d\u00f6rzs\u00f6ltek ekkor meg kiszurk\u00e1lt\u00e1k a b\u0151rt. \u00cdgy lett k\u00f6nnyebb valamelyest.\r\n<blockquote class=\"small-quote\">Olyan kem\u00e9nyen dolgoztunk, hogy a maiak egy edz\u00e9st sem b\u00edrn\u00e1nak ki azokb\u00f3l.<\/blockquote>\r\nA d\u00e9lel\u0151tti gyakorl\u00e1sokhoz k\u00e9pest a d\u00e9lut\u00e1ni egym\u00e1s elleni j\u00e1t\u00e9k m\u00e1r k\u00f6nnyed, pihentet\u0151 ujjgyakorlatnak sz\u00e1m\u00edtott. Nemcsak alapoz\u00e1skor, de szezon k\u00f6zben is ezt az edz\u00e9smennyis\u00e9get v\u00e9gezt\u00fck, azzal a k\u00fcl\u00f6nbs\u00e9ggel, hogy a terhel\u00e9s v\u00e1ltozott. A m\u00e9rk\u0151z\u00e9snap sz\u00e1m\u00edtott \u00fcnnepnek. Szab\u00f3 G\u00e9za nyolcvanig ir\u00e1ny\u00edtotta a csapatot. M\u00e1r nyolcvanhat \u00e9ves, de m\u00e9g mindig lej\u00e1r k\u00f6z\u00e9nk.\r\n\r\nPersze az is j\u00f3 k\u00e9rd\u00e9s, ha m\u00e1r ennyit edzett\u00fcnk, ilyen \u00f6sszetart\u00f3k, j\u00f3k voltunk, mi\u00e9rt nem siker\u00fclt egyszer sem bajnoks\u00e1got nyern\u00fcnk? \u00c9rdemes v\u00e9gigb\u00f6ng\u00e9szni a <a href=\"https:\/\/www.magyarfutball.hu\/hu\/tabellak\">hetvenes \u00e9vek bajnoki v\u00e9geredm\u00e9nyeit<\/a>. A legeredm\u00e9nyesebb esztend\u0151nkben, <a href=\"https:\/\/www.magyarfutball.hu\/hu\/bajnoki-vegeredmeny\/57\">a hetevenkilences tabell\u00e1n<\/a> kik v\u00e9geztek az els\u0151 \u00f6t helyen? \u00dajpest, Ferencv\u00e1ros, DVTK, Vasas, Honv\u00e9d. A hetvenes \u00e9veket az az \u00dajpest uralta, amelyik hetvenn\u00e9gyben el\u0151bb kiejtette a Benfic\u00e1t, majd megszorongatta a Bayern M\u00fcnchent a BEK-el\u0151d\u00f6nt\u0151ben. Nemhogy a d\u00fasgazdag miniszt\u00e9riumi klubok, de m\u00e9g a Csepel is extra j\u00e1t\u00e9kosokat igazolt, mert a f\u0151v\u00e1rosi csapatok teljesen m\u00e1s lehet\u0151s\u00e9geket biztos\u00edtottak a labdar\u00fag\u00f3k sz\u00e1m\u00e1ra. Ehhez k\u00e9pest minket nem vetett fel a p\u00e9nz. Az hetvenkilences bronzunk \u00e9ppen ez\u00e9rt val\u00f3di csoda.\r\n<h2>\u201eMire oda\u00e9rtem, val\u00f3s\u00e1gos f\u00e9nygl\u00f3ria fogadott\u201d<\/h2>\r\nAzon a tavaszon rendre telt h\u00e1z, olykor h\u00faszezer feletti n\u00e9z\u0151sz\u00e1m jellemezte a di\u00f3sgy\u0151ri bajnokikat. Olyan hangulatot sug\u00e1rzott a stadion, hogy az MLSZ oda szervezte a lengyelek \u00e9s a csehszlov\u00e1kok elleni k\u00e9t olimpiai v\u00e1logatott meccset. Lehet, ennek is k\u00f6sz\u00f6nhet\u0151, hogy <strong>Lakat Karcsi<\/strong> b\u00e1csi abban az \u00e9vben megh\u00edvott az olimpiai v\u00e1logatottba. El\u0151bbiek ellen 2-0-ra, t\u00edz napra r\u00e1 a csehszlov\u00e1kokkal szemben 3-0-ra nyert\u00fcnk. Pr\u00e1g\u00e1ban, a visszav\u00e1g\u00f3n el\u00e9g lett volna a d\u00f6ntetlen is nek\u00fcnk, de kikaptunk. Nem \u00e9n v\u00e9dtem. Pedig az els\u0151 meccs ut\u00e1n a neves csehszlov\u00e1k sz\u00f6vets\u00e9gi kapit\u00e1ny, <strong>Jozef Venglo\u0161<\/strong> annyit \u00e1radozott r\u00f3lam \u2013 akadt oka r\u00e1, mert t\u00e9nyleg brav\u00farokat mutattam be, mindent megfogtam \u2013, hogy a helyi sajt\u00f3 sz\u00f3 szerint v\u00e1rt r\u00e1m. J\u00f3val a csapat m\u00f6g\u00f6tt, a k\u00fcld\u00f6tts\u00e9g utols\u00f3 k\u00e9t emberek\u00e9nt sz\u00e1lltam le a g\u00e9pr\u0151l, mert <strong>Pet\u0151 Gabi<\/strong> b\u00e1csinak, az \u00dajpest \u00e9s a v\u00e1logatott gy\u00far\u00f3j\u00e1nak seg\u00edtettem cipekedni. Addig egy-k\u00e9t vakuvillan\u00e1st l\u00e1ttam, mire oda\u00e9rtem, val\u00f3s\u00e1gos f\u00e9nygl\u00f3ria fogadott. Mindenki az els\u0151 meccsr\u0151l \u00e9s a visszav\u00e1g\u00f3r\u00f3l k\u00e9rdezgetett. M\u00e1snap nem akart\u00e1k elhinni, hogy nem \u00e9n \u00e1llok a kapuban.\r\n<blockquote class=\"small-quote\">A nagyv\u00e1logatottban sosem jutottam sz\u00f3hoz. Ez f\u00e1j\u00f3 pont.<\/blockquote>\r\nAhogy a hetvenes \u00e9vek kapit\u00e1nyai, \u00fagy nyolcvan \u00e9s nyolcvanh\u00e1rom k\u00f6z\u00f6tt M\u00e9sz\u00f6ly K\u00e1lm\u00e1n sem sz\u00e1m\u00edtott r\u00e1m. A kiv\u00e1l\u00f3 f\u0151v\u00e1rosi kapusok, <strong>M\u00e9sz\u00e1ros Feri,<\/strong> a \u201eBubu\u201d<strong>, Gujd\u00e1r Sanyi<\/strong>, vagy kor\u00e1bban <strong>Rothermel \u00c1d\u00e1m<\/strong> mellett sosem kaptam lehet\u0151s\u00e9get. Hely\u00e9n tudtam kezelni a dolgot, meg tudtam magyar\u00e1zni magamnak azzal, hogy alacsony vagyok. Pedig az olimpiai v\u00e1logatottnak \u00e9s Kupagy\u0151ztesek Eur\u00f3pa Kup\u00e1j\u00e1nak k\u00f6sz\u00f6nhet\u0151en l\u00e1tszott az is, hogy meg\u00e1llom a helyemet nemzetk\u00f6zi porondon is.\r\n\r\nHa ki kellene valamit emelnem az er\u00e9nyeim k\u00f6z\u00fcl, az nem is a s\u00falypontemelked\u00e9s, hiszen az szimpla adotts\u00e1g. Ellenben a szorgalmamat mindenk\u00e9ppen megeml\u00edten\u00e9m. Meg azt, hogy im\u00e1dtam v\u00e9deni, \u00e9s val\u00f3sz\u00edn\u0171leg a technik\u00e1m is megfelelt a kor k\u00f6vetelm\u00e9nyeinek, az edz\u0151knek, ha ennyiszer betettek a csapatba. Manaps\u00e1g szemafor\u00e1ll\u00e1sba merevednek a kapusok, amikor r\u00e1juk vezeti a labd\u00e1t a csat\u00e1r. Persze, le tudod sz\u0171k\u00edteni ezzel a ter\u00fcletet, de ritk\u00e1n l\u00e1tni kivet\u0151d\u00e9seket. Mi olyan b\u00e1tran dob\u00e1ltuk magunkat a l\u00e1bak el\u00e9, hogy m\u00e9g a n\u00e9z\u0151t\u00e9ren is felszisszentek, \u00e9s behunyt\u00e1k a szem\u00fcket. Extra ritmus\u00e9rz\u00e9k kell hozz\u00e1 \u00e9s nem vesz\u00e9lytelen mutatv\u00e1ny. Hetvenegyben <strong>Kmetty J\u00f3ska<\/strong>, a Salg\u00f3tarj\u00e1n centerhalfja el\u0151rej\u00f6tt. Kivet\u0151dtem el\u00e9, \u0151 meg a k\u00e9t kezem k\u00f6z\u00f6tt eltal\u00e1lt a l\u00e1b\u00e1val. El is t\u00f6r\u00f6tt a kulcscsontom. De nem j\u00f6ttem le. V\u00e9gigv\u00e9dtem a meccset. Ut\u00e1na persze hat h\u00e9tig nem \u00e1lltam kapuba.\r\n\r\nAz\u00e9rt eml\u00e9kszem ilyen pontosan minderre, mert az \u00e9desap\u00e1m nem sokkal a m\u00e9rk\u0151z\u00e9s ut\u00e1n hagyott itt minket. A kulcscsontt\u00f6r\u00e9st akkoriban \u00fagy kezelt\u00e9k, hogy a kezemet a testemmel der\u00e9ksz\u00f6gben fix\u00e1lt\u00e1k, gipsszel kimerev\u00edtett\u00e9k \u2013 \u00edgy \u00e1lltam ott, feltett karral a s\u00edr mellett.\r\n\r\nT\u00f6bb s\u00e9r\u00fcl\u00e9sem is akadt. A Hajduk Split elleni KEK-meccs\u00fcnk\u00f6n t\u00f6r\u00f6tt l\u00e1bujjal v\u00e9dtem. M\u00e9rk\u0151z\u00e9s el\u0151tt, majd a sz\u00fcnetben is beinjekci\u00f3zt\u00e1k, \u00edgy b\u00edrtam v\u00e9gig. De az ujjaim is t\u00f6rtek sz\u00e9p sz\u00e1mmal, f\u0151leg kezdetben, amikor m\u00e9g keszty\u0171 n\u00e9lk\u00fcl v\u00e9dtem. A s\u00e9r\u00fcl\u00e9sek edz\u0151k\u00e9nt is k\u00f6vettek, csak m\u00e1sk\u00e9ppen. Amikor valamelyik tan\u00edtv\u00e1nyom kid\u0151lt, hogy meglegy\u00fcnk a k\u00e9tkapus j\u00e1t\u00e9kn\u00e1l, rendre beugrottam a hely\u00e9re edz\u00e9sen.\r\n\r\nA nyolcsz\u00e1zegyedik hivatalos di\u00f3sgy\u0151ri mezben lej\u00e1tszott meccsemet nyolcvankilenc m\u00e1jus\u00e1ban, az Eger ellen v\u00e9dtem a m\u00e1sodoszt\u00e1lyban. Elb\u00facs\u00faztam. Azt hittem az lesz az utols\u00f3, de kilencvennyolcban, amikor a k\u00e9t tan\u00edtv\u00e1nyom k\u00f6z\u00fcl se <strong>R\u00e1cz<\/strong>, se <strong>Nota<\/strong> nem tudta v\u00e1llalni a j\u00e1t\u00e9kot, negyvenkilenc \u00e9vesen, egy meccs erej\u00e9ig beugrottam a Videoton elleni bajnokira. Kellett volna nekik a gy\u0151zelem, mert akkor nem j\u00e1tszottak volna oszt\u00e1lyoz\u00f3t. Amikor megl\u00e1ttak a p\u00e1ly\u00e1n, nem akart\u00e1k elhinni, hogy engem meleg\u00edtenek, nem \u00e9n meleg\u00edtek m\u00e1st. A k\u00f6z\u00f6ns\u00e9g morajl\u00e1s\u00e1n is hallatszott, mindenki \u00e9rtetlenkedik, mit keres a v\u00e9nember a kapuban. Azt\u00e1n 1-0-ra vezettek, de a <a href=\"https:\/\/www.magyarfutball.hu\/hu\/merkozesek\/1998-06-06\/diosgyor-videoton\">68. percben m\u00e1r a v\u00e9geredm\u00e9nyt, a 4-1-et mutatta az eredm\u00e9nyjelz\u0151<\/a>. Ekkor mondtam azt, el\u00e9g volt. Letettem a labd\u00e1t az \u00f6t\u00f6s sark\u00e1ra, felemeltem a kezemet, \u00e9s cser\u00e9t k\u00e9rtem. A k\u00f6z\u00f6ns\u00e9g ov\u00e1ci\u00f3ja mellett baktattam le.\r\n\r\nhttps:\/\/www.youtube.com\/watch?v=T2QZR1pFFQ4\r\n\r\nNem tudok olyat a futballt\u00f6rt\u00e9nelemben, aki negyvenkilenc \u00e9vesen \u00e1llt volna sz\u00e1mottev\u0151 bajnoks\u00e1g hivatalos els\u0151 oszt\u00e1ly\u00fa m\u00e9rk\u0151z\u00e9s\u00e9n a kapuban. Ezzel lett meg a ma m\u00e1r el\u00e9rhetetlennek t\u0171n\u0151 nyolcsz\u00e1zk\u00e9t m\u00e9rk\u0151z\u00e9sem (NB I-es-, NB II-es bajnoki, Magya Kupa-, \u00e9s nemzetk\u00f6zi kupameccseket \u00f6sszegezve \u2013 a Szerk.). Mindez egyetlen klubban.\r\n<h2>\u201eA feles\u00e9gem maxim\u00e1lis t\u00e1maszom\u201d<\/h2>\r\nKitart\u00f3 ember vagyok. A feles\u00e9gem szint\u00e9n m\u00e9rai. Ismert\u00fck egym\u00e1s a falub\u00f3l, m\u00e9gis Miskolcon, a k\u00f6z\u00e9piskol\u00e1ban j\u00f6tt\u00fcnk \u00f6ssze. Decemberi sz\u00fclet\u00e9s\u0171k\u00e9nt, \u00e9vvesztesk\u00e9nt a harmadikos fi\u00fa udvarolt a negyedikes l\u00e1nynak. Azt\u00e1n elment Debrecenbe, egyetemre, \u00e9p\u00edt\u00e9sz lett bel\u0151le, \u00edgy negyedikben \u00e9s a k\u00f6vetkez\u0151 \u00e9vekben, amint akadt egy kis szabadid\u0151m, fel\u00fcltem a vonatra, \u00e9s ir\u00e1ny a c\u00edvis v\u00e1ros. Alig m\u00faltam h\u00fasz\u00e9ves, amikor hetvenben elvettem feles\u00e9g\u00fcl. Hetvenkett\u0151 janu\u00e1rj\u00e1ban m\u00e1r meg is sz\u00fcletett a fi\u00fank, egy \u00e9vvel k\u00e9s\u0151bb a l\u00e1nyunk.\r\n\r\nA feles\u00e9gem maxim\u00e1lis t\u00e1maszom. Az \u00e9vek alatt minden terhet levett a v\u00e1llamr\u00f3l. T\u00e9nyleg mindent. M\u00e9g kapuskeszty\u0171t is varrt nekem. Eleinte csupasz k\u00e9zzel v\u00e9dtem. El\u0151sz\u00f6r hatvannyolcban l\u00e1ttam kapuskeszty\u0171t. Tam\u00e1s Gyula a v\u00e1logatottban kapott egyetlen p\u00e1rat, \u00e9s megengedte, hogy kipr\u00f3b\u00e1ljam. Ezen felbuzdulva vettem egy b\u0151rkeszty\u0171t, majd egy pingpong\u00fct\u0151r\u0151l lefejtettem a szoftot, amit dr\u00e1ga Zsuzs\u00e1m r\u00e1varrt a teny\u00e9rr\u00e9szre \u2013 sz\u00e1raz id\u0151ben megfelelt, de es\u0151ben, mintha csupasz k\u00e9zzel akart\u00e1l volna halat fogni.\r\n\r\nA j\u00e1t\u00e9kot, amit labdar\u00fag\u00e1snak h\u00edvnak, nem lehet magas szinten m\u0171velni \u00fagy, hogy az embernek \u00e1lland\u00f3an m\u00e1shol j\u00e1r az esze. V\u00e9g\u00fcl is a sok-sok edz\u00e9s, edz\u0151t\u00e1borok, a h\u00e9tv\u00e9gi utaz\u00e1sok mellett a nejem nevelte fel mind a k\u00e9t gyermek\u00fcnket, akik h\u00e1rom unok\u00e1val aj\u00e1nd\u00e9koztak meg minket. \u00d6tvenegy \u00e9ve vagyunk egy\u00fctt, \u00f6tvenegy \u00e9ve t\u00e1mogatjuk egym\u00e1st.\r\n\r\n<img class=\"aligncenter wp-image-191 size-full\" src=\"https:\/\/sport24.24.hu\/app\/uploads\/sites\/24\/2021\/05\/74025226.jpg\" alt=\"\" width=\"2000\" height=\"1331\" \/>\r\n\r\nA DVTK-val m\u00e9g r\u00e9gebben, \u00f6tvenh\u00e1rom \u00e9ve k\u00f6t\u00f6ttem h\u00e1zass\u00e1got. Ezalatt n\u00e9h\u00e1nyszor sz\u00f3ba ker\u00fclt, hogy v\u00e1ltok, de valahogy nem j\u00f6tt \u00f6ssze. Ifi v\u00e1logatott koromban azt hallottam, az \u00dajpestn\u00e9l sz\u00f3ba ker\u00fcltem, de \u00fagy l\u00e1tszik, csak \u00e9n hallottam, mert nem lett semmi az \u00fcgyletb\u0151l. El akart vinni a Ny\u00edregyh\u00e1za is, itt m\u00e1r zajlottak a t\u00e1rgyal\u00e1sok, de a klub nem engedett el, ahogyan Szegedre sem engem, hanem a mellettem v\u00e9d\u0151 <strong>Bencze Jancsit<\/strong> adt\u00e1k oda. Nyilv\u00e1n a legnagyobb lehet\u0151s\u00e9g az lett volna, ha ki tudok menni k\u00fclf\u00f6ldre. Amikor Salamon J\u00f3ska nyolcvanban eligazolt G\u00f6r\u00f6gorsz\u00e1gba, a PAOK-ba, meg\u00edg\u00e9rte a menedzser, hogy \u00e9n leszek a k\u00f6vetkez\u0151. De a DVTK vezet\u0151i oda sem engedtek.\r\n\r\nA mai napig ragaszkodnak hozz\u00e1m. B\u00fcszke is vagyok r\u00e1, hogy m\u00e9g mindig, sz\u00e1m\u00edt r\u00e1m a klubom. T\u00e1rsadalmi \u00f6sszek\u00f6t\u0151k\u00e9nt minden torn\u00e1n r\u00e9szt veszek, \u00e9rmeket adok \u00e1t, kapcsolatot tartok.\r\n<blockquote class=\"small-quote\">Az ember pont olyan v\u00e9n, amennyinek \u00e9rzi mag\u00e1t.<\/blockquote>\r\nHetvenegy \u00e9vesen m\u00e1r nem rugdosok kapura, de csak az\u00e9rt nem, mert a jobban ig\u00e9nybe vett bal l\u00e1bamba a traumatol\u00f3gus fiam k\u00e9t \u00e9ve be\u00fcltetett egy t\u00e9rdprot\u00e9zist. Nem lehetek el\u00e9gedetlen a sorsommal. Egy teljes karriert, nyolcsz\u00e1zk\u00e9t m\u00e9rk\u0151z\u00e9st egyetlen klubban \u00e9ltem meg. Nem \u00e9rzem h\u00e1tr\u00e1ny\u00e1t, hogy nem jutottam ki k\u00fclf\u00f6ldre, vagy nem igazoltam a f\u0151v\u00e1rosba. Ha az ember v\u00e1ndormad\u00e1r, sosem lesz klubikon. Legenda v\u00e9gk\u00e9pp nem.\r\n\r\n[prefabricated_shortcode in_app=\"0\" code=\"%3Cdiv%20class%3D%22article_box_border%22%20style%3D%22background%3A%20url%28%27https%3A%2F%2F24.p3k.hu%2Fapp%2Fuploads%2Fsites%2F24%2F2021%2F05%2Fsport24-pattern.png%27%29%20no-repeat%20left%20-16px%20%23f3f3f4%3B%20border%3A%20none%3B%22%3E%0D%0A%3Cdiv%20class%3D%22article_solidheader%22%3E%0D%0A%3Ch2%20style%3D%22color%3A%20%23111115%21important%3B%20font-size%3A%2036px%3B%20font-weight%3A%20bold%3B%20margin-bottom%3A%2030px%3B%20margin-top%3A%2020px%3B%20text-align%3A%20center%3B%20line-height%3A%2036px%3B%22%3E%3Cimg%20class%3D%22aligncenter%20size-full%20wp-image-141%22%20src%3D%22https%3A%2F%2F24.p3k.hu%2Fapp%2Fuploads%2Fsites%2F24%2F2021%2F05%2Fs24-logo-dt.png%22%20alt%3D%22%22%20width%3D%22408%22%20height%3D%2290%22%20%2F%3E%3C%2Fh2%3E%0D%0A%3Ch2%20style%3D%22color%3A%20%23111115%21important%3B%20font-size%3A%2036px%3B%20font-weight%3A%20bold%3B%20margin-bottom%3A%2030px%3B%20margin-top%3A%2020px%3B%20text-align%3A%20center%3B%20line-height%3A%2040px%3B%22%3ECsatlakozz%20a%20Sport24%20k%C3%B6z%C3%B6ss%C3%A9ghez%2C%20mondd%20el%20v%C3%A9lem%C3%A9nyedet%20z%C3%A1rt%20Facebook-csoportunkban%2C%20%C3%A9s%20vegy%C3%A9l%20r%C3%A9szt%20csak%20el%C5%91fizet%C5%91knek%20el%C3%A9rhet%C5%91%20exkluz%C3%ADv%20esem%C3%A9nyeinken.%3C%2Fh2%3E%0D%0A%3C%2Fdiv%3E%0D%0A%3Cp%20style%3D%22background%3A%20%2357A600%3B%20margin-top%3A%2020px%3B%20padding%3A%2020px%3B%20text-align%3A%20center%3B%22%3E%3Ca%20style%3D%22color%3A%20%23ffffff%3B%20font-size%3A%2026px%3B%20font-weight%3A%20600%3B%22%20href%3D%22https%3A%2F%2Fwww.facebook.com%2Fgroups%2F212344460412327%22%3ECSATLAKOZOM%3C%2Fa%3E%3C%2Fp%3E%0D%0A%0D%0A%3C%2Fdiv%3E\"]\r\n\r\n[central_author_article_recommendation author=\"kalnokia\"]","type":"rich","thumbnail_url":"https:\/\/s.24.hu\/app\/uploads\/sites\/24\/2021\/05\/74025231_2-150x150.jpg","thumbnail_width":150,"thumbnail_height":150}