{"version":"1.0","provider_name":"Sport24","provider_url":"https:\/\/sport24.24.hu","author_name":"Bruckner G\u00e1bor","author_url":"https:\/\/sport24.24.hu\/author\/brucknerg\/","title":"T\u00e9nyleg az AS Roma Mourinho utols\u00f3 es\u00e9lye?","html":"<strong>Jos\u00e9 Mourinh\u00f3r\u00f3l<\/strong> az\u00e9rt h\u00e1l\u00e1s dolog \u00edrni, mert Jos\u00e9 Mourinh\u00f3t nagyon k\u00f6nny\u0171 ut\u00e1lni. Vagy szeretni. Nem olyan edz\u0151, aki ir\u00e1nt a k\u00f6z\u00f6ns\u00e9g k\u00f6z\u00f6mb\u00f6s marad.\r\n\r\nAhol dolgozik, ott sosincs nyugalom. Csapkodnak a vill\u00e1mok, szt\u00e1rj\u00e1t\u00e9kosok ker\u00fclnek partvonalon k\u00edv\u00fclre, vit\u00e1k \u00e9s \u00f6sszet\u0171z\u00e9sek pattannak ki. H\u00e1l\u00e1s dolog lesz akkor is \u00edrni, amikor visszat\u00e9r a Serie A-ba, \u00e9s le\u00fcl az AS Roma kispadj\u00e1ra. Lehet, hogy az olasz \u00e9lvonal, amely pragmatizmus\u00e1val illik hozz\u00e1, ism\u00e9t felfel\u00e9 \u00edvel\u0151 p\u00e1ly\u00e1ra \u00e1ll\u00edtja a karrierj\u00e9t? Statisztik\u00e1k \u00e9s Plutarkhosz seg\u00edts\u00e9g\u00e9vel ered\u00fcnk a t\u00fcnedez\u0151 \u201eM-faktor\u201d nyom\u00e1ba.\r\n<h2>Caesar szerencs\u00e9je<\/h2>\r\n<em>\u201eFolytasd tov\u00e1bb az utat, bar\u00e1tom! L\u00e9gy mer\u00e9sz, \u00e9s ne f\u00e9lj semmit\u0151l! Caesar van veled, \u00e9s b\u00e1rk\u00e1dra b\u00edzta j\u00f3 szerencs\u00e9j\u00e9t.\u201d<\/em> \u00cdgy id\u00e9zi fel <strong>Plutarkhosz<\/strong> a r\u00f3mai anekdot\u00e1t, amelyben az \u00e1lruh\u00e1s<strong> Julius Caesar<\/strong> viharban It\u00e1lia fel\u00e9 tartott, hogy \u00e1tcs\u00fasszon <strong>Pompeius<\/strong> haj\u00f3i k\u00f6z\u00f6tt a k\u00e9t vez\u00e9r k\u00f6zti polg\u00e1rh\u00e1bor\u00faban.\r\n<div class=\"payable-content-section\"><\/div>\r\nCaesar \u00e9s szerencs\u00e9je k\u00f6zmond\u00e1sos volt, \u00e9s j\u00f3l jellemzi a vez\u00e9rkultuszt. A vez\u00e9rt nem csak az\u00e9rt k\u00f6vetik, mert kiv\u00e1l\u00f3 k\u00e9pess\u00e9g\u0171, mert diadalmas, mert f\u00e9lnek t\u0151le; hanem az\u00e9rt is, mert Fortuna fogja a kez\u00e9t. Egyszerre kell tehets\u00e9gesnek lenni, s\u00e1rmosnak, szerencs\u00e9snek \u00e9s persze gy\u0151zni \u2013 ha ez a n\u00e9gy egy\u00fctt van, kialakul a rajong\u00e1s.\r\n\r\nHogy j\u00f6n ide Plutarkhosz \u00e9s Julius Caesar? \u00dagy, hogy Jos\u00e9 Mourinh\u00f3r\u00f3l ugyanezeket elmondhatjuk. Tehets\u00e9ges? K\u00e9ts\u00e9gtelen \u2013 k\u00e9t mentora, <strong>Sir Bobby Robson<\/strong> \u00e9s<strong> Louis van Gaal<\/strong> szuperlat\u00edvuszokban besz\u00e9lt annak idej\u00e9n a st\u00e1bjukban dolgoz\u00f3 fiatal portug\u00e1l szakember krist\u00e1lytiszta elemz\u00e9seir\u0151l, megl\u00e1t\u00e1sair\u00f3l, futball\u00e9rz\u00e9k\u00e9r\u0151l.\r\n\r\nS\u00e1rmos? Mindenk\u00e9ppen. Hogy ism\u00e9t Plutarkhoszhoz ny\u00faljunk vissza, aki az \u201eifj\u00fa vez\u00e9r\u201d Pompeiust \u00edrta le \u00edgy: <em>\u201eP\u00e1ly\u00e1ja kezdet\u00e9n j\u00f3 megjelen\u00e9se is hozz\u00e1seg\u00edtette, hogy elnyerje a n\u00e9p szeretet\u00e9t.\u201d<\/em> Mourinho j\u00f3k\u00e9p\u0171 s\u00e1rm\u0151r volt, egyben krak\u00e9ler, egyszerre volt k\u00e9pes elb\u0171v\u00f6lni, felt\u00fczelni \u00e9s felb\u0151sz\u00edteni a k\u00f6zv\u00e9lem\u00e9nyt.\r\n\r\n<span class=\"highlight-block-small\">Szem\u00e9lyes vonzereje nagyban hozz\u00e1j\u00e1rulhatott ahhoz, hogy m\u00e9g rutintalan, kezd\u0151 edz\u0151k\u00e9nt maga m\u00f6g\u00e9 tudta \u00e1ll\u00edtani a j\u00e1t\u00e9kosokat.<\/span>\r\n\r\nSzerencs\u00e9s volt? Mondhatjuk. Nem az\u00e9rt nyert, mert szerencs\u00e9s volt, de kellett a szerencse is felemelked\u00e9s\u00e9hez. Gondoljunk arra, amikor az FC Porto a 2004-es BL-nyolcadd\u00f6nt\u0151ben pap\u00edrforma-kies\u00e9ssel n\u00e9zett szembe az Old Traffordon. A Manchester United <strong>Paul Scholes<\/strong> fejes g\u00f3lj\u00e1val vezetett, majd megszerezte a m\u00e1sodikat is, de Scholes szab\u00e1lyos tal\u00e1lat\u00e1t az asszisztens lesnek min\u0151s\u00edtette. A 90. percig maradt az 1\u20130, amikor <strong>Benni McCarthy<\/strong> szabadr\u00fag\u00e1s\u00e1t <strong>Tim Howard<\/strong> sut\u00e1n <strong>Costinha<\/strong> el\u00e9 \u00fct\u00f6tte, a k\u00f6z\u00e9pp\u00e1ly\u00e1s a h\u00e1l\u00f3ba k\u00fcldte az aj\u00e1nd\u00e9kot, Mourinho meg fekete kab\u00e1tj\u00e1ban sprintelt az oldalvonal mellett, hogy v\u00e9g\u00fcl a Port\u00f3val a BL-gy\u0151zelemig meneteljen. Kellett Fortuna seg\u00edts\u00e9ge? H\u00e1t persze!\r\n\r\n<img class=\"alignnone wp-image-466 size-large\" src=\"https:\/\/sport24.24.hu\/app\/uploads\/sites\/24\/2021\/05\/000_par2004050376182-1024x685.jpg\" alt=\"\" width=\"1024\" height=\"685\" \/>\r\n\r\n<span class=\"highlight-block\">Nyert? Nyert. Sokat. <\/span>\r\n\r\nMegvolt benne az, ami a legh\u00edresebb vez\u00e9rekben: az\u00e9rt k\u00f6vett\u00e9k az emberei, mert hittek benne, tudt\u00e1k, hogy j\u00f3, szerencs\u00e9s \u00e9s nyer. Sorozatban. Caesar szerencs\u00e9je nem \u00e9rt volna semmit a sorozatos gy\u0151zelmek n\u00e9lk\u00fcl \u00e9s Mourinho szerencs\u00e9je sem \u00e9rt volna semmit az els\u0151 \u00e9vek diadalmenete n\u00e9lk\u00fcl. Elment Port\u00f3ba, \u00e9s nyert. Elment a Chelsea-hez, \u00e9s nyert. Elment az Interhez, \u00e9s nyert. Cs\u00facs\u00e9veiben, 2002 \u00e9s 2010 k\u00f6z\u00f6tt tizenh\u00e9t tr\u00f3fe\u00e1t, k\u00f6zte k\u00e9t Bajnokok Lig\u00e1j\u00e1t nyert.\r\n<h2>K\u00fcl\u00f6nlegesb\u0151l h\u00e9tk\u00f6znapi<\/h2>\r\nEredm\u00e9nyess\u00e9ge alapj\u00e1n Mourinho a jelenkor legjobb edz\u0151i k\u00f6z\u00f6tt van. Minden orsz\u00e1gban, amelyben valaha edz\u0151sk\u00f6d\u00f6tt, megnyerte a k\u00e9t legfontosabb versenysorozatot, a bajnoks\u00e1got, illetve a nemzeti kup\u00e1t. Bajnokok Lig\u00e1j\u00e1t nyert a Port\u00f3val \u00e9s az Interrel, UEFA Kup\u00e1t a Port\u00f3val, Eur\u00f3pa Lig\u00e1t a Manchester Uniteddel. A nagy tr\u00f3fe\u00e1kat tekintve minden id\u0151k legeredm\u00e9nyesebb tr\u00e9nerei k\u00f6z\u00f6tt van a helye.\r\n\r\n<span class=\"highlight-block\">Mourinho = gy\u0151zelem.<\/span>\r\n\r\nA Mourinho-brand erre \u00e9p\u00fclt, ez volt Mourinho \u00edg\u00e9rete klubjainak. A gy\u0151zteseket pedig szeretik \u00e9s k\u00f6vetik. Nem csoda, hogy csapatai eleinte t\u0171zbe mentek volna \u00e9rte. Tud\u00e1s, s\u00e1rm, szerencse, gy\u0151zelem, minden egy\u00fctt volt.\r\n\r\nA 2002\u20132003-t\u00f3l 2016\u20132017-ig tart\u00f3 peri\u00f3dusban csak h\u00e1rom olyan \u00e9vad volt, amelyben Mourinho csapata nem nyert tr\u00f3fe\u00e1t. A portug\u00e1lnak ezek k\u00f6z\u00fcl kett\u0151ben hamar, \u00f6t, illetve tizenhat bajnoki ut\u00e1n mennie kellett a kispadr\u00f3l. Ebben az id\u0151szakban az egyetlen \u00e9vad a 2013\u20132014-es, amelyben v\u00e9gig \u0151 ir\u00e1ny\u00edtott, \u00e1m csapata (akkor a Chelsea) semmit sem nyert.\r\n\r\n<span class=\"highlight-block-small\">A sikersorozat azonban megszakadt, \u00e9s 2017\u20132018 ut\u00e1n a \u201eSpecial One\u201d-b\u00f3l \u201eSpecial None\u201d lett. <\/span>\r\n\r\nLegut\u00f3bbi n\u00e9gy id\u00e9ny\u00e9ben nem nyert az \u00e9gvil\u00e1gon semmit, a Manchester Unitedt\u0151l, majd id\u00e9n a Tottenham Hotspurt\u0151l is dicstelen\u00fcl t\u00e1vozott. N\u00e9gy egym\u00e1st k\u00f6vet\u0151 \u00e9vad tr\u00f3fea n\u00e9lk\u00fcl, ilyen m\u00e9g nem volt vezet\u0151edz\u0151i karrierj\u00e9ben.\r\n\r\nA visszaes\u00e9s l\u00e1that\u00f3 a bajnoki m\u00e9rk\u0151z\u00e9seken megszerzett pontok sz\u00e1m\u00e1ban. Mourinho sok\u00e1ig garancia volt arra, hogy csapata nyer\u0151 g\u00e9pezett\u00e9 v\u00e1ltozik: 2002 \u00e9s 2015 k\u00f6z\u00f6tt minden egyes id\u00e9nyben 2,15 pont\/meccs (PPG) f\u00f6l\u00f6tt szerzett csapat\u00e1val, \u00e1tlaga kiemelked\u0151, 2,33 pont\/m\u00e9rk\u0151z\u00e9s. Az\u00f3ta zuhan\u00f3rep\u00fcl\u00e9s: a 2015\u20132021 k\u00f6z\u00f6tti peri\u00f3dusban csak egyszer volt 2 f\u00f6l\u00f6tt ebben a mutat\u00f3ban, \u00e1tlaga 1,62 pont\/m\u00e9rk\u0151z\u00e9sre esett vissza.\r\n<ul>\r\n \t<li>Azaz Mourinho olyan edz\u0151 volt sz\u0171k m\u00e1sf\u00e9l \u00e9vtizedig, aki csapat\u00e1val a bajnoki pontok k\u00f6zel 78 sz\u00e1zal\u00e9k\u00e1t megszerezte.<\/li>\r\n \t<li>Mourinho az elm\u00falt hat \u00e9vben olyan edz\u0151 lett, aki csapat\u00e1val a bajnoki pontok 54 sz\u00e1zal\u00e9k\u00e1t szerzi meg.<\/li>\r\n<\/ul>\r\n\u00d6sszehasonl\u00edt\u00e1sul: a l\u00e9nyegesen szer\u00e9nyebb anyagi lehet\u0151s\u00e9gek k\u00f6z\u00f6tt dolgoz\u00f3 <strong>Gian Piero Gasperini<\/strong> (Atalanta) 2015 \u00e9s 2021 k\u00f6z\u00f6tt 1,77-es pont\u00e1tlagn\u00e1l tart, a legut\u00f3bbi hat id\u00e9nyb\u0151l \u00f6tsz\u00f6r jobb volt e mutat\u00f3ja, mint a mindig szt\u00e1rj\u00e1t\u00e9kosokkal k\u00f6r\u00fclvett Mourinh\u00f3nak, aki a vil\u00e1g leggazdagabb klubjain\u00e1l tev\u00e9kenykedett.\r\n\r\n<span class=\"highlight-block-small\">A szem\u00e9lyes brandj\u00e9t gy\u0151zelmeire \u00e9p\u00edt\u0151 portug\u00e1l edz\u0151 a topkateg\u00f3ri\u00e1b\u00f3l eggyel lejjebb cs\u00faszott.<\/span>\r\n\r\nM\u00e1rpedig ez nagy probl\u00e9ma, ha egy \u201e\u00e9nm\u00e1rka\u201d a gy\u0151zelem h\u00edv\u00f3szav\u00e1ra \u00e9p\u00fcl. J\u00f3 m\u00e1sf\u00e9l \u00e9vtizedig Mourinho b\u00e1rmikor kamp\u00e1nyolhatott azzal: ha \u0151 egy csapathoz \u00e9rkezik, ott j\u00f6nnek az eredm\u00e9nyek.\r\n\r\n<img class=\"alignnone wp-image-467 size-large\" src=\"https:\/\/sport24.24.hu\/app\/uploads\/sites\/24\/2021\/05\/000_9873uh-masolat-1024x683.jpg\" alt=\"\" width=\"1024\" height=\"683\" \/>\r\n<h2>Betonfalb\u00f3l szita<\/h2>\r\nMourinho pragmatikus edz\u0151k\u00e9nt szerzett vil\u00e1gh\u00edrnevet, olyank\u00e9nt, akin\u00e9l a v\u00e9dekez\u00e9s prim\u00e1tusa megk\u00e9rd\u0151jelezhetetlen. Ez nem azt jelenti, hogy extr\u00e9m m\u00f3don defenz\u00edv edz\u0151 lett volna, azt ink\u00e1bb, hogy \u2013 mint azt <strong>Michael Cox<\/strong> a Dar\u00e1l\u00f3 c\u00edm\u0171 k\u00f6nyvben megjegyzi \u2013 k\u00e9pes volt puffogni, ha egy 5-4-es meccset l\u00e1tott, mondv\u00e1n, az j\u00e9gkorongeredm\u00e9ny, nem futball. A kit\u0171n\u0151 csapatv\u00e9dekez\u00e9s, stabilit\u00e1s, az ellenf\u00e9l hib\u00e1inak kiv\u00e1r\u00e1sa \u00e9s k\u00edm\u00e9letlen kihaszn\u00e1l\u00e1sa a \u201eMourinho-futball\u201d megannyi jellegzetess\u00e9ge.\r\n\r\nA 2014\u201315-\u00f6s \u00e9vadig alig fordult el\u0151 Mourinho csapataival, hogy bajnoki id\u00e9nyben 1 f\u00f6l\u00f6tt lett volna a kapottg\u00f3l\u00e1tlaguk. Az\u00f3ta t\u00f6bbsz\u00f6r volt 1 f\u00f6l\u00f6tt, mint nem \u2013 a portug\u00e1l \u00e9p\u00edtm\u00e9nye pont ott repedt meg, ahol kor\u00e1bban a leger\u0151sebb volt. Az elm\u00falt \u00f6t \u00e9vadban csapatai \u2013 a portug\u00e1l edz\u0151 karrier\u00e1tlag\u00e1val \u00f6sszevetve \u2013 t\u00e1mad\u00f3j\u00e1t\u00e9kban is kev\u00e9sb\u00e9 voltak hat\u00e9konyak, \u00e1m a v\u00e9d\u0151munk\u00e1ban, a \u201eMourinho-futball\u201d alapk\u00f6v\u00e9ben m\u00e9g nagyobb a visszaes\u00e9s. Port\u00f3i id\u0151szaka \u00f3ta Mourinho el\u0151sz\u00f6r nem t\u00f6lt\u00f6tt legal\u00e1bb 100 m\u00e9rk\u0151z\u00e9st valamely csapata kispadj\u00e1n.\r\n\r\nHa Mourinh\u00f3t k\u00e9rdezn\u00e9k, val\u00f3sz\u00edn\u0171leg azt mondan\u00e1, \u0151 semmit sem vesztett el tud\u00e1s\u00e1b\u00f3l \u00e9s k\u00e9pess\u00e9geib\u0151l, n\u00e9zz\u00e9k meg, mennyit nyert. De egyre messzebbre kell visszamutatnia: bajnoki tr\u00f3fe\u00e1t 2014\u20132015 \u00f3ta nem nyert, Bajnokok Lig\u00e1j\u00e1t 2009\u20132010 \u00f3ta, \u00e9s b\u00e1r az egy \u00e9vadban elh\u00f3d\u00edtott h\u00e1rom tr\u00f3fea a Manchester Uniteddel (2016\u20132017) sz\u00e9p eredm\u00e9ny, a bajnoki tr\u00f3nra m\u00e9gsem tudta visszavezetni a \u201ev\u00f6r\u00f6s \u00f6rd\u00f6g\u00f6ket\u201d, a Spursn\u00e9l meg elmaradt <strong>Mauricio Pochettino<\/strong> eredm\u00e9nyess\u00e9g\u00e9t\u0151l. M\u00e1rpedig azon a szinten, amin dolgozik, a m\u00e1sodik sz\u00e1m\u00fa eur\u00f3pai kupa, illetve a nemzeti kup\u00e1k egyike sem sz\u00e1m\u00edt kiemelked\u0151, legfeljebb j\u00f3 eredm\u00e9nynek.\r\n\r\nGy\u0151ztes-e a gy\u0151ztes, ha diadalai lassan a m\u00faltba vesznek?\r\n<iframe style=\"width: 100%;height: 600px\" title=\"Interactive or visual content\" src=\"https:\/\/flo.uri.sh\/visualisation\/6154464\/embed\" frameborder=\"0\" scrolling=\"no\"><\/iframe>\r\n<div style=\"width: 100%!;margin-top: 4px!important;text-align: right!important\"><a class=\"flourish-credit\" style=\"text-decoration: none!important\" href=\"https:\/\/public.flourish.studio\/visualisation\/6154464\/?utm_source=embed&amp;utm_campaign=visualisation\/6154464\" target=\"_top\" rel=\"noopener noreferrer\"><img style=\"width: 105px!important;height: 16px!important;border: none!important;margin: 0!important\" src=\"https:\/\/public.flourish.studio\/resources\/made_with_flourish.svg\" alt=\"Made with Flourish\" \/> <\/a><\/div>\r\n<h2>Mit\u0151l veszett el a var\u00e1zs?<\/h2>\r\nA k\u00e9zenfekv\u0151 v\u00e1laszok k\u00f6z\u00fcl az egyik: a futballvil\u00e1g \u00fagy v\u00e1ltozott, hogy az nem kedvezett Mourinh\u00f3nak. Pragmatikus st\u00edlusa m\u00e1r nem el\u00e9g vonz\u00f3 \u2013 ak\u00e1r a j\u00e1t\u00e9kosoknak, ak\u00e1r a k\u00f6z\u00f6ns\u00e9gnek \u2013, szem\u00e9lyis\u00e9ge fesz\u00fclts\u00e9get kelt \u00f6lt\u00f6z\u0151n bel\u00fcl \u00e9s k\u00edv\u00fcl, \u00e9s ez n\u00e9h\u00e1ny \u00e9ven bel\u00fcl toxikus k\u00f6zeget, sz\u00e9tes\u00e9st id\u00e9z el\u0151. Az \u00e1lland\u00f3 fesz\u00fclts\u00e9get, a futballist\u00e1k konfliktusokkal motiv\u00e1l\u00e1s\u00e1t, a \u201emi a vil\u00e1g ellen\u201d jelleg\u0171 \u00f6sszez\u00e1r\u00e1st Mourinho addig tudja a maga jav\u00e1ra ford\u00edtani, am\u00edg gy\u0151z. Ha nem, a \u201evar\u00e1zslat\u201d egyik alkot\u00f3eleme elv\u00e9sz.\r\n\r\nElk\u00e9pzelhet\u0151, hogy maguk a j\u00e1t\u00e9kosok is v\u00e1ltoztak: m\u00e1s a percepci\u00f3juk a j\u00f3 futballr\u00f3l, esetleg t\u00fal defenz\u00edvnek, t\u00falzottan az ellenf\u00e9llel foglalkoz\u00f3, \u00f3vatos, reakt\u00edv edz\u0151nek tartj\u00e1k Mourinh\u00f3t, r\u00e1ad\u00e1sul konfrontat\u00edv st\u00edlus\u00e1t is nehezen viselik. Az eg\u00f3k nem lettek kisebbek, mindenki az \u201e\u00e9nm\u00e1rk\u00e1j\u00e1t\u201d \u00e9p\u00edti, \u00e9s Mourinho egyik tipikus eszk\u00f6ze \u2013 a kiszemelt j\u00e1t\u00e9kosok nyilv\u00e1nos, k\u00edm\u00e9letlen kritiz\u00e1l\u00e1sa \u2013 visszatetsz\u00e9st sz\u00fclhet. A hiba (legal\u00e1bbis a nyilv\u00e1noss\u00e1g el\u0151tt) nem lehet Mourinh\u00f3n\u00e1l: b\u0171nbaknak lennie kell. Hisz Mourinho a vez\u00e9r. A m\u00e1rk\u00e1j\u00e1t gy\u0151zelmekre \u00e9s t\u00e9vedhetetlens\u00e9gre \u00e9p\u00edt\u0151 vez\u00e9r.\r\n<blockquote>N\u00e9gy vagy \u00f6t ember r\u00fchellte, n\u00e9gy vagy \u00f6t kedvelte, n\u00e9gyet-\u00f6t\u00f6t hidegen hagyott. Megosztja az \u00f6lt\u00f6z\u0151t azzal, amit mond \u00e9s ahogyan mondja<\/blockquote>\r\n\u2013 id\u00e9zte Mourinho meneszt\u00e9se ut\u00e1n a <a href=\"https:\/\/theathletic.com\/2525352\/\" target=\"_blank\" rel=\"noopener noreferrer\">The Athletic<\/a> az egyik, n\u00e9vtelens\u00e9gbe burkol\u00f3z\u00f3, spurs\u00f6s forr\u00e1s\u00e1t. S lehet (val\u00f3sz\u00edn\u0171?), hogy taktikai szempontb\u00f3l is vagy t\u00falhaladt\u00e1k Mourinh\u00f3t, vagy nem alkalmazkodik el\u00e9g j\u00f3l, el\u00e9g rugalmasan a v\u00e1ltoz\u00e1sokhoz, szemben \u201enemezis\u00e9vel\u201d, <strong>Pep Guardiol\u00e1val<\/strong>. Ahogy 2019 elej\u00e9n <strong>Guillem Balague<\/strong> \u00edrta a BBC-n: \u201eLehet, Mourinho anal\u00f3g menedzser egy digit\u00e1lis vil\u00e1gban?\u201d Persze ha \u201ecsak\u201d ennyi a gond, akkor a futball kereke el\u0151bb-ut\u00f3bb megint j\u00f3l fordulhat a portug\u00e1lnak. Lehet, n\u00e9h\u00e1ny \u00e9v m\u00falva \u00e9ppen az \u0151 m\u00f3dszerei jelentenek megold\u00e1st egy aktu\u00e1lis probl\u00e9m\u00e1ra.\r\n\r\n<img class=\"alignnone wp-image-468 size-large\" src=\"https:\/\/sport24.24.hu\/app\/uploads\/sites\/24\/2021\/05\/000_94h7un-1024x683.jpg\" alt=\"\" width=\"1024\" height=\"683\" \/>\r\n\r\n<script type=\"text\/javascript\" charset=\"utf-8\" src=\"https:\/\/secure.polldaddy.com\/p\/10840552.js\"><\/script>\r\n<a href=\"https:\/\/poll.fm\/10840552\">Le\u00e1ldoz\u00f3ban van-e Jos\u00e9 Mourinho csillaga?<\/a>\r\n<h2>Van-e m\u00e9g M-faktor?<\/h2>\r\nV\u00e1ltozik-e maga Mourinho? B\u00e1r azt \u00e1ll\u00edtotta, tizenegy h\u00f3napos pihen\u0151je alatt igyekezett v\u00e1ltozni, szakmailag \u00e9s pszichol\u00f3giailag is tov\u00e1bbk\u00e9pezte mag\u00e1t, a Tottenhamn\u00e9l pontosan \u00fagy j\u00e1rt, mint kor\u00e1bban t\u00f6bb \u00e1llom\u00e1shely\u00e9n. Csak most nem nyert. Semmit. A Spurs lett a Benfica \u00e9s az Uniao Leiria ut\u00e1n a harmadik klub, amellyel m\u00e9g egy kisebb tr\u00f3fe\u00e1t sem siker\u00fclt elh\u00f3d\u00edtania. Az \u201eM-faktor\u201d, Mourinho var\u00e1zsa pedig az extr\u00e9m sikeress\u00e9gre \u00e9p\u00fclt.\r\n\r\n\u201eNemr\u00e9giben valaki azt mondta, olyan edz\u0151 vagyok, aki tr\u00f3fe\u00e1kat nyer, de nem j\u00e1tszik a csapata. K\u00f6sz\u00f6n\u00f6m. Szeretek olyan edz\u0151 lenni, aki tr\u00f3fe\u00e1kat nyer\u201d \u2013 sz\u00fart oda t\u00edz \u00e9ve Mourinho a kritikusainak egy gy\u0151ztes Kir\u00e1ly Kupa-d\u00f6nt\u0151 ut\u00e1n.\r\n\r\nDe milyen edz\u0151 Jos\u00e9 Mourinho, ha nem nyer tr\u00f3fe\u00e1kat? Amikor \u2013 olyb\u00e1 t\u0171nik \u2013 eg\u00e9sz edz\u0151i identit\u00e1sa erre \u00e9p\u00fcl?\r\n\r\n<span class=\"highlight-block-small\">S ha R\u00f3m\u00e1ban sem tud visszatal\u00e1lni a gy\u0151zelem \u00fatj\u00e1ra, akkor ki\u00edrj\u00e1k-e az akt\u00edv topedz\u0151k sor\u00e1b\u00f3l?<\/span>\r\n\r\nLehet, hogy az All or Nothing: Tottenham\r\n\r\nHotspur ut\u00e1n egyszer az All or Nothing: al-Hilalban l\u00e1tjuk ism\u00e9t? Mert lehet egy tr\u00e9nernek b\u00e1rmennyi tr\u00f3fe\u00e1ja, ha a gy\u0151zelemre \u00e9p\u00edt, akkor gy\u0151zelemre is van \u00edt\u00e9lve. Mindv\u00e9gig, mint egy m\u00e1sik nagy pragmatikus futballvez\u00e9r, <strong>Sir Alex Ferguson<\/strong>. Ha visszamutogat arra, hogy n\u00e9gy, \u00f6t, t\u00edz \u00e9ve mit nyert, az nem el\u00e9g. Egy <strong>Marcelo Biels\u00e1hoz<\/strong> hasonl\u00f3 futballromantikus-filoz\u00f3fusnak, aki ny\u00edltan hirdeti, hogy nem csak a gy\u0151zelem \u00e9rdekli, el\u00e9g lehet. De Mourinh\u00f3nak nem.\r\n\r\nMourinho az AS Rom\u00e1n\u00e1l szokatlan szerepbe ker\u00fcl. A Porto \u00f3ta most el\u0151sz\u00f6r lesz olyan csapata, amely nem tartozik a helyi labdar\u00fag\u00e1s domin\u00e1ns vagy nagyon gazdag klubjai k\u00f6z\u00e9. A Porto \u2013 m\u00e9g ha h\u00e1rom rossz \u00e9vadot k\u00f6vet\u0151en j\u00f6tt is a fiatal Mourinho \u2013 domin\u00e1ns volt. A Chelsea d\u00fasgazdag, ahogy a Moratti-\u00e9ra Interj\u00e9ben is megkapott mindent az edz\u0151. A Real Madridn\u00e1l nemk\u00fcl\u00f6nben. A Manchester United \u00e9s a Tottenham a vil\u00e1g legnagyobb bev\u00e9tel\u0171 klubjai k\u00f6z\u00e9 tartozik. A Roma jelenleg nincs (\u00e9s aligha v\u00e1rhat\u00f3, hogy a jelenlegi helyzetben izomb\u00f3l lenyomja az olasz piacot), r\u00e1ad\u00e1sul 2000\u201301 \u00f3ta nem nyert bajnoks\u00e1got, 2008 \u00f3ta tr\u00f3fe\u00e1t. Ez Mourinh\u00f3nak is lehet\u0151s\u00e9g. A hozz\u00e1 t\u00e1n legjobban ill\u0151 bajnoks\u00e1gban alkothat ism\u00e9t valamit, s \u00fajj\u00e1\u00e9p\u00edtheti saj\u00e1t renom\u00e9j\u00e1t, \u00fagy, ahogyan egy m\u00e1sik kiemelked\u0151en sikeres \u00e9s megoszt\u00f3 edz\u0151, a holland Louis van Gaal tette az AZ-n\u00e9l sorozatos kudarcok ut\u00e1n.\r\n\r\n<span class=\"highlight-block\">Most \u00fagy t\u0171nik, a futballt\u00f6rt\u00e9nelem egyik legf\u00e9nyesebb edz\u0151i p\u00e1lyafut\u00e1sa lefel\u00e9 tart. <\/span>\r\n\r\nS hogy a r\u00f3maiakn\u00e1l maradjunk: lehet, hamarosan eld\u0151l, m\u00e9g mindig Julius Caesar-kaliber\u0171 vezet\u0151-e Mourinho, vagy ink\u00e1bb Pompeius. Id\u0151s\u00f6d\u0151, sikereire folyton visszamutogat\u00f3, de hanyatl\u00f3 vez\u00e9r, akinek h\u00edrneve legend\u00e1s volt, \u00e1m szertefoszlott, mert a vil\u00e1g megv\u00e1ltoz\u00e1sa \u00e9s \u00faj riv\u00e1lisai meghaladt\u00e1k.\r\n\r\nJos\u00e9 Mourinho szerint term\u00e9szetesen m\u00e9g mindig Jos\u00e9 Mourinho a legjobb v\u00e1laszt\u00e1s.\r\n\r\nA k\u00e9rd\u00e9s, hogy ezt a j\u00e1t\u00e9kosok, szurkol\u00f3k, vezet\u0151k is \u00edgy l\u00e1tj\u00e1k-e.\r\n\r\n<script id=\"infogram_0_06d7d3e4-632c-4dbc-95ec-d56b5a716282\" title=\"Mourinho tr\u00f3fe\u00e1i\" src=\"https:\/\/e.infogram.com\/js\/dist\/embed.js?BmU\" type=\"text\/javascript\"><\/script>\r\n\r\n[prefabricated_shortcode in_app=\"0\" code=\"%3Cdiv%20class%3D%22article_box_border%22%20style%3D%22background%3A%20url%28%27https%3A%2F%2F24.p3k.hu%2Fapp%2Fuploads%2Fsites%2F24%2F2021%2F05%2Fsport24-pattern.png%27%29%20no-repeat%20left%20-16px%20%23f3f3f4%3B%20border%3A%20none%3B%22%3E%0D%0A%3Cdiv%20class%3D%22article_solidheader%22%3E%0D%0A%3Ch2%20style%3D%22color%3A%20%23111115%21important%3B%20font-size%3A%2036px%3B%20font-weight%3A%20bold%3B%20margin-bottom%3A%2030px%3B%20margin-top%3A%2020px%3B%20text-align%3A%20center%3B%20line-height%3A%2036px%3B%22%3E%3Cimg%20class%3D%22aligncenter%20size-full%20wp-image-141%22%20src%3D%22https%3A%2F%2F24.p3k.hu%2Fapp%2Fuploads%2Fsites%2F24%2F2021%2F05%2Fs24-logo-dt.png%22%20alt%3D%22%22%20width%3D%22408%22%20height%3D%2290%22%20%2F%3E%3C%2Fh2%3E%0D%0A%3Ch2%20style%3D%22color%3A%20%23111115%21important%3B%20font-size%3A%2036px%3B%20font-weight%3A%20bold%3B%20margin-bottom%3A%2030px%3B%20margin-top%3A%2020px%3B%20text-align%3A%20center%3B%20line-height%3A%2040px%3B%22%3ECsatlakozz%20a%20Sport24%20k%C3%B6z%C3%B6ss%C3%A9ghez%2C%20mondd%20el%20v%C3%A9lem%C3%A9nyedet%20z%C3%A1rt%20Facebook%20csoportunkban%2C%20%C3%A9s%20vegy%C3%A9l%20r%C3%A9szt%20csak%20el%C5%91fizet%C5%91knek%20el%C3%A9rhet%C5%91%20exkluz%C3%ADv%20esem%C3%A9nyeinken.%3C%2Fh2%3E%0D%0A%3C%2Fdiv%3E%0D%0A%3Cp%20style%3D%22background%3A%20%2357A600%3B%20margin-top%3A%2020px%3B%20padding%3A%2020px%3B%20text-align%3A%20center%3B%22%3E%3Ca%20style%3D%22color%3A%20%23ffffff%3B%20font-size%3A%2026px%3B%20font-weight%3A%20600%3B%22%20href%3D%22https%3A%2F%2Fwww.facebook.com%2Fgroups%2F212344460412327%22%3ECSATLAKOZOM%3C%2Fa%3E%3C%2Fp%3E%0D%0A%0D%0A%3C%2Fdiv%3E\"]","type":"rich","thumbnail_url":"https:\/\/s.24.hu\/app\/uploads\/sites\/24\/2021\/05\/075_ronchini-amuralde210507_npbgl-masolat-150x150.jpg","thumbnail_width":150,"thumbnail_height":150}