{"version":"1.0","provider_name":"Sport24","provider_url":"https:\/\/sport24.24.hu","author_name":"Bruckner G\u00e1bor","author_url":"https:\/\/sport24.24.hu\/author\/brucknerg\/","title":"N\u00e9gy \u00e9ve \u00e9s ma: Juventus\u2013Juventus 8-3","html":"A Ronaldof\u00f3bia k\u00e9pvisel\u0151i szerint a portug\u00e1l \u00e9rkez\u00e9se \u00f3ta a Juventus karaktere megv\u00e1ltozott, CR7 egy\u00e9niesked\u00e9se \u00e9s privil\u00e9giumai nem voltak j\u00f3 hat\u00e1ssal a csapatra. Azt\u00e1n ott vannak az edz\u0151k: sokak szerint az \u00f6nfej\u0171 Sarri kinevez\u00e9se hiba volt, a z\u00f6ldf\u00fcl\u0171 Pirl\u00f3\u00e9 m\u00e9g nagyobb. \u00c9s ne feledkezz\u00fcnk meg a focist\u00e1kr\u00f3l sem.\r\n\r\n<span class=\"highlight-block-small\">Az al\u00e1bbiakban \u00f6sszehasonl\u00edtjuk a Juventus n\u00e9gy \u00e9vvel ezel\u0151tti BL-d\u00f6nt\u0151s keret\u00e9t a mostani kezd\u0151vel. <\/span>\r\n\r\nMaradjunk abban: nem v\u00e9letlen, hogy a Juventus \u00e9vek \u00f3ta BL-nyolcadd\u00f6nt\u0151s szinten \u00e1ll.\r\n<div class=\"payable-content-section\"><\/div>\r\n<h2>Buffon vs. Szczesny<\/h2>\r\nHa kapusposzton az egyik jel\u00f6lt Buffon, akkor t\u00f6kmindegy, ki a m\u00e1sik. Mostan\u00e1ban t\u00f6rt\u00e9netesen Szczesny az, \u00e9s ez nem v\u00e1lik a Juventus el\u0151ny\u00e9re. A lengyel az \u00e9rthetetlen r\u00f6vidz\u00e1rlatok \u00e9s lepk\u00e9k embere, de m\u00e9g enn\u00e9l is rosszabb, amikor olaszos mosolyt er\u0151ltet mag\u00e1ra. (Senki ne akarjon olasz lenni, ha nem olasz.) Sz\u00f6k\u0151\u00e9vente Buffonon is elment egy-egy meccs, de \u0151 legal\u00e1bb direkt csin\u00e1lta (jelige: Rolex). <strong>1-0.<\/strong>\r\n<h2>Barzagli vs. Danilo<\/h2>\r\nBarzagli nem tudott semmi k\u00fcl\u00f6n\u00f6set, csak egy megb\u00edzhat\u00f3 olasz focista volt. Im\u00e1dtam, ahogy nyargalt a p\u00e1ly\u00e1n, mint valami f\u00e1radhatatlan versenyl\u00f3. F\u00e9lt\u00e9rden \u00e1llva szerelt, gesztikul\u00e1lt, k\u00f6zben a sebeit nyalogatta \u2013 jelens\u00e9g. Danilo is szimpatikus, de nem szerethet\u0151, \u00e9s ez nagy k\u00fcl\u00f6nbs\u00e9g. Ments\u00e9g\u00e9re sz\u00f3ljon, hogy k\u00f6z\u00e9pp\u00e1ly\u00e1sk\u00e9nt voltak j\u00f3 meccsei, emellett id\u00e9n \u00f6v\u00e9 a legt\u00f6bb j\u00e1t\u00e9kperc is a Juventusban, amihez sz\u00edvb\u0151l gratul\u00e1lunk. Ezzel egy\u00fctt is <strong>2-0.<\/strong>\r\n<h2>Bonucci vs. Bonucci<\/h2>\r\nBonucci egyike annak a h\u00e1rom futballist\u00e1nak, akit \u00f6nmag\u00e1val hasonl\u00edtunk \u00f6ssze: 2017-ben \u00e9s most is a v\u00e9delem kulcsembere. Karrierj\u00e9ben a mil\u00e1n\u00f3i kit\u00e9r\u0151 fordul\u00f3pontot jelentett, a lejtmenet kezdet\u00e9t. Azel\u0151tt Eur\u00f3pa egyik legjobb bels\u0151 v\u00e9d\u0151j\u00e9nek sz\u00e1m\u00edtott, ma m\u00e1r neh\u00e9z elk\u00e9pzelni, hogy ez valamikor \u00edgy volt. K\u00f6z\u00e9pp\u00e1ly\u00e1ra t\u00f6rt\u00e9n\u0151 dinamikus bel\u00e9p\u00e9st h\u00f3napok \u00f3ta nem l\u00e1ttunk t\u0151le, a kor\u00e1bban megszokott hajsz\u00e1lpontos ind\u00edt\u00e1sokat pedig felv\u00e1ltott\u00e1k az el\u0151rebik\u00e1zott labd\u00e1k. Nem \u0151 a Juve j\u00f6v\u0151je, de egy Fiorentin\u00e1ban m\u00e9g \u00fajj\u00e1sz\u00fclethetne. Persze, nem fair egy 34 \u00e9ves j\u00e1t\u00e9kost \u00f6sszehasonl\u00edtani egy 30 \u00e9vessel, sz\u00f3val legyen ez egy kegyelemiksz. <strong>2,5-0,5.<\/strong>\r\n<h2>Chiellini vs. De Ligt<\/h2>\r\nV\u00e9gre egy poszt, amelyen mindk\u00e9t focist\u00e1nkat dics\u00e9rhetj\u00fck. Chiellini a k\u00f6zgazdas\u00e1gtan, a h\u00e1tv\u00e9dtudom\u00e1ny \u00e9s az olaszos szem\u00e9tked\u00e9s professzora, 2017-ben a cs\u00facson \u00e9pp t\u00fal. De Ligt pedig az els\u0151, ellentmond\u00e1sos \u00e9ve ut\u00e1n id\u00e9n bizony\u00edtotta, hogy a vil\u00e1g egyik legjobb bels\u0151 v\u00e9d\u0151je, kem\u00e9nys\u00e9g\u00e9r\u0151l a kilencvenes \u00e9vek alul\u00e9rt\u00e9kelt Juve-bekkje, Massimo Carrera juthat esz\u00fcnkbe. \u00dajabb iksz (\u00e9s diszkr\u00e9t hallgat\u00e1s azzal kapcsolatban, hogy az \u00f3loml\u00e9pt\u0171 Chiellini m\u00e9g a 2021-es Juventusnak is az egyik meghat\u00e1roz\u00f3 embere \u2013 36 \u00e9vesen), <strong>3-1.<\/strong>\r\n\r\n<img class=\"aligncenter size-full wp-image-448\" src=\"https:\/\/sport24.24.hu\/app\/uploads\/sites\/24\/2021\/05\/juve1.png\" alt=\"\" width=\"2020\" height=\"1500\" \/>\r\n<h2>Alex Sandro vs. Alex Sandro<\/h2>\r\nAlex Sandro sem lett fiatalabb az elm\u00falt \u00e9vekben. Jobb sem. Bevallom, \u00e9n sosem l\u00e1ttam benne a Roberto Carlost, ha m\u00e1r brazil, de m\u00e9g Branc\u00f3t sem (\u201eGrosso, grande Grosso!\u201d). Roque Juniorn\u00e1l k\u00e9ts\u00e9gtelen\u00fcl jobb, \u00e9s ki is egyezn\u00e9nk vele egy b\u00e9k\u00e9s d\u00f6ntetlenben, de sajnos most olyan kedvetlen\u00fcl, m\u00e1r-m\u00e1r undorral az arc\u00e1n focizott, ami miatt egy\u00e9rtelm\u0171en a r\u00e9gi Sandr\u00f3ra szavazunk, <strong>4-1.<\/strong>\r\n<h2>Cuadrado vs. Cuadrado<\/h2>\r\nB\u00e1r a 2017-es BL-d\u00f6nt\u0151ben Dani Alves kezdett, abban az id\u00e9nyben Juan Cuadrado j\u00e1tszott jobb oldali fut\u00f3k\u00e9nt t\u00f6bb m\u00e9rk\u0151z\u00e9sen a Juventusban. A Real elleni d\u00f6nt\u0151re nem sz\u00edvesen eml\u00e9kszik: a 66. percben be\u00e1llt, a 83. percben ki\u00e1ll\u00edtott\u00e1k. A mostani \u00e9vadja jobb, a kev\u00e9s \u00e9pk\u00e9zl\u00e1b Juventus-futballista egyike Pirlo csapat\u00e1ban, a Torino elleni tavaly \u0151szi g\u00f3lpasszai eml\u00e9kezetesek. \u00d6sszess\u00e9g\u00e9ben azonban ez is kev\u00e9s, Cuadrado (Dani Alves) vs. Cuadrado: iksz. <strong>4,5-1,5.<\/strong>\r\n<h2>Pjanic vs. Bentancur<\/h2>\r\n2017-ben Pjanic volt a csapat metron\u00f3mja, de lassan el\u00f6regedett. Ebben a bajnoks\u00e1gban azonban nem a hely\u00e9re megszerzett Arthur ker\u00fclt be a csapatba. Ok\u00e9, neh\u00e9z t\u0151le elvenni a labd\u00e1t, de sajnos megkapni sem k\u00f6nnyebb, Arthur egyel\u0151re ink\u00e1bb k\u00f6rk\u00f6r\u00f6s mozg\u00e1sban \u00e9s labdavezet\u00e9sben jeleskedik. Erre megaj\u00e1nlunk neki egy torna\u00f6t\u00f6st, Pjanic viszont minden \u00edz\u00e9ben futballista, aki 2017-ben cs\u00facsform\u00e1ban j\u00e1tszott. Sz\u00f3val Arthur helyett megint Bentancurt kaptuk. K\u00f6sz\u2026 F\u00e1jdalom, de az uruguayi egyike azoknak, akik bel\u00f6kt\u00e9k a szakad\u00e9kba a Juventust. A Porto elleni BL-meccsen elk\u00f6vetett hib\u00e1ja sokkolta a csapatot. Megsz\u0171nt a var\u00e1zs, a Juve is lehet l\u00fazerklub, Bentancur Juventus-szurkol\u00f3k milli\u00f3i sz\u00e1m\u00e1ra hozta el ezt az \u00e9rz\u00e9st.<strong> 5,5-1,5.<\/strong>\r\n<h2>Khedira vs. Rabiot<\/h2>\r\nKezdj\u00fck azzal, hogy Khedira (#dogunalom) \u00e9s Rabiot (#orokigeret) = eg\u00e1l. K\u00e9t hasonl\u00f3s\u00e1got tal\u00e1lunk k\u00f6z\u00f6tt\u00fck. Az egyik, hogy mindkett\u0151 sz\u00edntelen-szagtalan, mint a leveg\u0151. K\u00e1b\u00e9 annyira s\u00falytalanok is. A m\u00e1sik a hajp\u00e1nt. Ut\u00f3bbit \u00fajabban Rabiot \u00e1lland\u00f3an keresg\u00e9li, elhagyja, elhagyja mag\u00e1t, nem \u00e1ll \u00f6ssze a k\u00e9p, Rabiot is lehetne valami, t\u00e9nyleg-t\u00e9nyleg lehetne valami, a Juventus is lehetne valami, de egyel\u0151re nem lesz. <strong>6-2.<\/strong>\r\n<h2>Mandzukic vs. Chiesa<\/h2>\r\n2017-ben ekszt\u00e1zisba ker\u00fclt\u00fcnk Mandzukic oll\u00f3z\u00f3s g\u00f3lj\u00e1t\u00f3l, ami egy balbunk\u00f3t\u00f3l (ne feledj\u00fck, Allegri m\u00e1r-m\u00e1r v\u00e9d\u0151t faragott bel\u0151le) k\u00fcl\u00f6n\u00f6sen sz\u00e9p teljes\u00edtm\u00e9ny, de r\u00e9gi kedvenc\u00fcnkkel, Chies\u00e1val szemben kev\u00e9s. A vele kapcsolatos bizalmatlans\u00e1g \u00e9rthetetlennek t\u0171nik: Chiesa egy \u00f6tezres fordulatsz\u00e1mon p\u00f6rg\u0151 Mustang, angol p\u00e1ly\u00e1kra val\u00f3. (Megjegyzem, ha rajtam m\u00falna, a csat\u00e1rsor az \u0151szt\u0151l \u00edgy n\u00e9zne ki: Zaniolo, Kean, Chiesa. A szt\u00e1rpar\u00e1d\u00e9 mehet a Premier League-be, \u0151k meg egy\u00fctt sz\u00e9pen feln\u0151nek, klubrekordok d\u0151lnek, h\u00e1rom BL-c\u00edm, \u00f6t scudett\u00f3, Pirlo pedig m\u00e1sodedz\u0151k\u00e9nt mindent megtanul Guardiol\u00e1t\u00f3l.) <strong>6-3.<\/strong>\r\n<h2>Dybala vs. Ronaldo<\/h2>\r\nHuhhhh. Itt most hossz\u00fa lenne megindokolni, mi\u00e9rt tartozom a Ronaldof\u00f3bok k\u00f6z\u00e9, de egyre ink\u00e1bb \u00fagy gondolom, hogy Ronaldo rossz hat\u00e1ssal volt a Juventusra. A Juve sz\u00e1momra mindig olyan volt, mint valami gyilkos g\u00e9pezet, amelynek ereje a t\u00f6k\u00e9letes csapategys\u00e9gben rejlik. A Juventusban Jugovicsok szolg\u00e1lt\u00e1k ki a Ravanelliket, a Del Pier\u00f3k sz\u00edve pedig zebrav\u00e9rt pump\u00e1lt szertesz\u00e9t. Na most ez nincs. Szarr\u00e1moderniz\u00e1lta, t\u00falmarketingelte mag\u00e1t a klub, \u00e9s b\u00e1r ezt jobban csin\u00e1lj\u00e1k, mint a Fidelitas, valami sz\u00e9tesett, minden eg\u00e9sz elt\u00f6r\u00f6tt. Ronaldo (akihez, ments\u00e9gemre sz\u00f3ljon, zengtem m\u00e1r p\u00e1r \u00f3d\u00e1t) ennek a szimb\u00f3luma. Bocs, de nem tetszik a l\u00e1tv\u00e1nyos s\u00e9rt\u0151d\u00e9s, az \u00f6nz\u0151z\u00e9s, a lesens\u00e9t\u00e1lgat\u00e1s, a t\u00e1rsak zsarnoki sz\u00e1monk\u00e9r\u00e9se. Nem tetszik a Ferrari-szalon, <strong>7-3.<\/strong>\r\n\r\n<img class=\"aligncenter size-full wp-image-450\" src=\"https:\/\/sport24.24.hu\/app\/uploads\/sites\/24\/2021\/05\/juve2.png\" alt=\"\" width=\"2020\" height=\"667\" \/>\r\n<h2>Higua\u00edn vs. Morata<\/h2>\r\nEml\u00e9kszem, amikor Higua\u00edn egyszer kihagyott egy tizenegyest, aminek az lett a k\u00f6vetkezm\u00e9nye, hogy nem a Napoli \u00e9rte el a BL-indul\u00e1st jelent\u0151 helyet, hanem a Lazio. Ez p\u00e1r \u00e9ve t\u00f6rt\u00e9nt. \u00c9s eml\u00e9kszem, amikor Morata M\u00fcnchenben 2-0-s Juve-vezet\u00e9sn\u00e9l kihagyott egy ajt\u00f3-ablak ziccert, pedig, ha bel\u00f6vi, akkor kalap-kab\u00e1t. De nem l\u0151tte be, \u00e9s \u00e9n m\u00e1r abban a pillanatban tudtam, hogy mindennek v\u00e9ge. V\u00e9ge is lett, a Bayern hosszabb\u00edt\u00e1sban ford\u00edtott (4-2, ravatal). Azt hiszem, mindez 2016 tavasz\u00e1n zajlott. Sz\u00f3val Higua\u00edn \u00e9s Morata k\u00f6z\u00fcl \u00e9n ink\u00e1bb Alen Bok\u0161i\u0107ot v\u00e1lasztom. Neki legal\u00e1bb volt kisug\u00e1rz\u00e1sa, \u00e9s egy felejthetetlen id\u00e9ny alatt \u00f6sszesen h\u00e1rom g\u00f3lt l\u0151tt a Juventusban!! Pont nincs, marad a <strong>7-3.<\/strong>\r\n<h2>Allegri vs. Pirlo<\/h2>\r\nJ\u00f3 vicc. Ami\u00f3ta Pirlo visszavonult, nem tudok \u00fagy focimeccset n\u00e9zni, mint azel\u0151tt. Minden meccsen Pirlo hi\u00e1nyzik. De h\u00e1t ez most nem futballoz\u00e1s, hanem edz\u0151sk\u00f6d\u00e9s, \u00e9s neh\u00e9z lenne elhinni, hogy az edz\u0151 nem felel\u0151s az\u00e9rt, ha minden alkalommal van a csapat\u00e1ban k\u00e9t-h\u00e1rom olyan j\u00e1t\u00e9kos, akir\u0151l m\u00e1r az 5. percben l\u00e1tszik, hogy semmi k\u00f6ze a meccshez. Allegri edz\u0151i filoz\u00f3fi\u00e1ja sosem ny\u0171g\u00f6z\u00f6tt le, de k\u00e9pes volt k\u00e9tszer BL-d\u00f6nt\u0151be vezetni a Juventust azokban az \u00e9vekben, amikor ez nem j\u00f6tt \u00f6ssze m\u00e9g az angol csapatoknak sem. De Allegri edz\u0151, Pirlo pedig m\u00e9g messze nem az: <strong>8-3.<\/strong>\r\n\r\n<span class=\"highlight-block-small\">2017: Buffon \u2013 Barzagli, Bonucci, Chiellini, Alex Sandro \u2013 Dani Alves, Pjanic, Khedira, Mandzukic \u2013 Dybala, Higua\u00edn (edz\u0151: Allegri)\r\n2021: Szczesny \u2013 Danilo, Bonucci, De Ligt, Alex Sandro \u2013 Cuadrado, Bentancur, Rabiot, Chiesa \u2013 Ronaldo, Morata (edz\u0151: Pirlo)<\/span>\r\n\r\n[prefabricated_shortcode in_app=\"0\" code=\"%3Cdiv%20class%3D%22article_box_border%22%20style%3D%22background%3A%20url%28%27https%3A%2F%2F24.p3k.hu%2Fapp%2Fuploads%2Fsites%2F24%2F2021%2F05%2Fsport24-pattern.png%27%29%20no-repeat%20left%20-16px%20%23f3f3f4%3B%20border%3A%20none%3B%22%3E%0D%0A%3Cdiv%20class%3D%22article_solidheader%22%3E%0D%0A%3Ch2%20style%3D%22color%3A%20%23111115%21important%3B%20font-size%3A%2036px%3B%20font-weight%3A%20bold%3B%20margin-bottom%3A%2030px%3B%20margin-top%3A%2020px%3B%20text-align%3A%20center%3B%20line-height%3A%2036px%3B%22%3E%3Cimg%20class%3D%22aligncenter%20size-full%20wp-image-141%22%20src%3D%22https%3A%2F%2F24.p3k.hu%2Fapp%2Fuploads%2Fsites%2F24%2F2021%2F05%2Fs24-logo-dt.png%22%20alt%3D%22%22%20width%3D%22408%22%20height%3D%2290%22%20%2F%3E%3C%2Fh2%3E%0D%0A%3Ch2%20style%3D%22color%3A%20%23111115%21important%3B%20font-size%3A%2036px%3B%20font-weight%3A%20bold%3B%20margin-bottom%3A%2030px%3B%20margin-top%3A%2020px%3B%20text-align%3A%20center%3B%20line-height%3A%2040px%3B%22%3ECsatlakozz%20a%20Sport24%20k%C3%B6z%C3%B6ss%C3%A9ghez%2C%20mondd%20el%20v%C3%A9lem%C3%A9nyedet%20z%C3%A1rt%20Facebook%20csoportunkban%2C%20%C3%A9s%20vegy%C3%A9l%20r%C3%A9szt%20csak%20el%C5%91fizet%C5%91knek%20el%C3%A9rhet%C5%91%20exkluz%C3%ADv%20esem%C3%A9nyeinken.%3C%2Fh2%3E%0D%0A%3C%2Fdiv%3E%0D%0A%3Cp%20style%3D%22background%3A%20%2357A600%3B%20margin-top%3A%2020px%3B%20padding%3A%2020px%3B%20text-align%3A%20center%3B%22%3E%3Ca%20style%3D%22color%3A%20%23ffffff%3B%20font-size%3A%2026px%3B%20font-weight%3A%20600%3B%22%20href%3D%22https%3A%2F%2Fwww.facebook.com%2Fgroups%2F212344460412327%22%3ECSATLAKOZOM%3C%2Fa%3E%3C%2Fp%3E%0D%0A%0D%0A%3C%2Fdiv%3E\"]","type":"rich","thumbnail_url":"https:\/\/s.24.hu\/app\/uploads\/sites\/24\/2021\/05\/000_mk1w2-150x150.jpg","thumbnail_width":150,"thumbnail_height":150}