{"version":"1.0","provider_name":"Sport24","provider_url":"https:\/\/sport24.24.hu","author_name":"Pet\u0151 P\u00e9ter","author_url":"https:\/\/sport24.24.hu\/author\/petop\/","title":"Ahol a futball esze \u00e9s sz\u00edve tal\u00e1lkozik: rajtol a Sport24\u00a0","html":"<blockquote>Bravo, Giorgio, bravo, Giorgio!<\/blockquote>\r\n\u2013 ezt ki\u00e1ltozta \u00f6nfeledten mellettem n\u00e9h\u00e1ny t\u00f6k\u00e9letesen szabott \u00f6lt\u00f6nyben ugr\u00e1ndoz\u00f3, tapsikol\u00f3 it\u00e1liai futballszakember Bordeaux-ban, 2016 nyar\u00e1n. A p\u00e1ly\u00e1n akkor \u00e9ppen az t\u00f6rt\u00e9nt, hogy a legend\u00e1s olasz h\u00e1ts\u00f3 alakzat (<strong>Buffon<\/strong>, <strong>Barzagli<\/strong>, <strong>Bonucci<\/strong>, <strong>Chiellini<\/strong>) k\u00e9t tagja valamelyik n\u00e9met j\u00e1t\u00e9kost kiszor\u00edtotta az oldalvonal mell\u00e9 az Eb-negyedd\u00f6nt\u0151ben, \u00edgy a t\u00e1mad\u00f3nak visszafel\u00e9 kellett passzolnia. Ez a jelenet okozott euf\u00f3ri\u00e1t az olasz labdar\u00fag\u00f3-sz\u00f6vets\u00e9g illet\u00e9keseinek k\u00f6r\u00e9ben.\r\n<blockquote>T\u00e9nyleg nincs kint szotyis?<\/blockquote>\r\n\u2013 k\u00e9rdezte idegesen egyik\u00fcnk, mik\u00f6zben a D\u00f3zsa Gy\u00f6rgy \u00faton rem\u00e9nytelen\u00fcl kutattunk napraforg\u00f3- \u00e9s t\u00f6kmag\u00e9rt\u00e9kes\u00edt\u0151 ut\u00e1n az \u00dajpest\u2013Videoton Magyar Kupa-d\u00f6nt\u0151 el\u0151tt.\r\n\r\nM\u00e1rmost, alighanem f\u00f6l\u00f6tt\u00e9bb hossz\u00fa s\u00e9t\u00e1kat kellene abszolv\u00e1lnunk a Copacaban\u00e1n, hogy olyan \u00f6nfeledten mulatoz\u00f3 drukkereket tal\u00e1ljunk, akiknek karnev\u00e1li hangulat\u00e1t egy par\u00e1d\u00e9s ter\u00fcletsz\u0171k\u00edt\u00e9s okozza. M\u00e1rmost, alighanem viszonylag r\u00f6vid s\u00e9t\u00e1kat kellene abszolv\u00e1lnunk Budapesten, hogy valaki megk\u00e9rdezze, mi\u00e9rt tartjuk elengedhetetlen\u00fcl fontosnak 2021-ben, hogy h\u00e9jjakat k\u00f6pk\u00f6dj\u00fcnk, egy\u00e1ltal\u00e1n, meccsre menj\u00fcnk.\r\n\r\nKett\u0151 jelenetet eml\u00edtettem, de \u00edrhatn\u00e9k milli\u00f3t az \u00e9let\u00fcnkb\u0151l, \u00e9s mindnek a m\u00e9ly\u00e9n kult\u00far\u00e1r\u00f3l, hagyom\u00e1nyr\u00f3l, tud\u00e1sr\u00f3l, \u00e9rzelemr\u0151l, szenved\u00e9lyr\u0151l, igazs\u00e1gr\u00f3l, azaz az isteni j\u00e1t\u00e9kr\u00f3l, a futballr\u00f3l besz\u00e9ln\u00e9nk. Ezek az eml\u00edtett mindenek tett\u00e9k a labdar\u00fag\u00e1st a f\u00f6ldkereks\u00e9g legfontosabb j\u00e1t\u00e9k\u00e1v\u00e1, majd a glob\u00e1lis sz\u00f3rakoztat\u00f3ipar cs\u00facsterm\u00e9k\u00e9v\u00e9.\r\n\r\nAhogy elgondolhatatlan fesz\u00fclts\u00e9g tombol a j\u00e1t\u00e9k \u00e9s a glob\u00e1lis sz\u00f3rakoztat\u00f3ipar k\u00f6z\u00f6tt, \u00fagy fesz\u00edti bel\u00fclr\u0151l sok\u00a0hasonl\u00f3 h\u00e1bor\u00fa a futballt: szenved\u00e9ly \u00e9s racionalit\u00e1s, technol\u00f3gia \u00e9s hagyom\u00e1ny, igazs\u00e1g \u00e9s igazs\u00e1gtalans\u00e1g, demokratikus karakter, hozz\u00e1f\u00e9rhet\u0151s\u00e9g \u00e9s kasztrendszer, kult\u00fara \u00e9s kapitalizmus. Ezek a s\u00falyos k\u00fczdelmek \u00fagy zajlanak, hogy k\u00f6zben a p\u00e1ly\u00e1n korszakos vezet\u0151k (\u00e9rtsd: edz\u0151k), milli\u00e1rdosok \u00e9s h\u0151s\u00f6k (\u00e9rtsd: j\u00e1t\u00e9kosok) vet\u00e9lkednek, a lel\u00e1t\u00f3kon sok t\u00edzezernyi, a n\u00e9z\u0151t\u00e9ren milli\u00e1rdnyi szurkol\u00f3 (\u00e9rtsd: fogyaszt\u00f3) \u0151r\u00fcl meg vel\u00fck \u00e9s \u00e9rt\u00fck.\r\n\r\n<span class=\"highlight-block-small\">Mi err\u0151l a futballmindenr\u0151l \u00e9s -m\u00e9lys\u00e9gr\u0151l szeretn\u00e9nk a lehet\u0151 legt\u00f6bbet elmondani. Csapatokr\u00f3l, edz\u0151kr\u0151l, j\u00e1t\u00e9kosokr\u00f3l, filoz\u00f3fi\u00e1kr\u00f3l, identit\u00e1sokr\u00f3l, taktik\u00e1kr\u00f3l, t\u00f6rt\u00e9nelmekr\u0151l, tud\u00e1sokr\u00f3l, \u00fczletekr\u0151l. Ez\u00e9rt d\u00f6nt\u00f6tt\u00fcnk \u00fagy, hogy k\u00eds\u00e9rletet tesz\u00fcnk arra, hogy elind\u00edtsunk egy olyan fizet\u0151s \u00fajs\u00e1got, amely garant\u00e1lja, hogy minden h\u00f3napban legal\u00e1bb 24 kiemelked\u0151 sz\u00ednvonal\u00fa tartalmat k\u00edn\u00e1l az olvas\u00f3knak.<\/span>\r\n\r\nEz\u00e9rt d\u00f6nt\u00f6tt\u00fcnk \u00fagy, hogy min\u00e9l t\u00f6bb ismert, neves szerz\u0151t igyeksz\u00fcnk megnyerni az \u00fcgynek. Mindennek nyom\u00e1n a v\u00e1logatott \u00edr\u00e1sok szerz\u0151i k\u00f6z\u00f6tt m\u00e1r most biztosan ott lesz <strong>Darvasi L\u00e1szl\u00f3<\/strong>, <strong>D\u00e9nes Ferenc<\/strong>, <strong>Egressy Zolt\u00e1n<\/strong>, <strong>Hegyi Iv\u00e1n<\/strong>, <strong>K\u00e1lnoki Kis Attila<\/strong>, <strong>Kele J\u00e1nos<\/strong>, <strong>Kiss Tibor No\u00e9<\/strong>, <strong>Marosi Gergely<\/strong>, <strong>M\u00e1rtha Bence<\/strong>, <strong>Nagy J\u00f3zsef<\/strong>, <strong>Szab\u00f3 Christophe<\/strong>, <strong>Szab\u00f3 P\u00e9ter<\/strong>, vide\u00f3s portr\u00e9t pedig <strong>Kadarkai Endre<\/strong> k\u00e9sz\u00edt majd a magyar futballvil\u00e1g emblematikus alakjair\u00f3l.\r\n<div class=\"article_box_border\" style=\"background: url('https:\/\/24.p3k.hu\/app\/uploads\/sites\/24\/2021\/05\/sport24-pattern.png') no-repeat left -16px #f3f3f4;border: none\">\r\n<div class=\"article_solidheader\">\r\n<h2 style=\"color: #111115!important;font-size: 36px;font-weight: bold;margin-bottom: 30px;margin-top: 20px;text-align: center;line-height: 36px\">Ahol a futball esze \u00e9s sz\u00edve tal\u00e1lkozik!<\/h2>\r\n<h2 style=\"color: #111115!important;font-size: 36px;font-weight: bold;margin-bottom: 30px;margin-top: 20px;text-align: center;line-height: 36px\"><img class=\"aligncenter size-full wp-image-141\" src=\"https:\/\/24.p3k.hu\/app\/uploads\/sites\/24\/2021\/05\/s24-logo-dt.png\" alt=\"\" width=\"408\" height=\"90\" \/><\/h2>\r\n<h2 style=\"color: #111115!important;font-size: 36px;font-weight: bold;margin-bottom: 30px;margin-top: 20px;text-align: center;line-height: 36px\">V\u00e1logatott \u00edr\u00e1sok a legjobbakt\u00f3l.<\/h2>\r\n<\/div>\r\n<p style=\"color: #111115;font-size: 20px;margin-bottom: 20px;text-align: center\"><strong>\r\nMinden h\u00f3napban legal\u00e1bb 24 kiemelked\u0151 sz\u00ednvonal\u00fa tartalom havi 990 forint\u00e9rt.\r\nAz els\u0151 h\u00f3napban 490 forint\u00e9rt kipr\u00f3b\u00e1lhat\u00f3!\r\n<\/strong><\/p>\r\n<p style=\"background: #57A600;margin-top: 20px;padding: 20px;text-align: center\"><a style=\"color: #ffffff;font-size: 26px;font-weight: 600\" href=\"https:\/\/sport24.24.hu\/\">MEGN\u00c9ZEM A SPORT24-ET!<\/a><\/p>\r\n<p style=\"color: #111115;font-size: 20px;margin-bottom: 20px;text-align: center\"><strong>\r\nCsatlakozzon a Sport24 k\u00f6z\u00f6ss\u00e9ghez, mondja el v\u00e9lem\u00e9ny\u00e9t z\u00e1rt Facebook csoportunkban, vegyen r\u00e9szt csak el\u0151fizet\u0151knek el\u00e9rhet\u0151 exkluz\u00edv esem\u00e9nyeinken.\r\n<\/strong><\/p>\r\n<p style=\"background: #57A600;margin-top: 20px;padding: 20px;text-align: center\"><a style=\"color: #ffffff;font-size: 26px;font-weight: 600\" href=\"https:\/\/mc.hu\/sport24\/\">EL\u0150FIZETEK!<\/a><\/p>\r\n\r\n<\/div>\r\nOlyan \u00faton indulunk el, amelyr\u0151l keveset tudunk, minthogy ez az els\u0151 pr\u00f3b\u00e1lkoz\u00e1sunk, hogy \u00faj min\u0151s\u00e9g\u0171 digit\u00e1lis term\u00e9ket hozzunk a magyar futballsajt\u00f3ba. Ahogyan szerz\u0151g\u00e1rd\u00e1nk \u00f6sszet\u00e9tele \u00edg\u00e9ri, a legk\u00fcl\u00f6nf\u00e9l\u00e9bb m\u0171fajokban, t\u00e9m\u00e1kban jelennek majd meg sz\u00f6vegek: lesznek elemz\u00e9sek, interj\u00fak, kispr\u00f3z\u00e1k, riportok, lesznek hazai \u00e9s nemzetk\u00f6zi t\u00e9m\u00e1k, adat- \u00e9s v\u00e9lem\u00e9nyalap\u00fa cikkek egyar\u00e1nt.\r\n\r\nAzt k\u00e9rj\u00fck, tartsanak min\u00e9l t\u00f6bben vel\u00fcnk, hogy egy\u00fctt alak\u00edthassuk, \u00e9p\u00edthess\u00fck\u00a0majd az \u00faj magyar futball\u00fajs\u00e1got, amely legink\u00e1bb az \u00edr\u00e1sok n\u00edv\u00f3j\u00e1val \u00e9s egyedis\u00e9g\u00e9vel akar kit\u0171nni. Fizessenek el\u0151, olvassanak, k\u00f6vessenek minket, vitatkozzanak vel\u00fcnk, adjanak \u00f6tleteket. V\u00e1rjuk ebbe a k\u00f6z\u00f6ss\u00e9gbe mindazokat, akiknek a futball csak egy j\u00e1t\u00e9k, s mindazokat, akiknek a futball t\u00f6bb mint egy j\u00e1t\u00e9k. Mindazokat, akik szurkoltak, haragudtak m\u00e1r, mindazokat, akik csaptak m\u00e1r a leveg\u0151be, ha h\u00e1l\u00f3t \u00e9rt a labda, mindazokat, akik rabjai ennek a szenved\u00e9lynek, ennek a j\u00e1t\u00e9knak, ennek az ipar\u00e1gnak.\r\n\r\n<span class=\"highlight-block\">V\u00e1rjuk \u0151ket ott, ahol a futball esze \u00e9s sz\u00edve tal\u00e1lkozik: a Sport24-en.<\/span>","type":"rich","thumbnail_url":"https:\/\/s.24.hu\/app\/uploads\/sites\/24\/2021\/05\/sport_24_16-9-150x150.jpg","thumbnail_width":150,"thumbnail_height":150}