{"version":"1.0","provider_name":"Sport24","provider_url":"https:\/\/sport24.24.hu","author_name":"Bruckner G\u00e1bor","author_url":"https:\/\/sport24.24.hu\/author\/brucknerg\/","title":"Ronaldinho, a boldog T\u00f6r\u0151csik","html":"K\u00f6zmegegyez\u00e9s k\u00f6rvonalaz\u00f3dik a tekintetben, hogy <strong>Mbapp\u00e9<\/strong> \u00e9s <strong>Haaland<\/strong> a k\u00e9t \u00faj gy\u0151ztesember. Duzzadnak, kicsattannak, ha nem is annyira, mint az ifj\u00fa <strong>Maradona<\/strong>, aki f\u00e9l\u0151 volt, hogy sz\u00e9tfesz\u00fcl \u2013 de az\u00e9rt a diadalmas fiatals\u00e1g ellentmond\u00e1st nem t\u0171r\u00e9s\u00e9vel. Van egy\u00e9b \u00fat is, az \u00e9n alaph\u0151s\u00f6m <em>\u201ea kedves kis sz\u0151ke sr\u00e1c kilencessel a h\u00e1t\u00e1n\u201d<\/em> m\u00e1s t\u00edpus volt. A sebess\u00e9g \u2013 kezdetben \u2013 n\u00e1la is megvolt, a megfelel\u0151 izomzat (genetikai \u00e9s elsz\u00e1nts\u00e1gi okokb\u00f3l) csek\u00e9lyebb m\u00e9rt\u00e9kben. A k\u00e9t tit\u00e1nn\u00e1l nincs ilyen jelleg\u0171 gond, van benn\u00fck er\u0151, lend\u00fclet, \u00e9sz, \u00e9s van inspir\u00e1l\u00f3 k\u00f6zeg\u00fck is. <strong>Messit<\/strong> \u00e9s <strong>Ronald\u00f3t<\/strong> egyel\u0151re nem l\u00e1tom benn\u00fck, mindazon\u00e1ltal \u00e9rdekes, hogy \u00edgy egyszerre, p\u00e1rban j\u00f6ttek. Mbapp\u00e9t \u00e9rzem j\u00e1t\u00e9kosabb j\u00e1t\u00e9kosnak, \u0151t l\u00e1tn\u00e1m sz\u00edvesebben egy alternat\u00edv vil\u00e1gban lila-feh\u00e9rben. Tal\u00e1n Haaland is bef\u00e9rne. M\u00e9g ebbe a kupagy\u0151ztes \u00dajpestbe is.\r\n<div class=\"payable-content-section\"><\/div>\r\nA Megyeri \u00fati lel\u00e1t\u00f3n a nyolcvanas \u00e9vek els\u0151 fel\u00e9ben a szurkol\u00f3k el\u0151szeretettel min\u0151s\u00edtett\u00e9k k\u00e9pzetlennek az aktu\u00e1lis ellenf\u00e9l aktu\u00e1lis hib\u00e1z\u00f3it. Minden vend\u00e9gcsapat v\u00e9dekezett, megannyi <strong>Huesca<\/strong> pr\u00f3b\u00e1lta meg\u00faszni a kilencven perceket. \u00c9s minthogy a hatvanas-hetvenes \u00e9vekhez k\u00e9pest kisebb intenzit\u00e1ssal ugyan, de folyamatosan g\u00f6rd\u00fcltek a hazai t\u00e1mad\u00e1sok, gyakorta pattantak el a labd\u00e1k a megzavart v\u00e9d\u0151kt\u0151l. Hazai oldalon ilyesmi nem fordult el\u0151, ha <strong>T\u00f3th J\u00f3ska<\/strong> elhagyta a labd\u00e1t, az nem \u00fcgyetlens\u00e9gnek min\u0151s\u00fclt, hanem t\u00falzott lelkesed\u00e9snek.\r\n\r\n<span class=\"highlight-block\">Sorban bukkantak fel a penge figur\u00e1k. <\/span>\r\n\r\nA kis <strong>T\u00f6r\u0151csikek, Kiss Sanyik. D\u00e9k\u00e1ny, Horv\u00e1th, Bodn\u00e1r, Kerekes, Frepp\u00e1n<\/strong>, a tartal\u00e9kcsapatban rengeteg g\u00f3lt szerz\u0151 Handel b\u00e1rhol m\u00e1shol alapember lett volna. Meghatott, hogy egy ideig \u00dajpesten maradtak. Egyik\u00fck, aki Kisshez hasonl\u00f3an P\u00e9csr\u0151l \u00e9rkezett, \u00e9vtizedekkel k\u00e9s\u0151bb ellenfelem volt valami \u00f6regfi\u00fak meccsen, egy sz\u00f6gletn\u00e9l p\u00e1r sz\u00f3ban m\u00e9ltattam \u0151t, \u00f6r\u00fclt, hogy eml\u00e9kszem r\u00e1, majd arr\u00f3l inform\u00e1lt, hogy mik\u00f6zben \u00dajpesten j\u00e1tszott, a szob\u00e1ja fal\u00e1n <strong>Nyilasi<\/strong> posztere l\u00f3gott. V\u00e1laszoltam volna, hogy az eny\u00e9men is, csak n\u00e1lam nem z\u00f6ld-feh\u00e9r, hanem piros-feh\u00e9r-z\u00f6ld mezben, de j\u00f6tt be a labda, ell\u00e9pett mell\u0151lem, \u00e9s g\u00f3lt fejelt. Vagy l\u0151tt. Ahogy ma mondj\u00e1k: jegyzett. (Egy m\u00e1sik hasonl\u00f3 t\u00edpus\u00fa meccsen ugyancsak egy sz\u00f6gletn\u00e9l <strong>Steidlnek<\/strong> mes\u00e9ltem, mit m\u0171velt az els\u0151 NB I-es meccs\u00e9n, k\u00f6z\u00e9pkezd\u00e9s ut\u00e1n v\u00e9gigvitte a p\u00e1ly\u00e1n a labd\u00e1t a Videoton ellen, majdnem g\u00f3lt l\u0151tt, micsoda karrierstart lett volna \u2013 mintha nem eml\u00e9kezett volna, vagy csak halv\u00e1nyan, a labd\u00e1t mindenesetre \u0151 is elfejelte el\u0151lem.)\r\n\r\n[caption id=\"attachment_142\" align=\"aligncenter\" width=\"1024\"]<img class=\"wp-image-142 size-large\" src=\"https:\/\/sport24.24.hu\/app\/uploads\/sites\/24\/2021\/05\/gettyimages-650870336-1024x683.jpg\" alt=\"\" width=\"1024\" height=\"683\" \/> T\u00f6r\u0151csik Andr\u00e1s a hazai v\u00e9d\u0151k szor\u00edt\u00e1s\u00e1ban az 1978-as, argent\u00ednai vil\u00e1gbajnoks\u00e1gon[\/caption]\r\n\r\n<span class=\"highlight-block-small\">R\u00e9gen volt hazai \u00e9s k\u00fclf\u00f6ldi kedvenc\u00fck is az embereknek. Csapat is, j\u00e1t\u00e9kos is. T\u00f6r\u0151csik volt a magyarom, a nemzetk\u00f6zi T\u00f6r\u0151csikem pedig <strong>Ronaldinho<\/strong>.<\/span> Nem ugyanaz az id\u0151szak, az egyik 66 \u00e9ve sz\u00fcletett, a m\u00e1sik 1980-ban, akkort\u00e1jt, amikor <strong>Bodn\u00e1r Fazekas<\/strong> cser\u00e9jek\u00e9nt k\u00fcls\u0151vel r\u00fagta be a sz\u00f6gleteket. Fazekas meg hol jobbal, hol ballal, neki mindegy volt. T\u00f6r\u0151csikr\u0151l k\u00fcl\u00f6nf\u00e9le csatorn\u00e1kon megeml\u00e9keztem m\u00e1r n\u00e9h\u00e1nyszor, Ronaldinh\u00f3t pedig a V\u00edgsz\u00ednh\u00e1z sz\u00ednpad\u00e1ra csemp\u00e9sztem be 2006-ban.\r\n\r\nPontosan sz\u00e1z alkalommal hangzott el majdnem a teljes a neve, ennyiszer ment a P\u00e1n P\u00e9ter-\u00e1tiratom, amelyben a George Darling nev\u0171 szerepl\u0151 George de Assis Moreira Darlingk\u00e9nt besz\u00e9l mag\u00e1r\u00f3l. Biztos akadt a n\u00e9z\u0151t\u00e9ren, aki tudta, ki az a (Ronaldo) de Assis Moreira, b\u00e1r Ronaldinho eredeti neve valami\u00e9rt k\u00f6zel sem annyira k\u00f6zismert, mint Edson Arantes do Nascimento, aki, ugye, <strong>Pel\u00e9<\/strong>. Ronaldinho szint\u00e9n Ronaldo, viszont h\u00e1rom m\u00e1r nagyon sok lenne, kell az az \u201einho\u201d bec\u00e9z\u00e9s; ha engem valaha leigazolt volna egy brazil vagy egy portug\u00e1l csapat, j\u00f3 es\u00e9llyel Zolinho lett volna a h\u00e1tamra \u00edrva. Nem igazolt, m\u00e1shogy alakult.\r\n\r\nAz \u00e9vek sor\u00e1n, ahogy n\u00e9ztem a j\u00e1t\u00e9k\u00e1t, arra kellett r\u00e1j\u00f6nn\u00f6m, hogy Ronaldinho tulajdonk\u00e9ppen T\u00f6r\u0151csik sikeres verzi\u00f3ja. A boldog T\u00f6r\u0151csik.\r\n\r\n\u00c9s m\u00e9g mindig csak negyvenegy \u00e9ves, ami val\u00f3j\u00e1ban \u0151r\u00fclet, egyfel\u0151l d\u00f6bbenet, mennyivel fiatalabb n\u00e1lam, m\u00e1sr\u00e9szt ehhez k\u00e9pest milyen r\u00e9gen nincs m\u00e1r sz\u00ednen. Mindenki tudja, mi mindent csin\u00e1lt el\u0151sz\u00f6r:\r\n\r\n<span class=\"highlight-block\">m\u00e1s ir\u00e1nyba n\u00e9z\u00e9s passz k\u00f6zben, <\/span>\r\n\r\nsorfal alatt ell\u0151tt szabadr\u00fag\u00e1sg\u00f3l, vagy az a sz\u00e1z m\u00e9terr\u0151l r\u00fagott, cselek meg cselsorozatok, egy\u00e1ltal\u00e1n, ahogy az eg\u00e9szet \u00e9lvezte. Felid\u00e9z\u0151dhet a madridi szurkol\u00f3k neki sz\u00f3l\u00f3 tapsa a sz\u00f3l\u00f3ja ut\u00e1n, vagy Messi els\u0151 barcelon\u00e1s g\u00f3lja, ami ut\u00e1n h\u00e1t\u00e1ra veszi a kis ut\u00f3dot. Ahogy \u00f6r\u00fcl neki.\r\n\r\nId\u00e9zn\u00e9k a Lila cs\u00edk, feh\u00e9r cs\u00edk c\u00edm\u0171 m\u0171b\u0151l, amelyben a kort\u00e1rs szerz\u0151 k\u00e9tszer eml\u00edti a nev\u00e9t. El\u0151sz\u00f6r azt \u00edrja: <em>\u201eT\u00f6r\u0151csik sors\u00e1ban is kezdett\u0151l ott a balv\u00e9gzet, \u0151 a sikert k\u00e9ptelen kezelni, a hozz\u00e1 hasonl\u00f3 adotts\u00e1g\u00fa Ronaldinho hogy im\u00e1dja ezt a fajta terhel\u00e9st, a felhajt\u00e1st, v\u00e9gigvigyorogja a p\u00e1lyafut\u00e1s\u00e1t, igaz, \u0151 uf\u00f3; a t\u00fal\u00e9l\u00e9s az alkalmazkod\u00f3k\u00e9pess\u00e9gen m\u00falik, \u00fajra meg \u00fajra halad\u00e9kot kap az ember, \u00edrja F\u00fcst Mil\u00e1n (\u2026), \u00e9s nem ebb\u0151l \u00e1ll k\u00fcl\u00f6nben is az eg\u00e9sz, ez is k\u00e9rd\u00e9s, ez vezeti fel a halad\u00e9kos meg\u00e1llap\u00edt\u00e1st, igen, van halad\u00e9k, egy darabig.\u201d<\/em>\r\n\r\nM\u00e1sodszor szint\u00e9n T\u00f6r\u0151csikkel kapcsolatban j\u00f6n el\u0151, itt az \u00edr\u00f3 szer\u00e9nytelen\u00fcl mag\u00e1t is belesz\u00f6vi harmadik szerepl\u0151nek az eszmefuttat\u00e1s\u00e1ba: <em>\u201eAk\u00e1rhogy forgatom, t\u00f6bb a k\u00fcl\u00f6nbs\u00e9g az azonoss\u00e1gn\u00e1l, a legfontosabbak egyike, hogy kiskorom \u00f3ta lelkiismeretesnek gondolom magam, \u0151 viszont l\u00e1zad\u00f3, nem s\u00falyosan, de az, boh\u00e9m Beatles, <\/em>\r\n<blockquote><em>mindenki Beatles akar lenni, <\/em><em>csak nem tud vagy nem mer, <\/em><\/blockquote>\r\n<em>k\u00f6zben meg az is j\u00f3, amikor kider\u00fcl, milyen norm\u00e1lisak \u0151k, h\u00fcly\u00fclnek csak, mert feldolgozhatatlan a helyzet\u00fck, meg mert a zsenik mindig j\u00e1tszanak, Ronaldinho ritk\u00e1n vicsorog, \u00e9s van lelk\u00fck, hogyne lenne lelk\u00fck, az eg\u00e9sz csak \u00fagy \u00e9rdekes.\u201d<\/em>\r\n\r\nVan egy harmadik r\u00e9sz, tiszt\u00e1n a magyar alaph\u0151sr\u0151l, m\u00e9gis idecit\u00e1ln\u00e1m: <em>\u201eValami hasonl\u00f3t akarok belel\u00e1tni a kedvencembe \u00e9n is, olyasmit, hogy nagyon is lelkiismeretes, csak megtesz mindent, hogy ez ki ne der\u00fclj\u00f6n, val\u00f3j\u00e1ban azonban t\u00e9kozl\u00f3 fi\u00fa, azokat mindig jobban szeretik a sim\u00e1n j\u00f3kn\u00e1l, <\/em>\r\n<blockquote class=\"small-quote\"><em>amolyan m\u00e9gis-sr\u00e1c, musz\u00e1j-Herkules, herkuless\u00e9g n\u00e9lk\u00fcl, <\/em><\/blockquote>\r\n<em>amikor n\u00e9ha becs\u00faszik egy-egy meccsen, elal\u00e9lok a gy\u00f6ny\u00f6r\u0171s\u00e9gt\u0151l, h\u00e1t hajt \u0151 is, akarja, l\u00e1thatja mindenki, \u00f6r\u00fcl \u0151 is a g\u00f3ljainknak, viszont hagyj\u00e1k ezzel b\u00e9k\u00e9n, \u00e9rzelmet ne l\u00e1ssanak rajta, sz\u00e9gyelli, ne hat\u00f3dgassanak meg folyton azon, amit csin\u00e1l, \u00e9rtem ezt, ismerem az \u00e9rz\u00e9st, \u00f6nk\u00e9ntelen v\u00e9dekez\u00e9s, olyasmi, mint hogy a mellemre ne fek\u00fcdj\u00f6n senki, legal\u00e1bbis a sz\u00edv oldal\u00e1ra.\u201d<\/em>\r\n\r\nT\u00f6r\u0151csik, a szomor\u00fa Ronaldinho.\r\n<div class=\"article_box_border\" style=\"background: url('https:\/\/24.p3k.hu\/app\/uploads\/sites\/24\/2021\/05\/sport24-pattern.png') no-repeat left -16px #f3f3f4; border: none;\">\r\n<div class=\"article_solidheader\">\r\n<h2 style=\"color: #111115!important; font-size: 36px; font-weight: bold; margin-bottom: 30px; margin-top: 20px; text-align: center; line-height: 36px;\"><img class=\"aligncenter size-full wp-image-141\" src=\"https:\/\/24.p3k.hu\/app\/uploads\/sites\/24\/2021\/05\/s24-logo-dt.png\" alt=\"\" width=\"408\" height=\"90\" \/><\/h2>\r\n<h2 style=\"color: #111115!important; font-size: 36px; font-weight: bold; margin-bottom: 30px; margin-top: 20px; text-align: center; line-height: 40px;\">Csatlakozz a Sport24 k\u00f6z\u00f6ss\u00e9ghez, mondd el v\u00e9lem\u00e9nyedet z\u00e1rt Facebook csoportunkban, \u00e9s vegy\u00e9l r\u00e9szt csak el\u0151fizet\u0151knek el\u00e9rhet\u0151 exkluz\u00edv esem\u00e9nyeinken.<\/h2>\r\n<\/div>\r\n<p style=\"background: #57A600; margin-top: 20px; padding: 20px; text-align: center;\"><a style=\"color: #ffffff; font-size: 26px; font-weight: 600;\" href=\"https:\/\/www.facebook.com\/groups\/212344460412327\">CSATLAKOZOM<\/a><\/p>\r\n\r\n<\/div>","type":"rich","thumbnail_url":"https:\/\/s.24.hu\/app\/uploads\/sites\/24\/2021\/05\/gettyimages-103373455-150x150.jpg","thumbnail_width":150,"thumbnail_height":150}